{"id":897,"date":"2017-11-21T20:45:30","date_gmt":"2017-11-21T20:45:30","guid":{"rendered":"http:\/\/wpress2.saludsinaloa.gob.mx\/wordpress\/?page_id=897"},"modified":"2026-01-30T21:21:07","modified_gmt":"2026-01-30T21:21:07","slug":"ensenanza-medica","status":"publish","type":"page","link":"https:\/\/saludsinaloa.gob.mx\/index.php\/ensenanza-medica\/","title":{"rendered":"Ense\u00f1anza M\u00e9dica"},"content":{"rendered":"<h5>SUBDIRECCI\u00d3N DE ENSE\u00d1ANZA<\/h5>\n<p><strong>MISI\u00d3N<\/strong><br \/>\nNuestra misi\u00f3n es: dirigir, coordinar, asesorar y supervisar los procesos de formaci\u00f3n, educaci\u00f3n continua y desarrollo profesional de los recursos humanos para la salud, favoreciendo el mejor desempe\u00f1o de las funciones del personal t\u00e9cnico y profesional responsable de la atenci\u00f3n y cuidado de la salud, a fin de contribuir a mejorar la calidad de vida de la poblaci\u00f3n de Sinaloa.<\/p>\n<p><strong>VISI\u00d3N<\/strong><br \/>\nSer una de las mejores direcciones de ense\u00f1anza y desarrollo profesional en el pa\u00eds, que participa en los procesos de formaci\u00f3n, capacitaci\u00f3n y desarrollo de los recursos humanos para la salud, con est\u00e1ndares de excelencia y con calidad humana, t\u00e9cnica y profesional.<\/p>\n<p><strong>VALORES<\/strong><br \/>\nHonestidad<br \/>\nTrabajo en equipo<br \/>\nCalidad<br \/>\nRespeto<br \/>\nLealtad<br \/>\nEquidad<br \/>\nEficiencia<br \/>\nResponsabilidad<br \/>\nVocaci\u00f3n de servicio<br \/>\n<strong>CONTACTO<\/strong><\/p>\n<p><strong>DOMICILIO: <\/strong>Blvd. Alfonso Zaragoza Maytorena No. 2204, Fracc. Bonanza, C.P. 80020. Culiac\u00e1n, Sinaloa.<br \/>\n<strong>TEL\u00c9FONO: <\/strong>6677 58-70-00 Ext. 40428<br \/>\n<strong>EMAIL:<\/strong><br \/>\nensenanzasinaloassa@gmail.com<\/p>\n<h5>DIRECTORIO<\/h5>\n<p><strong>SUBDIRECTOR DE ENSE\u00d1ANZA<\/strong><br \/>\nDra. Rosa Amelia Avenda\u00f1o Castro<br \/>\n<span id=\"account-name_jesus.gaspar@saludsinaloa.gob.mx\" class=\"account-name collapse-text\">Correo:ensenanzaestatalsinaloa@saludsinaloa.gob.mx<\/span><\/p>\n<p style=\"text-align: justify;\"><strong>JEFE DEL DEPARTAMENTO DE ENSE\u00d1ANZA<\/strong><br \/>\nDr. Miguel Alejandro Fuentes Angulo.<br \/>\nCorreo: jefatura.saludsinaloa@saludsinaloa.gob.mx\u00a0 \u00a0 \u00a0 \u00a0 \u00a0 \u00a0 \u00a0 \u00a0 \u00a0 \u00a0 \u00a0 \u00a0 \u00a0 \u00a0 \u00a0 \u00a0 \u00a0 \u00a0 \u00a0 \u00a0 \u00a0 \u00a0 \u00a0 \u00a0 \u00a0 \u00a0 \u00a0 \u00a0 \u00a0 \u00a0 \u00a0 \u00a0 \u00a0 \u00a0 \u00a0 \u00a0 \u00a0 \u00a0 \u00a0 \u00a0 \u00a0 \u00a0 \u00a0 \u00a0 \u00a0 \u00a0 \u00a0 \u00a0 \u00a0 \u00a0 \u00a0 \u00a0 \u00a0 \u00a0 \u00a0 \u00a0 \u00a0 \u00a0 \u00a0 \u00a0 \u00a0 \u00a0 \u00a0 \u00a0 \u00a0 \u00a0 \u00a0 \u00a0 \u00a0 \u00a0 \u00a0 \u00a0 \u00a0 \u00a0 \u00a0 \u00a0 \u00a0 \u00a0 \u00a0 \u00a0 \u00a0 \u00a0 \u00a0 \u00a0 \u00a0 \u00a0 \u00a0 \u00a0 \u00a0 \u00a0 \u00a0 \u00a0 \u00a0 \u00a0 \u00a0 \u00a0 \u00a0 \u00a0 \u00a0 \u00a0 \u00a0 \u00a0 \u00a0 \u00a0 \u00a0 \u00a0 \u00a0 \u00a0 \u00a0 \u00a0 \u00a0 \u00a0 \u00a0 \u00a0 \u00a0 \u00a0 \u00a0 \u00a0 Tel\u00e9fono: 6677587000 ext 40460<\/p>\n<p><strong>JEFA DEL DEPTO. DE DESARROLLO PROFESIONAL\u00a0<\/strong><br \/>\nDra. Kryzia Yukie Jara B\u00e1ez<br \/>\nCorreo: desarrolloprofesionalcapacit@saludsinaloa.gob.mx\u00a0 \u00a0 \u00a0 \u00a0 \u00a0 \u00a0 \u00a0 \u00a0 \u00a0 \u00a0 \u00a0 \u00a0 \u00a0 \u00a0 \u00a0 \u00a0 \u00a0 \u00a0 \u00a0 \u00a0 \u00a0 \u00a0 \u00a0 \u00a0 \u00a0 \u00a0 \u00a0 \u00a0 \u00a0 \u00a0 \u00a0 \u00a0 \u00a0 \u00a0 \u00a0 \u00a0 \u00a0 \u00a0 \u00a0 \u00a0 \u00a0 \u00a0 \u00a0 \u00a0 \u00a0 \u00a0 \u00a0 \u00a0 \u00a0 \u00a0 \u00a0 \u00a0 \u00a0 \u00a0 \u00a0 \u00a0 \u00a0 \u00a0 \u00a0 \u00a0 \u00a0 \u00a0 \u00a0 \u00a0 \u00a0 \u00a0 \u00a0 \u00a0 \u00a0 \u00a0 \u00a0 \u00a0 \u00a0 \u00a0 \u00a0 \u00a0 \u00a0 \u00a0 \u00a0 \u00a0 \u00a0 \u00a0 \u00a0 \u00a0 \u00a0 \u00a0 \u00a0 \u00a0 \u00a0 \u00a0 \u00a0 \u00a0 \u00a0 \u00a0 \u00a0 \u00a0 \u00a0 \u00a0 \u00a0 \u00a0 \u00a0 \u00a0 \u00a0 \u00a0 \u00a0 \u00a0 \u00a0 \u00a0 \u00a0 \u00a0 \u00a0 \u00a0 Tel\u00e9fono: 6677587000 ext 40429<\/p>\n<p><strong>COORDINACION DEL DPTO. DE INVESTIGACION<\/strong><br \/>\nDra. Ruth Acu\u00f1a Maldonado.<br \/>\nCorreo: sinaloainvestigacion@gmail.com\u00a0 \u00a0 \u00a0 \u00a0 \u00a0 \u00a0 \u00a0 \u00a0 \u00a0 \u00a0 \u00a0 \u00a0 \u00a0 \u00a0 \u00a0 \u00a0 \u00a0 \u00a0 \u00a0 \u00a0 \u00a0 \u00a0 \u00a0 \u00a0 \u00a0 \u00a0 \u00a0 \u00a0 \u00a0 \u00a0 \u00a0 \u00a0 \u00a0 \u00a0 \u00a0 \u00a0 \u00a0 \u00a0 \u00a0 \u00a0 \u00a0 \u00a0 \u00a0 \u00a0 \u00a0 \u00a0 \u00a0 \u00a0 \u00a0 \u00a0 \u00a0 \u00a0 \u00a0 \u00a0 \u00a0 \u00a0 \u00a0 \u00a0 \u00a0 \u00a0 \u00a0 \u00a0 \u00a0 \u00a0 \u00a0 \u00a0 \u00a0 \u00a0 \u00a0 \u00a0 \u00a0 \u00a0 \u00a0 \u00a0 \u00a0 \u00a0 \u00a0 \u00a0 \u00a0 \u00a0 \u00a0 \u00a0 \u00a0 \u00a0 \u00a0 \u00a0 \u00a0 \u00a0 \u00a0 \u00a0 \u00a0 \u00a0 \u00a0 \u00a0 \u00a0 \u00a0 \u00a0 \u00a0 \u00a0 \u00a0 \u00a0 \u00a0 \u00a0 \u00a0 \u00a0 \u00a0 \u00a0 \u00a0 \u00a0 \u00a0 \u00a0 \u00a0 \u00a0 \u00a0 \u00a0 \u00a0 \u00a0 \u00a0 \u00a0 \u00a0 \u00a0 \u00a0 \u00a0 \u00a0 \u00a0 \u00a0 \u00a0 \u00a0 \u00a0Tel\u00e9fono: 6677587000 ext 40462<\/p>\n<p><strong>INTERNADO Y SERVICIO SOCIAL.<\/strong><br \/>\nDr. Jes\u00fas Ascanio Calder\u00f3n Perezcardenas.\u00a0 \u00a0 \u00a0 \u00a0 \u00a0 \u00a0 \u00a0 \u00a0 \u00a0 \u00a0 \u00a0 \u00a0 \u00a0 \u00a0 \u00a0 \u00a0 \u00a0 \u00a0 \u00a0 \u00a0 \u00a0 \u00a0 \u00a0 \u00a0 \u00a0 \u00a0 \u00a0 \u00a0 \u00a0 \u00a0 \u00a0 \u00a0 \u00a0 \u00a0 \u00a0 \u00a0 \u00a0 \u00a0 \u00a0 \u00a0 \u00a0 \u00a0 \u00a0 \u00a0 \u00a0 \u00a0 \u00a0 \u00a0 \u00a0 \u00a0 \u00a0 \u00a0 \u00a0 \u00a0 \u00a0 \u00a0 \u00a0 \u00a0 \u00a0 \u00a0 \u00a0 \u00a0 \u00a0 \u00a0 \u00a0 \u00a0 \u00a0 \u00a0 \u00a0 \u00a0 \u00a0 \u00a0 \u00a0 \u00a0 \u00a0 \u00a0 \u00a0 \u00a0 \u00a0 \u00a0 \u00a0 \u00a0 \u00a0 \u00a0 \u00a0 \u00a0 \u00a0 \u00a0 \u00a0 \u00a0 \u00a0 \u00a0 \u00a0 \u00a0 \u00a0 \u00a0 \u00a0 \u00a0 \u00a0 \u00a0 \u00a0 \u00a0 \u00a0 \u00a0 \u00a0 \u00a0 \u00a0 \u00a0 \u00a0 \u00a0 \u00a0 Correo:serviciosocial.medicina@saludsinaloa.gob.mx<\/p>\n<p>Dr. Sergio Jacobo Valenzuela.<br \/>\nCorreo: internado.sinaloa@saludsinaloa.gob.mx\u00a0 \u00a0 \u00a0 \u00a0 \u00a0 \u00a0 \u00a0 \u00a0 \u00a0 \u00a0 \u00a0 \u00a0 \u00a0 \u00a0 \u00a0 \u00a0 \u00a0 \u00a0 \u00a0 \u00a0 \u00a0 \u00a0 \u00a0 \u00a0 \u00a0 \u00a0 \u00a0 \u00a0 \u00a0 \u00a0 \u00a0 \u00a0 \u00a0 \u00a0 \u00a0 \u00a0 \u00a0 \u00a0 \u00a0 \u00a0 \u00a0 \u00a0 \u00a0 \u00a0 \u00a0 \u00a0 \u00a0 \u00a0 \u00a0 \u00a0 \u00a0 \u00a0 \u00a0 \u00a0 \u00a0 \u00a0 \u00a0 \u00a0 \u00a0 \u00a0 \u00a0 \u00a0 \u00a0 \u00a0 \u00a0 \u00a0 \u00a0 \u00a0 \u00a0 \u00a0 \u00a0 \u00a0 \u00a0 \u00a0 \u00a0 \u00a0 \u00a0 \u00a0 \u00a0 \u00a0 \u00a0 \u00a0 \u00a0 \u00a0 \u00a0 \u00a0 \u00a0 \u00a0 \u00a0 \u00a0 \u00a0 \u00a0 \u00a0 \u00a0 \u00a0 \u00a0 \u00a0 \u00a0 \u00a0 \u00a0 \u00a0 \u00a0 \u00a0 \u00a0 \u00a0 \u00a0 \u00a0 \u00a0 \u00a0 \u00a0 \u00a0 \u00a0 \u00a0 \u00a0 \u00a0 \u00a0 \u00a0 \u00a0 \u00a0 \u00a0 Tel\u00e9fono: 6677587000 ext 40431<\/p>\n<p><strong>RESIDENCIAS MEDICAS.<\/strong><\/p>\n<p>Dr. Jos\u00e9 Abraham Higuera Rojo.<br \/>\nCorreo: residencias.sinaloa@saludsinaloa.gob.mx.\u00a0 \u00a0 \u00a0 \u00a0 \u00a0 \u00a0 \u00a0 \u00a0 \u00a0 \u00a0 \u00a0 \u00a0 \u00a0 \u00a0 \u00a0 \u00a0 \u00a0 \u00a0 \u00a0 \u00a0 \u00a0 \u00a0 \u00a0 \u00a0 \u00a0 \u00a0 \u00a0 \u00a0 \u00a0 \u00a0 \u00a0 \u00a0 \u00a0 \u00a0 \u00a0 \u00a0 \u00a0 \u00a0 \u00a0 \u00a0 \u00a0 \u00a0 \u00a0 \u00a0 \u00a0 \u00a0 \u00a0 \u00a0 \u00a0 \u00a0 \u00a0 \u00a0 \u00a0 \u00a0 \u00a0 \u00a0 \u00a0 \u00a0 \u00a0 \u00a0 \u00a0 \u00a0 \u00a0 \u00a0 \u00a0 \u00a0 \u00a0 \u00a0 \u00a0 \u00a0 \u00a0 \u00a0 \u00a0 \u00a0 \u00a0 \u00a0 \u00a0 \u00a0 \u00a0 \u00a0 \u00a0 \u00a0 \u00a0 \u00a0 \u00a0 \u00a0 \u00a0 \u00a0 \u00a0 \u00a0 \u00a0 \u00a0 \u00a0 \u00a0 \u00a0 \u00a0 \u00a0 \u00a0 \u00a0 \u00a0 \u00a0 \u00a0 \u00a0 \u00a0 \u00a0 \u00a0 \u00a0 \u00a0 \u00a0 \u00a0 \u00a0 \u00a0 \u00a0 \u00a0 \u00a0 \u00a0 \u00a0 \u00a0 \u00a0Telefono: 6677587000 ext 40430<\/p>\n<p><span style=\"color: #0000ff; font-size: 24pt;\">==========================================================<\/span><\/p>\n<h5>INSCRIPCI\u00d3N INTERNADO DE PREGRADO<\/h5>\n<p><strong>REQUSITOS<\/strong><br \/>\n<a href=\"http:\/\/saludsinaloa.gob.mx\/wp-content\/uploads\/2017\/ensenanza\/Hoja%20ID%20DE%20MEDICO%20INTERNO.pdf\" target=\"_blank\" rel=\"noopener noreferrer\">*LLENADO DE HOJA DE IDENTIFICACI\u00d3N DE INSCRIPCI\u00d3N:<\/a><br \/>\n*ACTA DE NACIMIENTO ORIGINAL Y COPIA.<br \/>\n*K\u00c1RDEX DE CALIFICACIONES ORIGINAL Y COPIA.<br \/>\n*CURP, DOS COPIAS.<br \/>\n*CREDENCIAL DE ELECTOR O PASAPORTE , DOS COPIAS.<br \/>\n*COMPROBANTE DE DOMICILIO, DOS COPIAS<br \/>\n*RFC, DOS COPIAS (NO IMPRIMIR DESDE INTERNET)<br \/>\n*5 FOTOGRAF\u00cdAS TAMA\u00d1O INFANTIL BLANCO Y NEGRO O DE COLOR.<\/p>\n<p>*IMSS, ISSTE O VINCULACI\u00d3N NO PRESENTAN DOCUMENTOS<br \/>\n*RFC ES NECESARIO CON HOMOCLAVE.<\/p>\n<p>\u00bfDONDE ME INSCRIBO?<br \/>\nBlvd. Alfonso Zaragoza Maytorena No. 2204,<br \/>\nFracc. Bonanza, C.P. 80020. Culiac\u00e1n, Sinaloa.<\/p>\n<p>&nbsp;<\/p>\n<h5>\u00bfCOMO ME LIBERO DE INTERNADO DE PREGRADO?<\/h5>\n<p><span style=\"font-size: 24pt; color: #0000ff;\">==========================================================<\/span><\/p>\n<h5>INSCRIPCI\u00d3N EN SERVICIO SOCIAL<\/h5>\n<p>&nbsp;<\/p>\n<p>REQUSITOS<\/p>\n<p><a title=\"\" href=\"http:\/\/saludsinaloa.gob.mx\/wp-content\/uploads\/2017\/ensenanza\/HOJADEIDENTIFICACION%20DESERVICIOSOCIALPASANTE.pdf\" target=\"_blank\" rel=\"noopener noreferrer\">*LLENADO DE HOJA KARDEX DE INSCRIPCI\u00d3N:<\/a><br \/>\n*ACUSE DE REGISTRO EN LA PLATAFORMA<br \/>\n*ACTA DE NACIMIENTO ORIGINAL Y COPIA<br \/>\n*K\u00c1RDEX DE CALIFICACIONES ORIGINAL Y COPIA<br \/>\n*CARTA DE PASANTE ORIGINAL Y COPIA<br \/>\n*2 COPIAS DE CURP<br \/>\n*2 COPIAS DEL IFE<br \/>\n*2 COPIAS DE COMPROBANTE DE DOMICILIO RECIENTE<br \/>\n*2 COPIAS DEL RFC DEL SAT (NO IMPRIMIR DE INTERNET)<br \/>\n*5 FOTOS TAMA\u00d1O INFANTIL B\/N \u00d3 A COLOR<\/p>\n<p>*IMSS, ISSSTE O VINCULACI\u00d3N NO PRESENTAN DOCUMENTOS<br \/>\n*RFC ES NECESARIO CON HOMOCLAVE<br \/>\n*NO SE RECIBIRAN REQUISITOS INCOMPLETOS<\/p>\n<p>\u00bfDONDE ME INSCRIBO?<br \/>\nBlvd. Alfonso Zaragoza Maytorena No. 2204,<br \/>\nFracc. Bonanza, C.P. 80020. Culiac\u00e1n, Sinaloa.<\/p>\n<p><strong>CONTACTO:<\/strong><br \/>\nLic. Jesus Yaneth Morales Valdez<br \/>\n<strong>Telefono:<\/strong> 6677 58-70-00 Ext. 40431<\/p>\n<p><a title=\"\" href=\"http:\/\/wpress2.saludsinaloa.gob.mx\/wordpress\/wp-content\/uploads\/2017\/files\/KARDEX DE INSCRIPCION VINCULACION.pdf\" target=\"_blank\" rel=\"noopener noreferrer\">*VINCULACI\u00d3N, LLENADO DE HOJA KARDEX DE INSCRIPCI\u00d3N:<\/a><br \/>\n<a title=\"\" href=\"files\/KARDEX DE INSCRIPCION OTRAS.pdf\" target=\"_blank\" rel=\"noopener noreferrer\">*OTRAS, LLENADO DE HOJA KARDEX DE INSCRIPCI\u00d3N:<\/a><\/p>\n<h5>\u00bfCOMO ME LIBERO DEL SERVICIO SOCIAL?<\/h5>\n<p><img decoding=\"async\" src=\"http:\/\/wpress2.saludsinaloa.gob.mx\/wordpress\/wp-content\/uploads\/2017\/ensenanza\/liberacion-ss-ensenanza.png\" alt=\"\u00bfCOMO ME LIBERO DEL SERVICIO SOCIAL?\" \/><\/p>\n<p><span style=\"font-size: 24pt; color: #0000ff;\">=========================================================<\/span><\/p>\n<h4><strong><span style=\"font-size: 18pt;\">&#8220;PROXIMAS CONVOCATORIA ENARM&#8221;\u00a0<\/span><\/strong><\/h4>\n<h4><span style=\"color: #000000;\">CONVOCATORIA ENARM- INICIO DE CICLO ACADEMICO: 01 DE MARZO DEL 2025<\/span>.\u00a0<span style=\"color: #000000;\"> (<a style=\"color: #000000;\" href=\"https:\/\/saludsinaloa.gob.mx\/wp-content\/uploads\/2024\/11\/CONVOCATORIA-PRIMERA-VUELTA-RESIDENCIAS-MEDICAS-2025-2026.pdf\">https:\/\/saludsinaloa.gob.mx\/wp-content\/uploads\/2024\/11\/CONVOCATORIA-PRIMERA-VUELTA-RESIDENCIAS-MEDICAS-2025-2026.<\/a>)<\/span><\/h4>\n<h4>EL USO DE DOCUMENTACI\u00d3N FALSA O ALTERADA DE CUALQUIER FORMA, ES UNA FALTA GRAVE Y LLEVAR\u00c1 A INVALIDACI\u00d3N DEL PROCESO DE SELECCI\u00d3N, INDEPENDIENTEMENTE DE LA ETAPA EN LA QUE SE ENCUENTRE EL SOLICITANTE<\/h4>\n<h4>CONVOCATORIA ENARM- INICIO DE CICLO ACADEMICO: 01 DE MARZO DEL 2025.<\/h4>\n<h4><span style=\"font-size: 10pt; color: #000000;\">(<a style=\"color: #000000;\" href=\"https:\/\/saludsinaloa.gob.mx\/wp-content\/uploads\/2024\/12\/CONVOCATORIA-2-SEGUNDA-VUELTA-RESIDENCIAS-MEDICAS-2025-2026-.pdf\">https:\/\/saludsinaloa.gob.mx\/wp-content\/uploads\/2024\/11\/CONVOCATORIA-SEGUNDA-VUELTA-RESIDENCIAS-MEDICAS-2025-2026.<\/a>)<\/span><\/h4>\n<h4><span style=\"font-size: 10pt; color: #000000;\">REQUISITOS PARA SUBDIRECC\u00d3N DE ENSE\u00d1ANZA ESTATAL<\/span><\/h4>\n<p><span style=\"font-size: 10pt; color: #000000;\">&#8220;<strong>PROCESO EXTRAORDINARIO DE SELECCION DE ESPECIALIDAD XVLIII ENARM 2025&#8243;<\/strong><\/span><\/p>\n<p><span style=\"font-size: 10pt; color: #000000;\"><strong>PROCESO DE SELECCION DE RESIDENCIAS MEDICAS 2024<\/strong><\/span><\/p>\n<p><span style=\"font-size: 10pt; color: #000000;\"><strong>INICIO DEL CICLO ACADEMICO: 01 DE MARZO 2025<\/strong><\/span><\/p>\n<ul>\n<li><strong><span style=\"font-size: 10pt;\"><span style=\"color: #000000;\">LINK DE CONVOCATORIA: (<a style=\"color: #000000;\" href=\"https:\/\/saludsinaloa.gob.mx\/wp-content\/uploads\/2025\/05\/CONVOCATORIA-Proceso-Extraordinario-de-Seleccion-de-Especialidad-XLVIII-ENARM-2024.pdf\" target=\"_blank\" rel=\"noopener\">http:\/\/saludsinaloa.gob.mx\/&#8230;\/CONVOCATORIA-Proceso-Extraordinario-de-Seleccion-de-Especialidad-XVLIII-ENARM<\/a>) SEGUNDA VUELTA<\/span>.<\/span><\/strong><\/li>\n<\/ul>\n<p>&nbsp;<\/p>\n<h4><strong><span style=\"font-size: 18pt;\">&#8220;PROXIMAS CONVOCATORIA ENARM&#8221;<\/span><\/strong><\/h4>\n<p><span style=\"color: #000000;\"><strong><span style=\"font-size: 18pt;\">&#8220;PROCESO DE SELECCION DEL EXAMEN NACIONAL PARA ASPIRANTES A RESIDENCIAS MEDICAS 2025&#8221;:\u00a0 \u00a0SEGUNDA VUELTA<\/span><\/strong><\/span><\/p>\n<p><span style=\"color: #000000;\"><strong><span style=\"font-size: 14pt;\">PROCESO DE SELECCION DE RESIDENCIAS MEDICAS 2025<\/span><\/strong><\/span><\/p>\n<p><span style=\"color: #000000;\"><strong><span style=\"font-size: 14pt;\">INICIO DEL CICLO ACADEMICO: 01 DE MARZO 2026<\/span><\/strong><\/span><\/p>\n<ul>\n<li><span style=\"color: #000000;\"><strong><span style=\"font-size: 12pt;\">LINK DE CONVOCATORIA: (<a style=\"color: #000000;\" href=\"https:\/\/saludsinaloa.gob.mx\/wp-content\/uploads\/2025\/12\/CONVOCATORIA-RESIDENCIAS-MEDICAS-ENARM-2025-SEGUNDA-VUELTA-INICIO-01-DE-MARZO-2026.pdf\" target=\"_blank\" rel=\"noopener\">http:\/\/saludsinaloa.gob.mx\/&#8230;\/CONVOCATORIA-RESIDENCIAS-MEDICAS-ENARM-2025-SEGUNDA VUELTA<\/a><\/span><\/strong><\/span><\/li>\n<\/ul>\n<h4><\/h4>\n<p>&nbsp;<\/p>\n<h4><strong><span style=\"font-size: 18pt;\">&#8220;PROXIMAS CONVOCATORIA ENARM&#8221;<\/span><\/strong><\/h4>\n<p><span style=\"font-size: 18pt; color: #0000ff;\">&#8220;<strong>PROCESO DE SELECCION DEL EXAMEN NACIONAL PARA ASPIRANTES A RESIDENCIAS MEDICAS 2025&#8243;:\u00a0 \u00a0TERCERA VUELTA<\/strong><\/span><\/p>\n<p><span style=\"font-size: 14pt;\"><strong>PROCESO DE SELECCION DE RESIDENCIAS MEDICAS 2025<\/strong><\/span><\/p>\n<p><span style=\"font-size: 14pt;\"><strong>INICIO DEL CICLO ACADEMICO:<span style=\"color: #0000ff;\"> 01 DE MARZO 2026<\/span><\/strong><\/span><\/p>\n<ul>\n<li><span style=\"font-size: 12pt;\"><span style=\"color: #ff0000;\">LINK DE CONVOCATORIA:<\/span> (<a href=\"https:\/\/saludsinaloa.gob.mx\/wp-content\/uploads\/2026\/01\/CONVOCATORIA-RESIDENCIAS-MEDICAS-2025-XLIX-EXAMEN-NACIONAL-TERCER-PERIODO.pdf\" target=\"_blank\" rel=\"noopener\">http:\/\/saludsinaloa.gob.mx\/&#8230;\/CONVOCATORIA-RESIDENCIAS-MEDICAS-ENARM-2025-TERCERA VUELTA<\/a><\/span><\/li>\n<\/ul>\n<p><strong>**Presentar con documentaci\u00f3n\u00a0 completa obligatorio** <\/strong><\/p>\n<p>&nbsp;<\/p>\n<ul>\n<li>LLENADO COMPLETO DE HOJA DE IDENTIFICACI\u00d3N obligatorio imprimir del link: (<a href=\"http:\/\/saludsinaloa.gob.mx\/wp-content\/uploads\/2020\/files\/Hoja_ID_Del_Medico_Residente.doc\">http:\/\/saludsinaloa.gob.mx\/wp-content\/uploads\/2020\/files\/Hoja_ID_Del_Medico_Residente.doc<\/a>)<\/li>\n<\/ul>\n<p>&nbsp;<\/p>\n<p><strong>BLVD. ALFONSO ZARAGOZA MAYTORENA N\u00b02204 EDIFICIO A PRIMER PISO<\/strong><br \/>\n<strong>FRACC. BONANZA C.P. 80020 CULIAC\u00c1N SINALOA<\/strong><\/p>\n<p><span style=\"font-size: 24pt; color: #0000ff;\">========================================================<\/span><\/p>\n<p><strong>PLAZAS DE ENTRADA DIRECTA EN LOS SERVICIOS DE SALUD DE SINALOA\u00a0<\/strong><\/p>\n<p><strong>CURSOS CON AVAL UNIVERSITARIO POR LA\u00a0<\/strong><strong>UNIVERSIDAD AUTONOMA DE SINALOA (UAS)<\/strong><\/p>\n<p style=\"text-align: left;\"><strong>\u00a0 \u00a0 \u00a0 \u00a0 \u00a0 \u00a0 \u00a0 \u00a0 \u00a0 \u00a0 \u00a0 \u00a0 \u00a0 \u00a0 \u00a0 \u00a0 \u00a0 \u00a0 \u00a0 \u00a0 \u00a0 \u00a0 \u00a0 \u00a0 \u00a0 \u00a0 \u00a0 \u00a0 ENTRADA DIRECTA<\/strong><\/p>\n<table style=\"width: 59.0442%; height: 2796px;\" width=\"813\">\n<tbody>\n<tr style=\"height: 23px;\">\n<td style=\"text-align: center; width: 55.774%; height: 23px;\" width=\"458\"><strong>ESTADO\/UNIDAD M\u00c9DICA<\/strong><\/td>\n<td style=\"text-align: center; width: 43.1204%; height: 23px;\" width=\"355\"><strong>Plazas Disponibles<\/strong><\/td>\n<\/tr>\n<tr style=\"height: 23px;\">\n<td style=\"text-align: center; width: 55.774%; height: 23px;\" width=\"458\"><strong>SINALOA<\/strong><\/td>\n<td style=\"text-align: center; width: 43.1204%; height: 23px;\" width=\"355\"><\/td>\n<\/tr>\n<tr style=\"height: 23px;\">\n<td style=\"text-align: center; width: 55.774%; height: 23px;\" width=\"458\"><strong>HOSPITAL DE LA MUJER CULIAC\u00c1N SINALOA<\/strong><\/td>\n<td style=\"text-align: center; width: 43.1204%; height: 23px;\" width=\"355\"><\/td>\n<\/tr>\n<tr style=\"height: 23px;\">\n<td style=\"width: 55.774%; height: 23px;\" width=\"458\">GINECOLOG\u00cdA Y OBSTETRICIA<\/td>\n<td style=\"text-align: center; width: 43.1204%; height: 23px;\" width=\"355\"><\/td>\n<\/tr>\n<tr>\n<td style=\"width: 55.774%;\">MEDICINA MATERNO FETAL<\/td>\n<td style=\"text-align: center; width: 43.1204%;\"><\/td>\n<\/tr>\n<tr style=\"height: 23px;\">\n<td style=\"width: 55.774%; height: 23px;\" width=\"458\">NEONATOLOG\u00cdA<\/td>\n<td style=\"text-align: center; width: 43.1204%; height: 23px;\" width=\"355\"><\/td>\n<\/tr>\n<tr style=\"height: 23px;\">\n<td style=\"text-align: center; width: 55.774%; height: 23px;\" width=\"458\"><strong>HOSPITAL GENERAL DE CULIAC\u00c1N<\/strong><\/td>\n<td style=\"text-align: center; width: 43.1204%; height: 23px;\" width=\"355\"><\/td>\n<\/tr>\n<tr style=\"height: 55px;\">\n<td style=\"width: 55.774%; height: 55px;\" width=\"458\">ANESTESIOLOG\u00cdA<\/td>\n<td style=\"width: 43.1204%; height: 55px;\" width=\"355\"><\/td>\n<\/tr>\n<tr style=\"height: 55px;\">\n<td style=\"width: 55.774%; height: 55px;\" width=\"458\">ANATOM\u00cdA PATOL\u00d3GICA<\/td>\n<td style=\"width: 43.1204%; height: 55px;\" width=\"355\"><\/td>\n<\/tr>\n<tr style=\"height: 55px;\">\n<td style=\"width: 55.774%; height: 55px;\" width=\"458\">CARDIOLOG\u00cdA<\/td>\n<td style=\"width: 43.1204%; height: 55px;\" width=\"355\"><\/td>\n<\/tr>\n<tr style=\"height: 55px;\">\n<td style=\"width: 55.774%; height: 55px;\" width=\"458\">CIRUG\u00cdA GENERAL<\/td>\n<td style=\"width: 43.1204%; height: 55px;\" width=\"355\"><\/td>\n<\/tr>\n<tr style=\"height: 55px;\">\n<td style=\"width: 55.774%; height: 55px;\" width=\"458\">CIRUG\u00cdA PL\u00c1STICA Y RECONSTRUCTIVA<\/td>\n<td style=\"width: 43.1204%; height: 55px;\" width=\"355\"><\/td>\n<\/tr>\n<tr style=\"height: 55px;\">\n<td style=\"width: 55.774%; height: 55px;\" width=\"458\">DERMATOLOG\u00cdA<\/td>\n<td style=\"width: 43.1204%; height: 55px;\" width=\"355\"><\/td>\n<\/tr>\n<tr style=\"height: 55px;\">\n<td style=\"width: 55.774%; height: 55px;\" width=\"458\">IMAGENOLOG\u00cdA, DIAGN\u00d3STICA Y TERAP\u00c9UTICA<\/td>\n<td style=\"width: 43.1204%; height: 55px; text-align: center;\" width=\"355\"><\/td>\n<\/tr>\n<tr style=\"height: 55px;\">\n<td style=\"width: 55.774%; height: 55px;\" width=\"458\">MEDICINA DEL ENFERMO EN ESTADO CR\u00cdTICO<\/td>\n<td style=\"width: 43.1204%; height: 55px;\" width=\"355\"><\/td>\n<\/tr>\n<tr style=\"height: 55px;\">\n<td style=\"width: 55.774%; height: 55px;\" width=\"458\">MEDICINA INTERNA<\/td>\n<td style=\"width: 43.1204%; height: 55px;\" width=\"355\"><\/td>\n<\/tr>\n<tr style=\"height: 55px;\">\n<td style=\"width: 55.774%; height: 55px;\" width=\"458\">NEFROLOG\u00cdA<\/td>\n<td style=\"width: 43.1204%; height: 55px;\" width=\"355\"><\/td>\n<\/tr>\n<tr style=\"height: 55px;\">\n<td style=\"width: 55.774%; height: 55px;\" width=\"458\">NEUMOLOG\u00cdA<\/td>\n<td style=\"width: 43.1204%; height: 55px;\" width=\"355\"><\/td>\n<\/tr>\n<tr style=\"height: 55px;\">\n<td style=\"width: 55.774%; height: 55px;\" width=\"458\">OFTALMOLOG\u00cdA<\/td>\n<td style=\"width: 43.1204%; height: 55px;\" width=\"355\"><\/td>\n<\/tr>\n<tr style=\"height: 55px;\">\n<td style=\"width: 55.774%; height: 55px;\" width=\"458\">OTORRINOLARINGOLOG\u00cdA<\/td>\n<td style=\"width: 43.1204%; height: 55px;\" width=\"355\"><\/td>\n<\/tr>\n<tr style=\"height: 55px;\">\n<td style=\"width: 55.774%; height: 55px;\" width=\"458\">PSIQUIATR\u00cdA<\/td>\n<td style=\"width: 43.1204%; height: 55px;\" width=\"355\"><\/td>\n<\/tr>\n<tr style=\"height: 55px;\">\n<td style=\"width: 55.774%; height: 55px;\" width=\"458\">TRAUMATOLOG\u00cdA Y ORTOPEDIA<\/td>\n<td style=\"width: 43.1204%; height: 55px;\" width=\"355\"><\/td>\n<\/tr>\n<tr style=\"height: 55px;\">\n<td style=\"width: 55.774%; height: 55px;\" width=\"458\">URGENCIAS MEDICO QUIR\u00daRGICAS<\/td>\n<td style=\"width: 43.1204%; height: 55px;\" width=\"355\"><\/td>\n<\/tr>\n<tr style=\"height: 83px;\">\n<td style=\"width: 55.774%; height: 83px;\" width=\"458\">UROLOGIA<\/td>\n<td style=\"width: 43.1204%; height: 83px;\" width=\"355\"><\/td>\n<\/tr>\n<tr style=\"height: 10px;\">\n<td style=\"width: 55.774%; height: 10px; text-align: center;\"><strong>HOSPITAL PEDRIATICO DE SINALOA<\/strong><\/td>\n<td style=\"width: 43.1204%; height: 10px;\"><\/td>\n<\/tr>\n<tr style=\"height: 55px;\">\n<td style=\"width: 55.774%; height: 55px;\">PEDIATRA<\/td>\n<td style=\"width: 43.1204%; height: 55px;\"><\/td>\n<\/tr>\n<tr style=\"height: 55px;\">\n<td style=\"width: 55.774%; height: 55px;\">NEONATOLOGIA<\/td>\n<td style=\"width: 43.1204%; height: 55px;\"><\/td>\n<\/tr>\n<tr style=\"height: 55px;\">\n<td style=\"width: 55.774%; height: 55px;\">ONCOLOGIA PEDIATRICA<\/td>\n<td style=\"width: 43.1204%; height: 55px;\"><\/td>\n<\/tr>\n<tr>\n<td style=\"width: 55.774%;\">GASTROENTEROLOGIA PEDIATRICA<\/td>\n<td style=\"width: 43.1204%;\"><\/td>\n<\/tr>\n<tr>\n<td style=\"width: 55.774%;\">CIRUGIA PEDRIATICA<\/td>\n<td style=\"width: 43.1204%;\"><\/td>\n<\/tr>\n<tr>\n<td style=\"width: 55.774%;\">MEDICINA CRITICA PEDRIATICA<\/td>\n<td style=\"width: 43.1204%;\"><\/td>\n<\/tr>\n<tr style=\"height: 23px;\">\n<td style=\"text-align: center; width: 55.774%; height: 23px;\" width=\"458\"><strong>HOSPITAL GENERAL DE MAZATL\u00c1N<\/strong><\/td>\n<td style=\"text-align: center; width: 43.1204%; height: 23px;\" width=\"355\"><\/td>\n<\/tr>\n<tr style=\"height: 55px;\">\n<td style=\"width: 55.774%; height: 55px;\" width=\"458\">ANESTESIOLOG\u00cdA<\/td>\n<td style=\"width: 43.1204%; height: 55px;\" width=\"355\"><\/td>\n<\/tr>\n<tr style=\"height: 55px;\">\n<td style=\"width: 55.774%; height: 55px;\" width=\"458\">CIRUG\u00cdA GENERAL<\/td>\n<td style=\"width: 43.1204%; height: 55px;\" width=\"355\"><\/td>\n<\/tr>\n<tr style=\"height: 55px;\">\n<td style=\"width: 55.774%; height: 55px;\" width=\"458\">GINECOLOG\u00cdA Y OBSTETRICIA<\/td>\n<td style=\"width: 43.1204%; height: 55px;\" width=\"355\"><\/td>\n<\/tr>\n<tr style=\"height: 55px;\">\n<td style=\"width: 55.774%; height: 55px;\" width=\"458\">MEDICINA FAMILIAR<\/td>\n<td style=\"width: 43.1204%; height: 55px;\" width=\"355\"><\/td>\n<\/tr>\n<tr style=\"height: 55px;\">\n<td style=\"width: 55.774%; height: 55px;\" width=\"458\">MEDICINA INTERNA<\/td>\n<td style=\"width: 43.1204%; height: 55px;\" width=\"355\"><\/td>\n<\/tr>\n<tr style=\"height: 55px;\">\n<td style=\"width: 55.774%; height: 55px;\" width=\"458\">PEDIATR\u00cdA<\/td>\n<td style=\"width: 43.1204%; height: 55px;\" width=\"355\"><\/td>\n<\/tr>\n<tr style=\"height: 55px;\">\n<td style=\"width: 55.774%; height: 55px;\" width=\"458\">TRAUMATOLOG\u00cdA Y ORTOPEDIA<\/td>\n<td style=\"width: 43.1204%; height: 55px;\" width=\"355\"><\/td>\n<\/tr>\n<tr style=\"height: 55px;\">\n<td style=\"width: 55.774%; height: 55px;\" width=\"458\">URGENCIAS MEDICO QUIR\u00daRGICAS<\/td>\n<td style=\"width: 43.1204%; height: 55px;\" width=\"355\"><\/td>\n<\/tr>\n<tr style=\"height: 56px;\">\n<td style=\"height: 56px; width: 55.774%;\" width=\"457\">\n<p style=\"text-align: center;\"><strong>HOSPITAL GENERAL LOS MOCHIS<\/strong><\/p>\n<\/td>\n<td style=\"height: 56px; width: 43.1204%;\" width=\"355\"><\/td>\n<\/tr>\n<tr style=\"height: 56px;\">\n<td style=\"height: 56px; width: 55.774%;\" width=\"457\">ANESTESIOLOG\u00cdA<\/td>\n<td style=\"height: 56px; width: 43.1204%;\" width=\"355\"><\/td>\n<\/tr>\n<tr style=\"height: 56px;\">\n<td style=\"height: 56px; width: 55.774%;\" width=\"457\">CIRUG\u00cdA GENERAL<\/td>\n<td style=\"height: 56px; width: 43.1204%;\" width=\"355\"><\/td>\n<\/tr>\n<tr style=\"height: 56px;\">\n<td style=\"height: 56px; width: 55.774%;\" width=\"457\">GINECOLOG\u00cdA Y OBSTETRICIA<\/td>\n<td style=\"height: 56px; width: 43.1204%;\" width=\"355\"><\/td>\n<\/tr>\n<tr style=\"height: 56px;\">\n<td style=\"height: 56px; width: 55.774%;\" width=\"457\">MEDICINA INTERNA<\/td>\n<td style=\"height: 56px; width: 43.1204%;\" width=\"355\"><\/td>\n<\/tr>\n<tr style=\"height: 56px;\">\n<td style=\"height: 56px; width: 55.774%;\" width=\"457\">PEDIATR\u00cdA<\/td>\n<td style=\"height: 56px; width: 43.1204%;\" width=\"355\"><\/td>\n<\/tr>\n<tr style=\"height: 56px;\">\n<td style=\"height: 56px; width: 55.774%;\" width=\"457\">TRAUMATOLOG\u00cdA Y ORTOPEDIA<\/td>\n<td style=\"height: 56px; width: 43.1204%;\" width=\"355\"><\/td>\n<\/tr>\n<tr style=\"height: 56px;\">\n<td style=\"height: 56px; width: 55.774%;\" width=\"457\">URGENCIAS MEDICO QUIRURGICAS<\/td>\n<td style=\"height: 56px; width: 43.1204%;\" width=\"355\"><\/td>\n<\/tr>\n<tr style=\"height: 56px;\">\n<td style=\"height: 56px; width: 55.774%; text-align: center;\" width=\"457\"><strong>HOSPITAL CIVIL DE CULIACAN<\/strong><\/td>\n<td style=\"height: 56px; width: 43.1204%; text-align: center;\" width=\"355\"><\/td>\n<\/tr>\n<tr style=\"height: 56px;\">\n<td style=\"height: 56px; width: 55.774%;\" width=\"457\">ANATOMIA PATOLOGICA<\/td>\n<td style=\"height: 56px; width: 43.1204%;\" width=\"355\"><\/td>\n<\/tr>\n<tr style=\"height: 56px;\">\n<td style=\"height: 56px; width: 55.774%;\" width=\"457\">ANESTESIOLOGO<\/td>\n<td style=\"height: 56px; width: 43.1204%;\" width=\"355\"><\/td>\n<\/tr>\n<tr style=\"height: 56px;\">\n<td style=\"height: 56px; width: 55.774%;\" width=\"457\">CIRUGIA GENERAL<\/td>\n<td style=\"height: 56px; width: 43.1204%;\" width=\"355\"><\/td>\n<\/tr>\n<tr style=\"height: 55px;\">\n<td style=\"width: 55.774%; height: 55px;\">GINECOLOGIA Y OBSTETRICIA<\/td>\n<td style=\"width: 43.1204%; height: 55px;\"><\/td>\n<\/tr>\n<tr style=\"height: 55px;\">\n<td style=\"width: 55.774%; height: 55px;\">IMAGENOLOGIA DIAGNOSTICA Y TERAPEUTICA<\/td>\n<td style=\"width: 43.1204%; height: 55px;\"><\/td>\n<\/tr>\n<tr style=\"height: 55px;\">\n<td style=\"width: 55.774%; height: 55px;\">MEDICINA INTERNA<\/td>\n<td style=\"width: 43.1204%; height: 55px;\"><\/td>\n<\/tr>\n<tr style=\"height: 55px;\">\n<td style=\"width: 55.774%; height: 55px;\">OFTAMOLOGIA<\/td>\n<td style=\"width: 43.1204%; height: 55px;\"><\/td>\n<\/tr>\n<tr style=\"height: 55px;\">\n<td style=\"width: 55.774%; height: 55px;\">OTORRINOLARINGOLOGIA<\/td>\n<td style=\"width: 43.1204%; height: 55px;\"><\/td>\n<\/tr>\n<tr style=\"height: 55px;\">\n<td style=\"width: 55.774%; height: 55px;\">TRAUMATOLOGIA Y ORTOPEDIA<\/td>\n<td style=\"width: 43.1204%; height: 55px;\"><\/td>\n<\/tr>\n<tr style=\"height: 55px;\">\n<td style=\"width: 55.774%; height: 55px;\">URGENCIAS MEDICO QUIRURGICAS<\/td>\n<td style=\"width: 43.1204%; height: 55px;\"><\/td>\n<\/tr>\n<tr>\n<td style=\"width: 55.774%; text-align: center;\"><strong>CENTRO DERMATOLOGICO DE SINALOA<\/strong><\/td>\n<td style=\"width: 43.1204%;\"><\/td>\n<\/tr>\n<tr>\n<td style=\"width: 55.774%;\">DERMATOLOGIA<\/td>\n<td style=\"width: 43.1204%;\"><\/td>\n<\/tr>\n<\/tbody>\n<\/table>\n<p><span style=\"font-size: 24pt; color: #0000ff;\">========================================================<\/span><\/p>\n<p><strong>Interesados:<\/strong><\/p>\n<p>Solicitar entrevista con el jefe de ense\u00f1anza de la sede solicitada:<\/p>\n<table style=\"border-collapse: collapse; width: 99.5035%; height: 785px;\">\n<tbody>\n<tr style=\"height: 185px;\">\n<td style=\"width: 17.6712%; text-align: center; height: 123px;\">\n<h1><span style=\"font-size: 14pt; color: #0000ff;\">Hospital Sede<\/span><\/h1>\n<\/td>\n<td style=\"height: 123px; width: 22.9827%; text-align: center;\" width=\"141\">\n<h1><span style=\"font-size: 14pt; color: #0000ff;\">Nombre del jefe de ense\u00f1anza<\/span><\/h1>\n<\/td>\n<td style=\"height: 123px; width: 3.22074%; text-align: center;\" width=\"191\">\n<h1><span style=\"font-size: 14pt; color: #0000ff;\">Correo electr\u00f3nico<\/span><\/h1>\n<\/td>\n<td style=\"height: 123px; width: 13.5092%; text-align: center;\" width=\"93\">\n<h1><span style=\"font-size: 14pt; color: #0000ff;\">Tel\u00e9fono<\/span><\/h1>\n<\/td>\n<td style=\"height: 123px; width: 46.2846%; text-align: center;\" width=\"134\">\n<h1><span style=\"font-size: 14pt; color: #0000ff;\">Domicilio<\/span><\/h1>\n<\/td>\n<\/tr>\n<tr style=\"height: 269px;\">\n<td style=\"height: 151px; width: 17.6712%;\" width=\"141\">\n<h1><span style=\"font-size: 14pt; color: #0000ff;\"><a style=\"color: #0000ff;\" href=\"https:\/\/maps.app.goo.gl\/A976uv3vJ9vqX2c28\"><strong>Hospital La Mujer<\/strong><\/a><\/span><\/h1>\n<p><span style=\"color: #0000ff; font-size: 8pt;\"><strong>DEL IMSS-BIENESTAR<\/strong><\/span><\/td>\n<td style=\"height: 151px; width: 22.9827%;\" width=\"141\">\n<h1><span style=\"font-size: 14pt; color: #000000;\">Dr. Mario Francisco Barajas Olivas<\/span><\/h1>\n<\/td>\n<td style=\"height: 151px; width: 3.22074%;\" width=\"191\">\n<h1><span style=\"font-size: 14pt; color: #000000;\">ensenanza.hmujer@gmail.com<\/span><\/h1>\n<\/td>\n<td style=\"height: 151px; width: 13.5092%;\" width=\"93\">\n<h1><span style=\"font-size: 14pt; color: #000000;\"><a style=\"color: #000000;\" href=\"https:\/\/www.google.com\/search?q=dr+barajas+olivas+hospital+la+muejr&amp;rlz=1C1CHBD_esMX766MX766&amp;oq=dr+barajas+olivas+hospital+la+muejr&amp;aqs=chrome..69i57j69i64.7825j0j4&amp;sourceid=chrome&amp;ie=UTF-8\">667<\/a>7297686<\/span><\/h1>\n<\/td>\n<td style=\"height: 151px; width: 46.2846%;\" width=\"134\">\n<h1><span style=\"font-size: 14pt; color: #000000;\">Miguel Tamayo Espinoza de los Monteros s\/n, Desarrollo Urbano Tres R\u00edos, 80020 Culiac\u00e1n Rosales, Sin.<\/span><\/h1>\n<\/td>\n<\/tr>\n<tr style=\"height: 205px;\">\n<td style=\"height: 92px; width: 17.6712%;\" width=\"141\">\n<h1><span style=\"font-size: 14pt; color: #0000ff;\"><a style=\"color: #0000ff;\" href=\"https:\/\/maps.app.goo.gl\/4KvmNMLFFtNxV3V29\"><strong>Hospital Pedi\u00e1trico de Sinaloa<\/strong><\/a><\/span><\/h1>\n<p><span style=\"color: #0000ff;\"><strong><span style=\"font-size: 8pt;\">DEL IMSS-BIENESTAR<\/span><\/strong><\/span><\/td>\n<td style=\"height: 92px; width: 22.9827%;\" width=\"141\">\n<h1><span style=\"font-size: 14pt; color: #000000;\">Dr. Adri\u00e1n Gonz\u00e1lez L\u00f3pez<\/span><\/h1>\n<\/td>\n<td style=\"height: 92px; width: 3.22074%;\" width=\"191\">\n<h1><span style=\"font-size: 14pt; color: #000000;\">ense.med.hps@gmail.com<\/span><\/h1>\n<\/td>\n<td style=\"height: 92px; width: 13.5092%;\" width=\"93\">\n<h1><span style=\"font-size: 14pt; color: #000000;\">6677126606<\/span><\/h1>\n<\/td>\n<td style=\"height: 92px; width: 46.2846%;\" width=\"134\">\n<h1><span style=\"font-size: 14pt; color: #000000;\">Calle Constituci\u00f3n 530, Jorge Almada, 80200 Culiac\u00e1n Rosales, Sin.<\/span><\/h1>\n<\/td>\n<\/tr>\n<tr style=\"height: 184px;\">\n<td style=\"height: 129px; width: 17.6712%;\" width=\"141\">\n<h1><span style=\"font-size: 14pt; color: #0000ff;\"><a style=\"color: #0000ff;\" href=\"https:\/\/maps.app.goo.gl\/hutXco8CArsE2uoq9\"><strong>Hospital Civil de Culiac\u00e1n<\/strong><\/a><\/span><\/h1>\n<p><span style=\"color: #0000ff;\"><strong><span style=\"font-size: 8pt;\">DEL IMSS-BIENESTAR<\/span><\/strong><\/span><\/td>\n<td style=\"height: 129px; width: 22.9827%;\" width=\"141\">\n<h1><span style=\"font-size: 14pt; color: #000000;\">Dr. CARLOS ALBERTO KAWANO SOTO<\/span><\/h1>\n<\/td>\n<td style=\"height: 129px; width: 3.22074%;\" width=\"191\">\n<h1><span style=\"font-size: 14pt; color: #000000;\">ensenanza@hospitalcivil.gob.mx<\/span><\/h1>\n<\/td>\n<td style=\"height: 129px; width: 13.5092%;\" width=\"93\">\n<h1><span style=\"font-size: 14pt; color: #000000;\"><a style=\"color: #000000;\" href=\"https:\/\/www.google.com\/search?q=+hospital+civil+culiacan+telefono&amp;sca_esv=577883791&amp;rlz=1C1CHBD_esMX766MX766&amp;sxsrf=AM9HkKmE_t6MsHKQsIIDoMo3hXbFixq_UA%3A1698690095076&amp;ei=L_Q_ZZqkBIPGkPIPlpCguA0&amp;ved=0ahUKEwja98zdsZ6CAxUDI0QIHRYICNcQ4dUDCBA&amp;uact=5&amp;oq=+hospital+civil+culiacan+telefono&amp;gs_lp=Egxnd3Mtd2l6LXNlcnAiISBob3NwaXRhbCBjaXZpbCBjdWxpYWNhbiB0ZWxlZm9ubzIKEAAYRxjWBBiwAzIKEAAYRxjWBBiwAzIKEAAYRxjWBBiwAzIKEAAYRxjWBBiwAzIKEAAYRxjWBBiwAzIKEAAYRxjWBBiwAzIKEAAYRxjWBBiwAzIKEAAYRxjWBBiwA0jtDVDdDFjdDHABeAGQAQCYAQCgAQCqAQC4AQPIAQD4AQHiAwQYACBBiAYBkAYI&amp;sclient=gws-wiz-serp\">6677<\/a>126606<\/span><\/h1>\n<\/td>\n<td style=\"height: 129px; width: 46.2846%;\" width=\"134\">\n<h1><span style=\"font-size: 14pt; color: #000000;\">Prol. \u00c1lvaro Obreg\u00f3n 1439, Gabriel Leyva, norte, 80000 Culiac\u00e1n Rosales, Sin.<\/span><\/h1>\n<\/td>\n<\/tr>\n<tr style=\"height: 145px;\">\n<td style=\"height: 116px; width: 17.6712%;\" width=\"141\">\n<h1><span style=\"font-size: 14pt; color: #0000ff;\"><a style=\"color: #0000ff;\" href=\"https:\/\/maps.app.goo.gl\/UBdLruHWJkBhbdnq6\"><strong>Hospital General Culiac\u00e1n<\/strong><\/a><\/span><\/h1>\n<p><span style=\"color: #0000ff;\"><strong><span style=\"font-size: 8pt;\">DEL IMSS-BIENESTAR<\/span><\/strong><\/span><\/td>\n<td style=\"height: 116px; width: 22.9827%;\" width=\"141\">\n<h1><span style=\"font-size: 14pt; color: #000000;\">Dra.Guadalupe Del Pilar Meza Gonzalez<\/span><\/h1>\n<p>&nbsp;<\/td>\n<td style=\"height: 116px; width: 3.22074%;\" width=\"191\">\n<h1><span style=\"font-size: 14pt; color: #000000;\">aspirantes.residenciahgc@gmail.com<\/span><\/h1>\n<\/td>\n<td style=\"height: 116px; width: 13.5092%;\" width=\"93\">\n<h1><span style=\"font-size: 14pt; color: #000000;\"><a style=\"color: #000000;\" href=\"https:\/\/www.google.com\/search?q=hospital+general+de+culiacan&amp;sca_esv=577883791&amp;rlz=1C1CHBD_esMX766MX766&amp;sxsrf=AM9HkKlF0_9Hvm2vPlXcyfQiM9IMpV8G_Q%3A1698690295960&amp;ei=9_Q_ZfXfNbDBkPIPlvKr0AI&amp;ved=0ahUKEwi1t629sp6CAxWwIEQIHRb5CioQ4dUDCBA&amp;uact=5&amp;oq=hospital+general+de+culiacan&amp;gs_lp=Egxnd3Mtd2l6LXNlcnAiHGhvc3BpdGFsIGdlbmVyYWwgZGUgY3VsaWFjYW4yBBAjGCcyEBAuGBQYrwEYxwEYhwIYgAQyBRAAGIAEMgUQABiABDILEC4YgAQYxwEYrwEyBRAAGIAEMggQABjLARiABEiSIlDiA1jQHXABeAGQAQCYAYcFoAGLJaoBCTItMS4xLjUuM7gBA8gBAPgBAcICChAAGEcY1gQYsAPCAgcQIxiKBRgnwgINEC4YrwEYxwEYigUYQ8ICDRAuGIoFGMcBGK8BGEPCAgcQABiKBRhDwgIIEAAYgAQYsQPiAwQYACBBiAYBkAYI&amp;sclient=gws-wiz-serp\">6677120186<\/a><\/span><\/h1>\n<\/td>\n<td style=\"height: 116px; width: 46.2846%;\" width=\"134\">\n<h1><span style=\"font-size: 14pt; color: #000000;\">Avenida General Ignacio Aldama S\/N, Guadalupe, 80230 Culiac\u00e1n Rosales, Sin.<\/span><\/h1>\n<\/td>\n<\/tr>\n<tr style=\"height: 237px;\">\n<td style=\"height: 150px; width: 17.6712%;\" width=\"141\">\n<h1><span style=\"font-size: 14pt; color: #0000ff;\"><a style=\"color: #0000ff;\" href=\"https:\/\/maps.app.goo.gl\/K6yo3qREJcgrkddb8\"><strong>Hospital General Los Mochis<\/strong><\/a><\/span><\/h1>\n<p><span style=\"color: #0000ff;\"><strong><span style=\"font-size: 8pt;\">DEL IMSS-BIENESTAR<\/span><\/strong><\/span><\/td>\n<td style=\"height: 150px; width: 22.9827%;\" width=\"141\">\n<h1><span style=\"font-size: 14pt; color: #000000;\">Dra. Claudia Maria Zamudio Chavez<\/span><\/h1>\n<\/td>\n<td style=\"height: 150px; width: 3.22074%;\" width=\"191\">\n<h1><span style=\"font-size: 14pt; color: #000000;\">Ense2013.mochis@gmail.com<\/span><\/h1>\n<\/td>\n<td style=\"height: 150px; width: 13.5092%;\" width=\"93\">\n<h1><span style=\"font-size: 14pt; color: #000000;\">6688161412<\/span><\/h1>\n<\/td>\n<td style=\"height: 150px; width: 46.2846%;\" width=\"134\">\n<h1><span style=\"font-size: 14pt; color: #000000;\">Boulevard Macario Gaxiola 1449 Sur Colonia Romanillo C. P. 81248, Los Mochis, Sinaloa.<\/span><\/h1>\n<\/td>\n<\/tr>\n<tr style=\"height: 59px;\">\n<td style=\"height: 24px; width: 17.6712%;\" width=\"141\">\n<h1><span style=\"font-size: 14pt; color: #0000ff;\"><a style=\"color: #0000ff;\" href=\"https:\/\/maps.app.goo.gl\/6hvxxDEnSaKK9Eeh7\"><strong>Hospital General Mazatl\u00e1n<\/strong><\/a><\/span><\/h1>\n<p><span style=\"color: #0000ff;\"><strong><span style=\"font-size: 8pt;\">DEL IMSS-BIENESTAR<\/span><\/strong><\/span><\/td>\n<td style=\"height: 24px; width: 22.9827%;\" width=\"141\">\n<h1><span style=\"font-size: 14pt; color: #000000;\">Dr. Jos\u00e9 H\u00e9ctor Carre\u00f3n Tiscare\u00f1o<\/span><\/h1>\n<\/td>\n<td style=\"height: 24px; width: 3.22074%;\" width=\"191\">\n<h1><span style=\"font-size: 14pt; color: #000000;\">hgmensenanza@hotmail.com<\/span><\/h1>\n<\/td>\n<td style=\"height: 24px; width: 13.5092%;\" width=\"93\">\n<h1><span style=\"font-size: 14pt; color: #000000;\">6699840233<\/span><\/h1>\n<\/td>\n<td style=\"height: 24px; width: 46.2846%;\" width=\"134\">\n<h1><span style=\"font-size: 14pt; color: #000000;\">Ave. Oscar P\u00e9rez Escobosa #6505 Col. El Venadillo cp. 82267, Mazatl\u00e1n, Sinaloa.<\/span><\/h1>\n<\/td>\n<\/tr>\n<tr>\n<td style=\"width: 17.6712%;\">\n<h1><\/h1>\n<h1><span style=\"font-size: 14pt; color: #0000ff;\"><a style=\"color: #0000ff;\" href=\"https:\/\/www.google.com\/maps\/dir\/\/Blvrd+Gral+Gabriel+Leyva+Solano+610,+Miguel+Alem%C3%A1n,+80200+Culiac%C3%A1n+Rosales,+Sin.\/@24.8239184,-107.4601435,13.25z\/data=!4m8!4m7!1m0!1m5!1m1!1s0x86bcd0a36d78acaf:0x401e752ab383cdfd!2m2!1d-107.3864968!2d24.8032618?entry=ttu&amp;g_ep=EgoyMDI1MDgyNS4wIKXMDSoASAFQAw%3D%3D\"><strong>Centro Dermatologico De Sinaloa <\/strong><\/a><\/span><\/h1>\n<h1><span style=\"font-size: 14pt; color: #0000ff;\"><strong><span style=\"font-size: 8pt;\">DEL IMSS-BIENESTAR<\/span><\/strong><\/span><\/h1>\n<\/td>\n<td style=\"width: 22.9827%;\">\n<h1><span style=\"font-size: 14pt; color: #000000;\">Dr. Cesar Garc\u00eda Niebla<\/span><\/h1>\n<\/td>\n<td style=\"width: 3.22074%;\">\n<h1><span style=\"font-size: 14pt; color: #000000;\">ense.derma.sinaloa@gmail.com<\/span><\/h1>\n<\/td>\n<td style=\"width: 13.5092%;\">\n<h1><span style=\"font-size: 14pt; color: #000000;\">6677134520<\/span><\/h1>\n<\/td>\n<td style=\"width: 46.2846%;\">\n<h1><span style=\"font-size: 14pt; color: #000000;\">Blvd. Leyva Solano 610. ote Col. Miguel Alem\u00e1n,\u00a0 C.P 80200 Culiac\u00e1n Sinaloa.<\/span><\/h1>\n<p>&nbsp;<\/td>\n<\/tr>\n<\/tbody>\n<\/table>\n<p>\u00bfDONDE ME INSCRIBO?<br \/>\nBlvd. Alfonso Zaragoza Maytorena No. 2204,<br \/>\nFracc. Bonanza, C.P. 80020. Culiac\u00e1n, Sinaloa.<\/p>\n<p><strong>CONTACTO:<\/strong><\/p>\n<p>Dr. Jos\u00e9 Abraham Higuera Rojo.<br \/>\nCorreo: posgradossa@gmail.com\u00a0 \u00a0 \u00a0 \u00a0 \u00a0 \u00a0 \u00a0 \u00a0 \u00a0 \u00a0 \u00a0 \u00a0 \u00a0 \u00a0 \u00a0 \u00a0 \u00a0 \u00a0 \u00a0 \u00a0 \u00a0 \u00a0 \u00a0 \u00a0 \u00a0 \u00a0 \u00a0 \u00a0 \u00a0 \u00a0 \u00a0 \u00a0 \u00a0 \u00a0 \u00a0 \u00a0 \u00a0 \u00a0 \u00a0 \u00a0 \u00a0 \u00a0 \u00a0 \u00a0 \u00a0 \u00a0 \u00a0 \u00a0 \u00a0 \u00a0 \u00a0 \u00a0 \u00a0 \u00a0 \u00a0 \u00a0 \u00a0 \u00a0 \u00a0 \u00a0 \u00a0 \u00a0 \u00a0 \u00a0 \u00a0 \u00a0 \u00a0 \u00a0 \u00a0 \u00a0 \u00a0 \u00a0 \u00a0 \u00a0 \u00a0 \u00a0 \u00a0 \u00a0 \u00a0 \u00a0 \u00a0 \u00a0 \u00a0 \u00a0 \u00a0 \u00a0 \u00a0 \u00a0 \u00a0 \u00a0 \u00a0 \u00a0 \u00a0 \u00a0 \u00a0 \u00a0 \u00a0 \u00a0 \u00a0 \u00a0 \u00a0 \u00a0 \u00a0 \u00a0 \u00a0 \u00a0 \u00a0 \u00a0 \u00a0 \u00a0 \u00a0 \u00a0 \u00a0 \u00a0 \u00a0 \u00a0 \u00a0 \u00a0 \u00a0 \u00a0 \u00a0 \u00a0 \u00a0 \u00a0 \u00a0 \u00a0 \u00a0 \u00a0 \u00a0 \u00a0 \u00a0 \u00a0 \u00a0 \u00a0 \u00a0 Tel\u00e9fono: 6677587000 ext 40430<\/p>\n<p><strong>DAR CLICK<\/strong><strong>: <a href=\"https:\/\/www.google.com\/maps\/place\/Ense%C3%B1anza+Estatal+de+los+Servicios+de+salud+de+Sinaloa\/@24.8282467,-107.4061287,17z\/data=!4m6!3m5!1s0x86bcd14b94469b41:0xe0c332a00d413ff9!8m2!3d24.8282419!4d-107.4035484!16s%2Fg%2F11l6jdx763?authuser=0&amp;entry=ttu&amp;g_ep=EgoyMDI0MDkxNi4wIKXMDSoASAFQAw%3D%3D\">Ense\u00f1anza Estatal de los Servicios de salud de Sinaloa &#8211; Google Maps \u00a0 <\/a><\/strong><br \/>\n<img fetchpriority=\"high\" decoding=\"async\" class=\"alignnone wp-image-13980 size-full\" src=\"http:\/\/saludsinaloa.gob.mx\/wp-content\/uploads\/2022\/11\/Sin-titulo-1.png\" alt=\"\" width=\"1477\" height=\"854\" srcset=\"https:\/\/saludsinaloa.gob.mx\/wp-content\/uploads\/2022\/11\/Sin-titulo-1.png 1477w, https:\/\/saludsinaloa.gob.mx\/wp-content\/uploads\/2022\/11\/Sin-titulo-1-300x173.png 300w, https:\/\/saludsinaloa.gob.mx\/wp-content\/uploads\/2022\/11\/Sin-titulo-1-1024x592.png 1024w, https:\/\/saludsinaloa.gob.mx\/wp-content\/uploads\/2022\/11\/Sin-titulo-1-768x444.png 768w\" sizes=\"(max-width: 1477px) 100vw, 1477px\" \/><\/p>\n<p><strong>REQUISITOS PARA ADSCRIPCI\u00d3N RESIDENCIAS M\u00c9DICAS<\/strong> <strong>ENTRADA INDIRECTA<\/strong><\/p>\n<h4><strong>EL USO DE DOCUMENTACI\u00d3N FALSA O ALTERADA DE CUALQUIER FORMA, ES UNA FALTA GRAVE Y LLEVAR\u00c1 A INVALIDACI\u00d3N DEL PROCESO DE SELECCI\u00d3N, INDEPENDIENTEMENTE DE LA ETAPA EN LA QUE SE ENCUENTRE EL SOLICITANTE<\/strong><\/h4>\n<p>&nbsp;<\/p>\n<ul>\n<li>LLENADO COMPLETO DE HOJA DE IDENTIFICACI\u00d3 imprimir del link*(<a href=\"http:\/\/saludsinaloa.gob.mx\/wp-content\/uploads\/2020\/files\/Hoja_ID_Del_Medico_Residente.doc\">http:\/\/saludsinaloa.gob.mx\/wp-content\/uploads\/2020\/files\/Hoja_ID_Del_Medico_Residente.doc<\/a>)<\/li>\n<\/ul>\n<p>&nbsp;<\/p>\n<p><strong>BLVD. ALFONSO ZARAGOZA MAYTORENA N\u00b02204 EDIFICIO A PRIMER PISO<\/strong><br \/>\n<strong>FRACC. BONANZA C.P. 80020 CULIAC\u00c1N SINALOA<\/strong><\/p>\n<p>&nbsp;<\/p>\n<p class=\"textoNormal\">Fuente: Departamento de Ense\u00f1anza a Enero del 2024<br \/>\nElabor\u00f3: Departamento de Ense\u00f1anza &#8211; SERVICIOS DE SALUD DE SINALOA.<\/p>\n","protected":false},"excerpt":{"rendered":"<p>SUBDIRECCI\u00d3N DE ENSE\u00d1ANZA MISI\u00d3N Nuestra misi\u00f3n es: dirigir, coordinar, asesorar y supervisar los procesos de formaci\u00f3n, educaci\u00f3n continua y desarrollo profesional de los recursos humanos para la salud, favoreciendo el mejor desempe\u00f1o de las funciones del personal t\u00e9cnico y profesional responsable de la atenci\u00f3n y cuidado de la salud, a fin de contribuir a mejorar [&hellip;]<\/p>\n","protected":false},"author":1,"featured_media":0,"parent":0,"menu_order":0,"comment_status":"closed","ping_status":"closed","template":"templates\/full-width-page.php","meta":{"footnotes":""},"class_list":["post-897","page","type-page","status-publish","hentry"],"_links":{"self":[{"href":"https:\/\/saludsinaloa.gob.mx\/index.php\/wp-json\/wp\/v2\/pages\/897","targetHints":{"allow":["GET"]}}],"collection":[{"href":"https:\/\/saludsinaloa.gob.mx\/index.php\/wp-json\/wp\/v2\/pages"}],"about":[{"href":"https:\/\/saludsinaloa.gob.mx\/index.php\/wp-json\/wp\/v2\/types\/page"}],"author":[{"embeddable":true,"href":"https:\/\/saludsinaloa.gob.mx\/index.php\/wp-json\/wp\/v2\/users\/1"}],"replies":[{"embeddable":true,"href":"https:\/\/saludsinaloa.gob.mx\/index.php\/wp-json\/wp\/v2\/comments?post=897"}],"version-history":[{"count":182,"href":"https:\/\/saludsinaloa.gob.mx\/index.php\/wp-json\/wp\/v2\/pages\/897\/revisions"}],"predecessor-version":[{"id":22170,"href":"https:\/\/saludsinaloa.gob.mx\/index.php\/wp-json\/wp\/v2\/pages\/897\/revisions\/22170"}],"wp:attachment":[{"href":"https:\/\/saludsinaloa.gob.mx\/index.php\/wp-json\/wp\/v2\/media?parent=897"}],"curies":[{"name":"wp","href":"https:\/\/api.w.org\/{rel}","templated":true}]}}