{"id":278,"date":"2017-10-25T17:54:52","date_gmt":"2017-10-25T17:54:52","guid":{"rendered":"http:\/\/wpress2.saludsinaloa.gob.mx\/wordpress\/?page_id=278"},"modified":"2019-08-28T17:38:27","modified_gmt":"2019-08-28T17:38:27","slug":"our-services-vivamus-sit-amet-nunc-non","status":"publish","type":"page","link":"https:\/\/saludsinaloa.gob.mx\/index.php\/our-services-vivamus-sit-amet-nunc-non\/","title":{"rendered":"Enlaces"},"content":{"rendered":"<p><!--style=\"padding: 10px!important;\" --><br \/>\n<!--style=\"font-size: 30px!important;\"--><\/p>\n<section id=\"medical-way-latest-news-2\" class=\"widget medical_way_widget_latest_news\">\n<div id=\"mw-latest-news\" class=\"latest-news-widget latest-news-col-3\">\n<div class=\"container\">\n<div class=\"inner-wrapper\">\n<div class=\"latest-news-item\">\n<div class=\"latest-news-wrapper\">\n<div class=\"latest-news-thumb\"><a href=\"http:\/\/www.seguropopular-sinaloa.gob.mx\/\" target=\"_blank\" rel=\"noopener\"><br \/>\n<img fetchpriority=\"high\" decoding=\"async\" class=\"wp-post-image aligncenter\" src=\"http:\/\/wpress2.saludsinaloa.gob.mx\/wordpress\/wp-content\/uploads\/2017\/10\/seguro-popular-sinaloa-570x380.jpg\" sizes=\"(max-width: 570px) 100vw, 570px\" srcset=\"http:\/\/wpress2.saludsinaloa.gob.mx\/wordpress\/wp-content\/uploads\/2017\/10\/seguro-popular-sinaloa-570x380.jpg 570w, http:\/\/wpress2.saludsinaloa.gob.mx\/wordpress\/wp-content\/uploads\/2017\/10\/seguro-popular-sinaloa-300x200.jpg 300w, http:\/\/wpress2.saludsinaloa.gob.mx\/wordpress\/wp-content\/uploads\/2017\/10\/seguro-popular-sinaloa-768x512.jpg 768w, http:\/\/wpress2.saludsinaloa.gob.mx\/wordpress\/wp-content\/uploads\/2017\/10\/seguro-popular-sinaloa-1024x683.jpg 1024w\" alt=\"\" width=\"570\" height=\"380\" \/><\/a><\/div>\n<p><!-- .latest-news-thumb --><\/p>\n<div class=\"latest-news-text-wrap\">\n<p><!--style=\"font-size: 30px!important;\"--><\/p>\n<h3 class=\"latest-news-title\"><a href=\"http:\/\/www.seguropopular-sinaloa.gob.mx\/\" target=\"_blank\" rel=\"noopener\">SEGURO POPULAR <\/a><\/h3>\n<p><!-- .latest-news-title --><\/p>\n<div class=\"latest-news-excerpt\">\n<p>Informaci\u00f3n, programas, servicios, noticias y todo acerca de las acciones que realiza d\u00eda con d\u00eda el Seguro Popular&#8230;.<\/p>\n<\/div>\n<p><a class=\"button cta-button cta-button-primary\" href=\"http:\/\/www.seguropopular-sinaloa.gob.mx\/\" target=\"_blank\" rel=\"noopener\">Ir al Sitio<\/a><\/p>\n<\/div>\n<p><!-- .latest-news-text-wrap --><\/p>\n<\/div>\n<\/div>\n<div class=\"latest-news-item\">\n<div class=\"latest-news-wrapper\">\n<div class=\"latest-news-thumb\"><a href=\"http:\/\/www.cenetec.salud.gob.mx\/contenidos\/gpc\/catalogoMaestroGPC.html\" target=\"_blank\" rel=\"noopener\"><br \/>\n<img decoding=\"async\" class=\"wp-post-image aligncenter\" src=\"http:\/\/wpress2.saludsinaloa.gob.mx\/wordpress\/wp-content\/uploads\/2017\/10\/guia-practicas-medicas-570x380.jpg\" width=\"570\" height=\"380\" \/><\/a><\/div>\n<p><!-- .latest-news-thumb --><\/p>\n<div class=\"latest-news-text-wrap\">\n<h3 class=\"latest-news-title\"><a href=\"http:\/\/www.cenetec.salud.gob.mx\/contenidos\/gpc\/catalogoMaestroGPC.html\" target=\"_blank\" rel=\"noopener\">GU\u00cdAS PR\u00c1CTICAS CL\u00cdNICAS<\/a><\/h3>\n<p><!-- .latest-news-title --><\/p>\n<div class=\"latest-news-excerpt\">\n<p>Ofrece informaci\u00f3n basada en la mejor evidencia disponible acerca de los principales problemas de salud del pa\u00eds&#8230;.<\/p>\n<\/div>\n<p><a class=\"button cta-button cta-button-primary\" href=\"http:\/\/www.cenetec.salud.gob.mx\/contenidos\/gpc\/catalogoMaestroGPC.html\" target=\"_blank\" rel=\"noopener\">Ir al Sitio<\/a><\/p>\n<\/div>\n<p><!-- .latest-news-text-wrap --><\/p>\n<\/div>\n<\/div>\n<div class=\"latest-news-item\">\n<div class=\"latest-news-wrapper\">\n<div class=\"latest-news-thumb\"><a href=\"http:\/\/dengue.sinaloa.gob.mx\/\" target=\"_blank\" rel=\"noopener\"><br \/>\n<img decoding=\"async\" class=\"aligncenter wp-post-image\" src=\"http:\/\/wpress2.saludsinaloa.gob.mx\/wordpress\/wp-content\/uploads\/2017\/10\/dengue-zika-chinkungunya-570x380.jpg\" sizes=\"(max-width: 570px) 100vw, 570px\" srcset=\"http:\/\/wpress2.saludsinaloa.gob.mx\/wordpress\/wp-content\/uploads\/2017\/10\/dengue-zika-chinkungunya-570x380.jpg 570w, http:\/\/wpress2.saludsinaloa.gob.mx\/wordpress\/wp-content\/uploads\/2017\/10\/dengue-zika-chinkungunya-300x199.jpg 300w, http:\/\/wpress2.saludsinaloa.gob.mx\/wordpress\/wp-content\/uploads\/2017\/10\/dengue-zika-chinkungunya-768x510.jpg 768w, http:\/\/wpress2.saludsinaloa.gob.mx\/wordpress\/wp-content\/uploads\/2017\/10\/dengue-zika-chinkungunya-1024x680.jpg 1024w\" alt=\"\" width=\"570\" height=\"380\" \/> <\/a><\/div>\n<p><!-- .latest-news-thumb --><\/p>\n<div class=\"latest-news-text-wrap\">\n<h3 class=\"latest-news-title\"><a href=\"http:\/\/dengue.sinaloa.gob.mx\/\" target=\"_blank\" rel=\"noopener\"> DENGUE Y CHIKUNGUNYA <\/a><\/h3>\n<p><!-- .latest-news-title --><\/p>\n<div class=\"latest-news-excerpt\">\n<p>Ponle una barrera al dengue y chikungunya&#8230;<br \/>\n\u00a1CUIDA TU VIDA&#8230; Y LA DE LOS TUYOS!&#8230;<\/p>\n<\/div>\n<p><a class=\"button cta-button cta-button-primary\" href=\"http:\/\/dengue.sinaloa.gob.mx\/\" target=\"_blank\" rel=\"noopener\">Ir al Sitio<\/a><\/p>\n<\/div>\n<p><!-- .latest-news-text-wrap --><\/p>\n<\/div>\n<\/div>\n<div>\n<p><!-- .row --><\/p>\n<\/div>\n<\/div>\n<p><!-- .latest-news-widget --><\/p>\n<div class=\"inner-wrapper\">\n<div class=\"latest-news-item\">\n<div class=\"latest-news-wrapper\">\n<div class=\"latest-news-thumb\"><a href=\"http:\/\/www.seguropopular-sinaloa.gob.mx\/?page_id=3847\" target=\"_blank\" rel=\"noopener\"><br \/>\n<img fetchpriority=\"high\" decoding=\"async\" class=\"wp-post-image aligncenter\" src=\"http:\/\/wpress2.saludsinaloa.gob.mx\/wordpress\/wp-content\/uploads\/2017\/10\/seguro-popular-sinaloa-570x380.jpg\" sizes=\"(max-width: 570px) 100vw, 570px\" srcset=\"http:\/\/wpress2.saludsinaloa.gob.mx\/wordpress\/wp-content\/uploads\/2017\/10\/seguro-popular-sinaloa-570x380.jpg 570w, http:\/\/wpress2.saludsinaloa.gob.mx\/wordpress\/wp-content\/uploads\/2017\/10\/seguro-popular-sinaloa-300x200.jpg 300w, http:\/\/wpress2.saludsinaloa.gob.mx\/wordpress\/wp-content\/uploads\/2017\/10\/seguro-popular-sinaloa-768x512.jpg 768w, http:\/\/wpress2.saludsinaloa.gob.mx\/wordpress\/wp-content\/uploads\/2017\/10\/seguro-popular-sinaloa-1024x683.jpg 1024w\" alt=\"\" width=\"570\" height=\"380\" \/><\/a><\/div>\n<p><!-- .latest-news-thumb --><\/p>\n<div class=\"latest-news-text-wrap\">\n<h3 class=\"latest-news-title\"><a href=\"http:\/\/www.seguropopular-sinaloa.gob.mx\/?page_id=3847\" target=\"_blank\" rel=\"noopener\"> VIGENC\u00cdA <\/a><\/h3>\n<p><!-- .latest-news-title --><\/p>\n<div class=\"latest-news-excerpt\">\n<p>Por medio de nuestro sitio, puedes revisar el estado actual de tu Seguro Popular, para as\u00ed recibir la atenci\u00f3n necesaria o re-afiliarte&#8230;.<\/p>\n<\/div>\n<p><a class=\"button cta-button cta-button-primary\" href=\"http:\/\/www.seguropopular-sinaloa.gob.mx\/?page_id=3847\" target=\"_blank\" rel=\"noopener\">Ir al Sitio<\/a><\/p>\n<\/div>\n<p><!-- .latest-news-text-wrap --><\/p>\n<\/div>\n<\/div>\n<div class=\"latest-news-item\">\n<div class=\"latest-news-wrapper\">\n<div class=\"latest-news-thumb\"><a href=\"http:\/\/www.seguropopular-sinaloa.gob.mx\/?page_id=3010\" target=\"_blank\" rel=\"noopener\"><br \/>\n<img loading=\"lazy\" decoding=\"async\" class=\"wp-post-image aligncenter\" src=\"http:\/\/wpress2.saludsinaloa.gob.mx\/wordpress\/wp-content\/uploads\/2017\/10\/seguro-popular-sinaloa-570x380.jpg\" sizes=\"(max-width: 570px) 100vw, 570px\" alt=\"\" width=\"570\" height=\"380\" \/><\/a><\/div>\n<p><!-- .latest-news-thumb --><\/p>\n<div class=\"latest-news-text-wrap\">\n<h3 class=\"latest-news-title\"><a href=\"http:\/\/www.seguropopular-sinaloa.gob.mx\/?page_id=3010\" target=\"_blank\" rel=\"noopener\">AFILIACI\u00d3N <\/a><\/h3>\n<p><!-- .latest-news-title --><\/p>\n<div class=\"latest-news-excerpt\">\n<p>Si a\u00fan no cuentas con atenci\u00f3n m\u00e9dica p\u00fablica, puedes afiliarte al Seguro Popular y atenderte en los miles de centros de salud y hospitales&#8230;<\/p>\n<\/div>\n<p><a class=\"button cta-button cta-button-primary\" target=\"_blank\" rel=\"noopener\">Ir al Sitio<\/a><\/p>\n<\/div>\n<p><!-- .latest-news-text-wrap --><\/p>\n<\/div>\n<\/div>\n<div class=\"latest-news-item\">\n<div class=\"latest-news-wrapper\">\n<div class=\"latest-news-thumb\"><a href=\"http:\/\/www.seguropopular-sinaloa.gob.mx\/?page_id=3326\" target=\"_blank\" rel=\"noopener\"><br \/>\n<img loading=\"lazy\" decoding=\"async\" class=\"aligncenter wp-post-image\" src=\"http:\/\/wpress2.saludsinaloa.gob.mx\/wordpress\/wp-content\/uploads\/2017\/10\/seguro-popular-sinaloa-570x380.jpg\" sizes=\"(max-width: 570px) 100vw, 570px\" srcset=\"http:\/\/wpress2.saludsinaloa.gob.mx\/wordpress\/wp-content\/uploads\/2017\/10\/seguro-popular-sinaloa-570x380.jpg 570w, http:\/\/wpress2.saludsinaloa.gob.mx\/wordpress\/wp-content\/uploads\/2017\/10\/seguro-popular-sinaloa-300x199.jpg 300w, http:\/\/wpress2.saludsinaloa.gob.mx\/wordpress\/wp-content\/uploads\/2017\/10\/seguro-popular-sinaloa-768x510.jpg 768w, http:\/\/wpress2.saludsinaloa.gob.mx\/wordpress\/wp-content\/uploads\/2017\/10\/seguro-popular-sinaloa-1024x680.jpg 1024w\" alt=\"\" width=\"570\" height=\"380\" \/> <\/a><\/div>\n<p><!-- .latest-news-thumb --><\/p>\n<div class=\"latest-news-text-wrap\">\n<h3 class=\"latest-news-title\"><a href=\"http:\/\/www.seguropopular-sinaloa.gob.mx\/?page_id=3326\" target=\"_blank\" rel=\"noopener\"> UBICA TU M\u00d3DULO <\/a><\/h3>\n<p><!-- .latest-news-title --><\/p>\n<div class=\"latest-news-excerpt\">\n<p>\u00bfNo sabes que m\u00f3dulo del Seguro Popular est\u00e1 cercano a tu domicilio? consulta aqu\u00ed los m\u00f3dulos que est\u00e1n en tu comunidad&#8230;.<\/p>\n<\/div>\n<p><a class=\"button cta-button cta-button-primary\" href=\"http:\/\/www.seguropopular-sinaloa.gob.mx\/?page_id=3326\" target=\"_blank\" rel=\"noopener\">Ir al Sitio<\/a><\/p>\n<\/div>\n<p><!-- .latest-news-text-wrap --><\/p>\n<\/div>\n<\/div>\n<div>\n<p><!-- .row --><\/p>\n<\/div>\n<\/div>\n<p><!-- .latest-news-widget --><\/p>\n<div class=\"inner-wrapper\">\n<div class=\"latest-news-item\">\n<div class=\"latest-news-wrapper\">\n<div class=\"latest-news-thumb\"><a rel=\"noopener\"><br \/>\n<img loading=\"lazy\" decoding=\"async\" class=\"wp-post-image aligncenter\" src=\"http:\/\/wpress2.saludsinaloa.gob.mx\/wordpress\/wp-content\/uploads\/2017\/10\/emergencia-obstetrica-570x380.jpg\" sizes=\"(max-width: 570px) 100vw, 570px\" srcset=\"http:\/\/wpress2.saludsinaloa.gob.mx\/wordpress\/wp-content\/uploads\/2017\/10\/emergencia-obstetrica-570x380.jpg 570w, http:\/\/wpress2.saludsinaloa.gob.mx\/wordpress\/wp-content\/uploads\/2017\/10\/emergencia-obstetrica-300x200.jpg 300w, http:\/\/wpress2.saludsinaloa.gob.mx\/wordpress\/wp-content\/uploads\/2017\/10\/emergencia-obstetrica-768x512.jpg 768w, http:\/\/wpress2.saludsinaloa.gob.mx\/wordpress\/wp-content\/uploads\/2017\/10\/emergencia-obstetrica-1024x683.jpg 1024w\" alt=\"\" width=\"570\" height=\"380\" \/><\/a><\/div>\n<p><!-- .latest-news-thumb --><\/p>\n<div class=\"latest-news-text-wrap\">\n<h3 class=\"latest-news-title\"><a rel=\"noopener\">EMERGENCIAS OBST\u00c9TRICAS<\/a><\/h3>\n<p><!-- .latest-news-title --><\/p>\n<div class=\"latest-news-excerpt\">\n<p>Si tiene una Emergencia Obst\u00e9trica llame al 01 800 8412 779.<\/p>\n<\/div>\n<p><a class=\"button cta-button cta-button-primary\" rel=\"noopener\">Ir al Sitio<\/a><\/p>\n<\/div>\n<p><!-- .latest-news-text-wrap --><\/p>\n<\/div>\n<\/div>\n<div class=\"latest-news-item\">\n<div class=\"latest-news-wrapper\">\n<div class=\"latest-news-thumb\"><a target=\"_blank\" rel=\"noopener\"><br \/>\n<img loading=\"lazy\" decoding=\"async\" class=\"wp-post-image aligncenter\" src=\"http:\/\/wpress2.saludsinaloa.gob.mx\/wordpress\/wp-content\/uploads\/2017\/10\/convocatoria-570x380.jpg\" sizes=\"(max-width: 570px) 100vw, 570px\" alt=\"\" width=\"570\" height=\"380\" \/><\/a><\/div>\n<p><!-- .latest-news-thumb --><\/p>\n<div class=\"latest-news-text-wrap\">\n<h3 class=\"latest-news-title\"><a target=\"_blank\" rel=\"noopener\">CONVOCATORIAS<\/a><\/h3>\n<p><!-- .latest-news-title --><\/p>\n<div class=\"latest-news-excerpt\">\n<p>Convocatorias a concurso p\u00fablico nacional&#8230;<\/p>\n<\/div>\n<p><a class=\"button cta-button cta-button-primary\" target=\"_blank\" rel=\"noopener\">Ir al Sitio<\/a><\/p>\n<\/div>\n<p><!-- .latest-news-text-wrap --><\/p>\n<\/div>\n<\/div>\n<div class=\"latest-news-item\">\n<div class=\"latest-news-wrapper\">\n<div class=\"latest-news-thumb\"><a href=\"http:\/\/armonizacioncontable.sinaloa.gob.mx\/detalle\/organismo.aspx?id=34\" target=\"_blank\" rel=\"noopener\"><br \/>\n<img loading=\"lazy\" decoding=\"async\" class=\"aligncenter wp-post-image\" src=\"http:\/\/wpress2.saludsinaloa.gob.mx\/wordpress\/wp-content\/uploads\/2017\/10\/armonizacion-contable-570x380.jpg\" sizes=\"(max-width: 570px) 100vw, 570px\" srcset=\"http:\/\/wpress2.saludsinaloa.gob.mx\/wordpress\/wp-content\/uploads\/2017\/10\/armonizacion-contable-570x380.jpg 570w, http:\/\/wpress2.saludsinaloa.gob.mx\/wordpress\/wp-content\/uploads\/2017\/10\/armonizacion-contable-300x199.jpg 300w, http:\/\/wpress2.saludsinaloa.gob.mx\/wordpress\/wp-content\/uploads\/2017\/10\/armonizacion-contable-768x510.jpg 768w, http:\/\/wpress2.saludsinaloa.gob.mx\/wordpress\/wp-content\/uploads\/2017\/10\/armonizacion-contable-1024x680.jpg 1024w\" alt=\"\" width=\"570\" height=\"380\" \/> <\/a><\/div>\n<p><!-- .latest-news-thumb --><\/p>\n<div class=\"latest-news-text-wrap\">\n<h3 class=\"latest-news-title\"><a href=\"http:\/\/armonizacioncontable.sinaloa.gob.mx\/detalle\/organismo.aspx?id=34\" target=\"_blank\" rel=\"noopener\"> ARMONIZACI\u00d3N CONTABLE <\/a><\/h3>\n<p><!-- .latest-news-title --><\/p>\n<div class=\"latest-news-excerpt\">\n<p>Armonizaci\u00f3n Contable de Servicios de Salud de Sinaloa&#8230;<\/p>\n<\/div>\n<p><a class=\"button cta-button cta-button-primary\" href=\"http:\/\/armonizacioncontable.sinaloa.gob.mx\/detalle\/organismo.aspx?id=34\" target=\"_blank\" rel=\"noopener\">Ir al Sitio<\/a><\/p>\n<\/div>\n<p><!-- .latest-news-text-wrap --><\/p>\n<\/div>\n<\/div>\n<div>\n<p><!-- .row --><\/p>\n<\/div>\n<\/div>\n<p><!-- .latest-news-widget --><\/p>\n<div class=\"inner-wrapper\">\n<div class=\"latest-news-item\">\n<div class=\"latest-news-wrapper\">\n<div class=\"latest-news-thumb\"><a target=\"_blank\" rel=\"noopener\"><br \/>\n<img loading=\"lazy\" decoding=\"async\" class=\"wp-post-image aligncenter\" src=\"http:\/\/wpress2.saludsinaloa.gob.mx\/wordpress\/wp-content\/uploads\/2017\/10\/estadisticas-570x380.jpg\" sizes=\"(max-width: 570px) 100vw, 570px\" srcset=\"http:\/\/wpress2.saludsinaloa.gob.mx\/wordpress\/wp-content\/uploads\/2017\/10\/estadisticas-570x380.jpg 570w, http:\/\/wpress2.saludsinaloa.gob.mx\/wordpress\/wp-content\/uploads\/2017\/10\/estadisticas-300x200.jpg 300w, http:\/\/wpress2.saludsinaloa.gob.mx\/wordpress\/wp-content\/uploads\/2017\/10\/estadisticas-768x512.jpg 768w, http:\/\/wpress2.saludsinaloa.gob.mx\/wordpress\/wp-content\/uploads\/2017\/10\/estadisticas-1024x683.jpg 1024w\" alt=\"\" width=\"570\" height=\"380\" \/><\/a><\/div>\n<p><!-- .latest-news-thumb --><\/p>\n<div class=\"latest-news-text-wrap\">\n<h3 class=\"latest-news-title\"><a target=\"_blank\" rel=\"noopener\">ESTAD\u00cdSTICAS <\/a><\/h3>\n<p><!-- .latest-news-title --><\/p>\n<div class=\"latest-news-excerpt\">\n<p>Estad\u00edsticas de Servicios de Salud de Sinaloa&#8230;<\/p>\n<\/div>\n<p><a class=\"button cta-button cta-button-primary\" target=\"_blank\" rel=\"noopener\">Ir al Sitio<\/a><\/p>\n<\/div>\n<p><!-- .latest-news-text-wrap --><\/p>\n<\/div>\n<\/div>\n<div class=\"latest-news-item\">\n<div class=\"latest-news-wrapper\">\n<div class=\"latest-news-thumb\"><a target=\"_blank\" rel=\"noopener\"><br \/>\n<img loading=\"lazy\" decoding=\"async\" class=\"wp-post-image aligncenter\" src=\"http:\/\/wpress2.saludsinaloa.gob.mx\/wordpress\/wp-content\/uploads\/2017\/10\/telemedicina-570x380.jpg\" sizes=\"(max-width: 570px) 100vw, 570px\" alt=\"\" width=\"570\" height=\"380\" \/><\/a><\/div>\n<p><!-- .latest-news-thumb --><\/p>\n<div class=\"latest-news-text-wrap\">\n<h3 class=\"latest-news-title\"><a target=\"_blank\" rel=\"noopener\">TELEMEDICINA <\/a><\/h3>\n<p><!-- .latest-news-title --><\/p>\n<div class=\"latest-news-excerpt\">\n<p>Informaci\u00f3n de Telemedicina en Sinaloa&#8230;<\/p>\n<\/div>\n<p><a class=\"button cta-button cta-button-primary\" target=\"_blank\" rel=\"noopener\">Ir al Sitio<\/a><\/p>\n<\/div>\n<p><!-- .latest-news-text-wrap --><\/p>\n<\/div>\n<\/div>\n<div class=\"latest-news-item\">\n<div class=\"latest-news-wrapper\">\n<div class=\"latest-news-thumb\"><a target=\"_blank\" rel=\"noopener\"><br \/>\n<img loading=\"lazy\" decoding=\"async\" class=\"aligncenter wp-post-image\" src=\"http:\/\/wpress2.saludsinaloa.gob.mx\/wordpress\/wp-content\/uploads\/2017\/10\/programa-adquisiciones-570x380.jpg\" sizes=\"(max-width: 570px) 100vw, 570px\" srcset=\"http:\/\/wpress2.saludsinaloa.gob.mx\/wordpress\/wp-content\/uploads\/2017\/10\/programa-adquisiciones-570x380.jpg 570w, http:\/\/wpress2.saludsinaloa.gob.mx\/wordpress\/wp-content\/uploads\/2017\/10\/programa-adquisiciones-300x199.jpg 300w, http:\/\/wpress2.saludsinaloa.gob.mx\/wordpress\/wp-content\/uploads\/2017\/10\/programa-adquisiciones-768x510.jpg 768w, http:\/\/wpress2.saludsinaloa.gob.mx\/wordpress\/wp-content\/uploads\/2017\/10\/programa-adquisiciones-1024x680.jpg 1024w\" alt=\"\" width=\"570\" height=\"380\" \/> <\/a><\/div>\n<p><!-- .latest-news-thumb --><\/p>\n<div class=\"latest-news-text-wrap\">\n<h3 class=\"latest-news-title\"><a target=\"_blank\" rel=\"noopener\"> PROGRAMA ANUAL DE ADQUISICIONES <\/a><\/h3>\n<p><!-- .latest-news-title --><\/p>\n<div class=\"latest-news-excerpt\">\n<p>Programa Anual de Adquisiciones, arrendamientos y servicios&#8230;<\/p>\n<\/div>\n<p><a class=\"button cta-button cta-button-primary\" target=\"_blank\" rel=\"noopener\">Ir al Sitio<\/a><\/p>\n<\/div>\n<p><!-- .latest-news-text-wrap --><\/p>\n<\/div>\n<\/div>\n<div>\n<p><!-- .row --><\/p>\n<\/div>\n<\/div>\n<p><!-- .latest-news-widget --><\/p>\n<div class=\"inner-wrapper\">\n<div class=\"latest-news-item\">\n<div class=\"latest-news-wrapper\">\n<div class=\"latest-news-thumb\"><a href=\"http:\/\/www.seguro-popular.gob.mx\/\" target=\"_blank\" rel=\"noopener\"><br \/>\n<img loading=\"lazy\" decoding=\"async\" class=\"wp-post-image aligncenter\" src=\"http:\/\/wpress2.saludsinaloa.gob.mx\/wordpress\/wp-content\/uploads\/2017\/10\/logo-seguropopular-570x380.jpg\" sizes=\"(max-width: 570px) 100vw, 570px\" srcset=\"http:\/\/wpress2.saludsinaloa.gob.mx\/wordpress\/wp-content\/uploads\/2017\/10\/logo-seguropopular-570x380.jpg 570w, http:\/\/wpress2.saludsinaloa.gob.mx\/wordpress\/wp-content\/uploads\/2017\/10\/logo-seguropopular-300x200.jpg 300w, http:\/\/wpress2.saludsinaloa.gob.mx\/wordpress\/wp-content\/uploads\/2017\/10\/logo-seguropopular-768x512.jpg 768w, http:\/\/wpress2.saludsinaloa.gob.mx\/wordpress\/wp-content\/uploads\/2017\/10\/logo-seguropopular-1024x683.jpg 1024w\" alt=\"\" width=\"570\" height=\"380\" \/><\/a><\/div>\n<p><!-- .latest-news-thumb --><\/p>\n<div class=\"latest-news-text-wrap\">\n<h3 class=\"latest-news-title\"><a href=\"http:\/\/www.seguro-popular.gob.mx\/\" target=\"_blank\" rel=\"noopener\"> SEGURO POPULAR<\/a><\/h3>\n<p><!-- .latest-news-title --><\/p>\n<div class=\"latest-news-excerpt\">\n<p>Beneficios del Seguro Popular, Noticias de Salud etc&#8230;<\/p>\n<\/div>\n<p><a class=\"button cta-button cta-button-primary\" href=\"http:\/\/www.seguro-popular.gob.mx\/\" target=\"_blank\" rel=\"noopener\">Ir al Sitio<\/a><\/p>\n<\/div>\n<p><!-- .latest-news-text-wrap --><\/p>\n<\/div>\n<\/div>\n<div class=\"latest-news-item\">\n<div class=\"latest-news-wrapper\">\n<div class=\"latest-news-thumb\"><a href=\"http:\/\/www.sce.salud.gob.mx\/\" target=\"_blank\" rel=\"noopener\"><br \/>\n<img loading=\"lazy\" decoding=\"async\" class=\"wp-post-image aligncenter\" src=\"http:\/\/wpress2.saludsinaloa.gob.mx\/wordpress\/wp-content\/uploads\/2017\/10\/logo-seguropopular-570x380.jpg\" sizes=\"(max-width: 570px) 100vw, 570px\" alt=\"\" width=\"570\" height=\"380\" \/><\/a><\/div>\n<p><!-- .latest-news-thumb --><\/p>\n<div class=\"latest-news-text-wrap\">\n<h3 class=\"latest-news-title\"><a href=\"http:\/\/www.sce.salud.gob.mx\/\" target=\"_blank\" rel=\"noopener\">SEGURO POPULAR, SCE<\/a><\/h3>\n<p><!-- .latest-news-title --><\/p>\n<div class=\"latest-news-excerpt\">\n<p>Sistema de Compensaci\u00f3n Econ\u00f3mica&#8230;<\/p>\n<\/div>\n<p><a class=\"button cta-button cta-button-primary\" target=\"_blank\" rel=\"noopener\">Ir al Sitio<\/a><\/p>\n<\/div>\n<p><!-- .latest-news-text-wrap --><\/p>\n<\/div>\n<\/div>\n<div class=\"latest-news-item\">\n<div class=\"latest-news-wrapper\">\n<div class=\"latest-news-thumb\"><a href=\"http:\/\/sistemas.cnpss.gob.mx\/\" target=\"_blank\" rel=\"noopener\"><br \/>\n<img loading=\"lazy\" decoding=\"async\" class=\"aligncenter wp-post-image\" src=\"http:\/\/wpress2.saludsinaloa.gob.mx\/wordpress\/wp-content\/uploads\/2017\/10\/logo-seguropopular-570x380.jpg\" sizes=\"(max-width: 570px) 100vw, 570px\" srcset=\"http:\/\/wpress2.saludsinaloa.gob.mx\/wordpress\/wp-content\/uploads\/2017\/10\/logo-seguropopular-570x380.jpg 570w, http:\/\/wpress2.saludsinaloa.gob.mx\/wordpress\/wp-content\/uploads\/2017\/10\/logo-seguropopular-300x199.jpg 300w, http:\/\/wpress2.saludsinaloa.gob.mx\/wordpress\/wp-content\/uploads\/2017\/10\/logo-seguropopular-768x510.jpg 768w, http:\/\/wpress2.saludsinaloa.gob.mx\/wordpress\/wp-content\/uploads\/2017\/10\/logo-seguropopular-seguro-popular-1024x680.jpg 1024w\" alt=\"\" width=\"570\" height=\"380\" \/> <\/a><\/div>\n<p><!-- .latest-news-thumb --><\/p>\n<div class=\"latest-news-text-wrap\">\n<h3 class=\"latest-news-title\"><a href=\"http:\/\/sistemas.cnpss.gob.mx\/\" target=\"_blank\" rel=\"noopener\"> SEGURO POPULAR, SISTEMAS <\/a><\/h3>\n<p><!-- .latest-news-title --><\/p>\n<div class=\"latest-news-excerpt\">\n<p>Portal de Sistemas del Seguro Popular&#8230;<\/p>\n<\/div>\n<p><a class=\"button cta-button cta-button-primary\" href=\"http:\/\/sistemas.cnpss.gob.mx\/\" target=\"_blank\" rel=\"noopener\">Ir al Sitio<\/a><\/p>\n<\/div>\n<p><!-- .latest-news-text-wrap --><\/p>\n<\/div>\n<\/div>\n<div>\n<p><!-- .row --><\/p>\n<\/div>\n<\/div>\n<p><!-- .latest-news-widget --><\/p>\n<div class=\"inner-wrapper\">\n<div class=\"latest-news-item\">\n<div class=\"latest-news-wrapper\">\n<div class=\"latest-news-thumb\"><a href=\"http:\/\/www.hgculiacan.com\/\" target=\"_blank\" rel=\"noopener\"><br \/>\n<img loading=\"lazy\" decoding=\"async\" class=\"wp-post-image aligncenter\" src=\"http:\/\/wpress2.saludsinaloa.gob.mx\/wordpress\/wp-content\/uploads\/2017\/10\/hg-culiacan--570x380.jpg\" sizes=\"(max-width: 570px) 100vw, 570px\" srcset=\"http:\/\/wpress2.saludsinaloa.gob.mx\/wordpress\/wp-content\/uploads\/2017\/10\/hg-culiacan-570x380.jpg 570w, http:\/\/wpress2.saludsinaloa.gob.mx\/wordpress\/wp-content\/uploads\/2017\/10\/hg-culiacan-300x200.jpg 300w, http:\/\/wpress2.saludsinaloa.gob.mx\/wordpress\/wp-content\/uploads\/2017\/10\/hg-culiacan-768x512.jpg 768w, http:\/\/wpress2.saludsinaloa.gob.mx\/wordpress\/wp-content\/uploads\/2017\/10\/hg-culiacan-1024x683.jpg 1024w\" alt=\"\" width=\"570\" height=\"380\" \/><\/a><\/div>\n<p><!-- .latest-news-thumb --><\/p>\n<div class=\"latest-news-text-wrap\">\n<h3 class=\"latest-news-title\"><a href=\"http:\/\/www.hgculiacan.com\/\" target=\"_blank\" rel=\"noopener\"> HOSPITAL GENERAL DE CULIAC\u00c1N<\/a><\/h3>\n<p><!-- .latest-news-title --><\/p>\n<div class=\"latest-news-excerpt\">\n<p>Informaci\u00f3n del Hospital General de Culiac\u00e1n\u2026<\/p>\n<\/div>\n<p><a class=\"button cta-button cta-button-primary\" href=\"http:\/\/www.hgculiacan.com\/\" target=\"_blank\" rel=\"noopener\">Ir al Sitio<\/a><\/p>\n<\/div>\n<p><!-- .latest-news-text-wrap --><\/p>\n<\/div>\n<\/div>\n<div class=\"latest-news-item\">\n<div class=\"latest-news-wrapper\">\n<div class=\"latest-news-thumb\"><a href=\"unidades-medicas\/#\/hospital-de-la-mujer\" target=\"_blank\" rel=\"noopener\"><br \/>\n<\/a><img loading=\"lazy\" decoding=\"async\" class=\"size-full wp-image-6828 aligncenter\" src=\"http:\/\/saludsinaloa.gob.mx\/wp-content\/uploads\/2017\/11\/Hospital_d_la_mujer_570x320.jpg\" alt=\"\" width=\"570\" height=\"320\" srcset=\"https:\/\/saludsinaloa.gob.mx\/wp-content\/uploads\/2017\/11\/Hospital_d_la_mujer_570x320.jpg 570w, https:\/\/saludsinaloa.gob.mx\/wp-content\/uploads\/2017\/11\/Hospital_d_la_mujer_570x320-300x168.jpg 300w\" sizes=\"(max-width: 570px) 100vw, 570px\" \/><\/div>\n<p><!-- .latest-news-thumb --><\/p>\n<div class=\"latest-news-text-wrap\">\n<h3><\/h3>\n<h3 class=\"latest-news-title\"><a href=\"unidades-medicas\/#\/hospital-de-la-mujer\" target=\"_blank\" rel=\"noopener\">HOSPITAL DE LA MUJER<\/a><\/h3>\n<p><!-- .latest-news-title --><\/p>\n<div class=\"latest-news-excerpt\">\n<p>Informaci\u00f3n del Hospital de la Mujer\u2026<\/p>\n<\/div>\n<p><a class=\"button cta-button cta-button-primary\" href=\"unidades-medicas\/#\/hospital-de-la-mujer\" target=\"_blank\" rel=\"noopener\">Ir al Sitio<\/a><\/p>\n<\/div>\n<p><!-- .latest-news-text-wrap --><\/p>\n<\/div>\n<\/div>\n<div class=\"latest-news-item\">\n<div class=\"latest-news-wrapper\">\n<div class=\"latest-news-thumb\"><a href=\"http:\/\/www.hps.org.mx\/\" target=\"_blank\" rel=\"noopener\"><br \/>\n<img loading=\"lazy\" decoding=\"async\" class=\"aligncenter wp-post-image\" src=\"http:\/\/wpress2.saludsinaloa.gob.mx\/wordpress\/wp-content\/uploads\/2017\/10\/hpediatrico-570x380.jpg\" sizes=\"(max-width: 570px) 100vw, 570px\" srcset=\"http:\/\/wpress2.saludsinaloa.gob.mx\/wordpress\/wp-content\/uploads\/2017\/10\/hpediatrico-570x380.jpg 570w, http:\/\/wpress2.saludsinaloa.gob.mx\/wordpress\/wp-content\/uploads\/2017\/10\/hpediatrico-300x199.jpg 300w, http:\/\/wpress2.saludsinaloa.gob.mx\/wordpress\/wp-content\/uploads\/2017\/10\/hpediatrico-768x510.jpg 768w, http:\/\/wpress2.saludsinaloa.gob.mx\/wordpress\/wp-content\/uploads\/2017\/10\/hpediatrico-seguro-popular-1024x680.jpg 1024w\" alt=\"\" width=\"570\" height=\"380\" \/> <\/a><\/div>\n<p><!-- .latest-news-thumb --><\/p>\n<div class=\"latest-news-text-wrap\">\n<h3 class=\"latest-news-title\"><a href=\"http:\/\/www.hps.org.mx\/\" target=\"_blank\" rel=\"noopener\"> HOSPITAL PEDI\u00c1TRICO DE SINALOA <\/a><\/h3>\n<p><!-- .latest-news-title --><\/p>\n<div class=\"latest-news-excerpt\">\n<p>Informaci\u00f3n del Hospital Pedi\u00e1trico\u2026<\/p>\n<\/div>\n<p><a class=\"button cta-button cta-button-primary\" href=\"http:\/\/www.hps.org.mx\/\" target=\"_blank\" rel=\"noopener\">Ir al Sitio<\/a><\/p>\n<p>&nbsp;<\/p>\n<\/div>\n<p><!-- .latest-news-text-wrap --><\/p>\n<\/div>\n<\/div>\n<div>\n<p><!-- .row --><\/p>\n<\/div>\n<\/div>\n<p><!-- .latest-news-widget --><\/p>\n<\/div>\n<\/div>\n<\/section>\n","protected":false},"excerpt":{"rendered":"<p>SEGURO POPULAR Informaci\u00f3n, programas, servicios, noticias y todo acerca de las acciones que realiza d\u00eda con d\u00eda el Seguro Popular&#8230;. Ir al Sitio GU\u00cdAS PR\u00c1CTICAS CL\u00cdNICAS Ofrece informaci\u00f3n basada en la mejor evidencia disponible acerca de los principales problemas de salud del pa\u00eds&#8230;. Ir al Sitio DENGUE Y CHIKUNGUNYA Ponle una barrera al dengue y [&hellip;]<\/p>\n","protected":false},"author":1,"featured_media":0,"parent":0,"menu_order":0,"comment_status":"closed","ping_status":"closed","template":"templates\/full-width-page.php","meta":{"footnotes":""},"class_list":["post-278","page","type-page","status-publish","hentry"],"_links":{"self":[{"href":"https:\/\/saludsinaloa.gob.mx\/index.php\/wp-json\/wp\/v2\/pages\/278","targetHints":{"allow":["GET"]}}],"collection":[{"href":"https:\/\/saludsinaloa.gob.mx\/index.php\/wp-json\/wp\/v2\/pages"}],"about":[{"href":"https:\/\/saludsinaloa.gob.mx\/index.php\/wp-json\/wp\/v2\/types\/page"}],"author":[{"embeddable":true,"href":"https:\/\/saludsinaloa.gob.mx\/index.php\/wp-json\/wp\/v2\/users\/1"}],"replies":[{"embeddable":true,"href":"https:\/\/saludsinaloa.gob.mx\/index.php\/wp-json\/wp\/v2\/comments?post=278"}],"version-history":[{"count":82,"href":"https:\/\/saludsinaloa.gob.mx\/index.php\/wp-json\/wp\/v2\/pages\/278\/revisions"}],"predecessor-version":[{"id":7987,"href":"https:\/\/saludsinaloa.gob.mx\/index.php\/wp-json\/wp\/v2\/pages\/278\/revisions\/7987"}],"wp:attachment":[{"href":"https:\/\/saludsinaloa.gob.mx\/index.php\/wp-json\/wp\/v2\/media?parent=278"}],"curies":[{"name":"wp","href":"https:\/\/api.w.org\/{rel}","templated":true}]}}