{"id":10957,"date":"2020-09-09T00:20:55","date_gmt":"2020-09-09T00:20:55","guid":{"rendered":"http:\/\/saludsinaloa.gob.mx\/?page_id=10957"},"modified":"2020-09-21T19:28:20","modified_gmt":"2020-09-21T19:28:20","slug":"contraloria-social-2020","status":"publish","type":"page","link":"https:\/\/saludsinaloa.gob.mx\/index.php\/contraloria-social-2020\/","title":{"rendered":"Contraloria Social 2020"},"content":{"rendered":"<p>&nbsp;<\/p>\n<table style=\"border-collapse: collapse; width: 100%; height: 24px;\">\n<tbody>\n<tr style=\"height: 24px;\">\n<td style=\"width: 50%; height: 24px;\">Programa Estatal de Trabajo de Contralor\u00eda Social (PETCS) 2020<\/td>\n<td style=\"width: 50%; height: 24px;\"><a href=\"http:\/\/saludsinaloa.gob.mx\/wp-content\/uploads\/2020\/files\/PETCS 2020 Firmado Contraloria social.pdf\" target=\"_blank\" rel=\"noopener noreferrer\"><img decoding=\"async\" class=\"aligncenter\" src=\"https:\/\/coollogos.top\/wp-content\/uploads\/2019\/03\/pdf.png\" alt=\"Resultado de imagen para Logo PDF\" width=\"44\" height=\"44\" \/><\/a><\/td>\n<\/tr>\n<\/tbody>\n<\/table>\n<p>&nbsp;<\/p>\n<p>La presente <strong>Gu\u00eda Operativa de Contralor\u00eda Social del Programa Fortalecimiento a la Atenci\u00f3n M\u00e9dica S200<\/strong> <strong>en el marco de los Comit\u00e9s Locales de Salud<\/strong>, se elabora en apego y cumplimiento al Acuerdo por el que se establecen los Lineamientos para la promoci\u00f3n, operaci\u00f3n y seguimiento de la Contralor\u00eda Social en los programas federales de desarrollo social(1), y a la Estrategia Marco elaborada por la Unidad de Operaci\u00f3n Regional y Contralor\u00eda Social de la Secretar\u00eda de la Funci\u00f3n P\u00fablica (<strong>UORCS<\/strong>).(2)<\/p>\n<p>&nbsp;<\/p>\n<p><img fetchpriority=\"high\" decoding=\"async\" class=\"size-full wp-image-10959 aligncenter\" src=\"http:\/\/saludsinaloa.gob.mx\/wp-content\/uploads\/2020\/09\/el_cochi_sin.jpg\" alt=\"\" width=\"1032\" height=\"581\" srcset=\"https:\/\/saludsinaloa.gob.mx\/wp-content\/uploads\/2020\/09\/el_cochi_sin.jpg 1032w, https:\/\/saludsinaloa.gob.mx\/wp-content\/uploads\/2020\/09\/el_cochi_sin-300x169.jpg 300w, https:\/\/saludsinaloa.gob.mx\/wp-content\/uploads\/2020\/09\/el_cochi_sin-1024x576.jpg 1024w, https:\/\/saludsinaloa.gob.mx\/wp-content\/uploads\/2020\/09\/el_cochi_sin-768x432.jpg 768w\" sizes=\"(max-width: 1032px) 100vw, 1032px\" \/><\/p>\n<p>&nbsp;<\/p>\n<p style=\"text-align: center;\"><strong>\u00a0Programa FAM, Sinaloa<\/strong><\/p>\n<p>&nbsp;<\/p>\n<p><strong>\u00a0 \u00a0 \u00a0 \u00a0 \u00a0 \u00a0 \u00a0 \u00a0 \u00a0 \u00a0<\/strong><\/p>\n<p><strong><em>\u00a0<\/em><\/strong><\/p>\n<table style=\"width: 100.534%; height: 1389px;\" width=\"633\">\n<tbody>\n<tr>\n<td style=\"background-color: #72c0ed;\" colspan=\"5\">\n<p style=\"text-align: center;\"><span style=\"color: #000000;\"><strong><em>\u00a0<\/em><\/strong><strong><em>Estructura de responsabilidad<\/em><\/strong><strong><em>\u00a0<\/em><\/strong><\/span><\/p>\n<\/td>\n<\/tr>\n<tr>\n<td style=\"text-align: center; background-color: #91b4d9;\" width=\"110\"><span style=\"color: #000000;\"><strong><em>\u00a0<\/em><\/strong><\/span><\/p>\n<p><span style=\"color: #000000;\"><strong><em>Nombre<\/em><\/strong><\/span><\/td>\n<td style=\"text-align: center; background-color: #91b4d9;\" width=\"118\"><span style=\"color: #000000;\"><strong><em>\u00a0<\/em><\/strong><\/span><\/p>\n<p><span style=\"color: #000000;\"><strong><em>Cargo<\/em><\/strong><\/span><\/td>\n<td style=\"text-align: center; background-color: #91b4d9;\" width=\"216\"><span style=\"color: #000000;\"><strong><em>\u00a0<\/em><\/strong><\/span><\/p>\n<p><span style=\"color: #000000;\"><strong><em>Contacto<\/em><\/strong><\/span><\/td>\n<td style=\"text-align: center; background-color: #91b4d9;\" width=\"94\"><span style=\"color: #000000;\"><strong><em>\u00a0<\/em><\/strong><\/span><\/p>\n<p><span style=\"color: #000000;\"><strong><em>Funci\u00f3n<\/em><\/strong><\/span><\/td>\n<td style=\"text-align: center; background-color: #91b4d9;\" width=\"95\"><span style=\"color: #000000;\"><strong><em>\u00a0<\/em><\/strong><\/span><\/p>\n<p><span style=\"color: #000000;\"><strong><em>Firma<\/em><\/strong><\/span><\/td>\n<\/tr>\n<tr>\n<td width=\"110\"><strong>Dr. Efr\u00e9n Encinas Torres<\/strong><\/td>\n<td width=\"118\"><strong>\u00a0<\/strong><strong>Secretaria de Salud y Director de los Servicios de Salud de Sinaloa<\/strong><strong>\u00a0<\/strong><\/td>\n<td width=\"216\"><em>\u00a0<\/em><\/p>\n<p><em>\u00a0<\/em><em>efren.encinas@sinaloa.gob.mx<\/em><\/td>\n<td width=\"94\">Titular de los Servicios Estatales de Salud <strong>(SES)<\/strong><\/td>\n<td width=\"95\"><strong><em>\u00a0<\/em><\/strong><\/td>\n<\/tr>\n<tr>\n<td style=\"background-color: #91b4d9;\" width=\"110\">&nbsp;<\/p>\n<p>&nbsp;<\/p>\n<p><span style=\"color: #000000;\"><strong>\u00a0<\/strong><\/span><\/p>\n<p><span style=\"color: #000000;\"><strong>Dr. H\u00e9ctor Alc\u00e1ntara G\u00f3mez<\/strong><\/span><\/p>\n<p>&nbsp;<\/td>\n<td style=\"background-color: #91b4d9;\" width=\"118\"><span style=\"color: #000000;\"><strong>\u00a0<\/strong><\/span><\/p>\n<p><span style=\"color: #000000;\"><strong>\u00a0<\/strong><\/span><\/p>\n<p><span style=\"color: #000000;\"><strong>\u00a0<\/strong><\/span><\/p>\n<p><span style=\"color: #000000;\"><strong>Director de Atenci\u00f3n M\u00e9dica<\/strong><\/span><\/p>\n<p><span style=\"color: #000000;\"><strong>\u00a0<\/strong><\/span><\/td>\n<td style=\"background-color: #91b4d9;\" width=\"216\">&nbsp;<\/p>\n<p>&nbsp;<\/p>\n<p><span style=\"color: #000000;\"><em>hector.alcantara@<\/em><\/span><span style=\"color: #000000;\"><em>saludsinalao.gob.mx<\/em><\/span><\/td>\n<td style=\"background-color: #91b4d9;\" width=\"94\">&nbsp;<\/p>\n<p><span style=\"color: #000000;\">Enlace de Contralor\u00eda Social para el uso del <strong>SICS<\/strong><\/span><\/p>\n<p><span style=\"color: #000000;\"><strong>(Representaci\u00f3n Federal)<\/strong><\/span><\/p>\n<p>&nbsp;<\/td>\n<td style=\"background-color: #91b4d9;\" width=\"95\"><span style=\"color: #000000;\"><strong><em>\u00a0<\/em><\/strong><\/span><\/td>\n<\/tr>\n<tr>\n<td width=\"110\">&nbsp;<\/p>\n<p>&nbsp;<\/p>\n<p><strong>Dr. Joel Antonio Conde Guti\u00e9rrez<\/strong><\/td>\n<td width=\"118\"><strong>\u00a0<\/strong><\/p>\n<p><strong>\u00a0<\/strong><\/p>\n<p><strong>Coordinador del Programa FAM<\/strong><\/p>\n<p><strong>en el estado de Sinaloa<\/strong><\/td>\n<td width=\"216\">&nbsp;<\/p>\n<p>&nbsp;<\/p>\n<p><em>f<\/em><em>am<\/em><em>sinaloa2019@gmail.com<\/em><\/td>\n<td width=\"94\">&nbsp;<\/p>\n<p>&nbsp;<\/p>\n<p>Ejecutor Estatal <strong>(Enlace de Contralor\u00eda Social)<\/strong><\/p>\n<p>Para la Coordinaci\u00f3n con el OEC<\/td>\n<td width=\"95\"><strong><em>\u00a0<\/em><\/strong><\/td>\n<\/tr>\n<tr>\n<td style=\"background-color: #91b4d9;\" width=\"110\">&nbsp;<\/p>\n<p><span style=\"color: #000000;\"><strong>Dr. Carlos Gabriel Terrazas Guerrero<\/strong><\/span><\/td>\n<td style=\"background-color: #91b4d9;\" width=\"118\"><span style=\"color: #000000;\"><strong>\u00a0<\/strong><\/span><\/p>\n<p><span style=\"color: #000000;\"><strong>Supervisor del Programa <\/strong><\/span><\/p>\n<p><span style=\"color: #000000;\"><strong>en el Estado de Sinaloa<\/strong><\/span><\/td>\n<td style=\"background-color: #91b4d9;\" width=\"216\"><span style=\"color: #000000;\"><em>\u00a0<\/em><\/span><\/p>\n<p><span style=\"color: #000000;\"><em>cgterrazas@hotmail.com<\/em><\/span><\/td>\n<td style=\"background-color: #91b4d9;\" width=\"94\">&nbsp;<\/p>\n<p><span style=\"color: #000000;\">Supervisor a cargo del <strong>Programa de<\/strong> <strong>Contralor\u00eda Social<\/strong><\/span><\/p>\n<p>&nbsp;<\/td>\n<td style=\"background-color: #91b4d9;\" width=\"95\"><span style=\"color: #000000;\"><strong><em>\u00a0<\/em><\/strong><\/span><\/td>\n<\/tr>\n<\/tbody>\n<\/table>\n<p style=\"text-align: right;\"><strong>Culiac\u00e1n Sinaloa Marzo del 2020<\/strong><\/p>\n<table style=\"border-collapse: collapse; width: 100%;\">\n<tbody>\n<tr>\n<td style=\"width: 50%;\"><span style=\"color: #000000;\">Estructura de responsabilidad\u00a0<\/span><\/td>\n<td style=\"width: 50%;\"><a href=\"http:\/\/saludsinaloa.gob.mx\/wp-content\/uploads\/2020\/files\/Firmas de Guia Operativa Contraloria social 2020.pdf\" target=\"_blank\" rel=\"noopener noreferrer\"><img decoding=\"async\" class=\"aligncenter\" src=\"https:\/\/coollogos.top\/wp-content\/uploads\/2019\/03\/pdf.png\" alt=\"Resultado de imagen para Logo PDF\" width=\"44\" height=\"44\" \/><\/a><\/td>\n<\/tr>\n<\/tbody>\n<\/table>\n<p>&nbsp;<\/p>\n<p>&nbsp;<\/p>\n<table style=\"width: 100.034%; height: 4512px;\" width=\"733\">\n<tbody>\n<tr>\n<td colspan=\"2\" width=\"733\">\n<p style=\"text-align: center;\"><strong>\u00a0<\/strong><span style=\"color: #000000;\"><strong>GLOSARIO DE T\u00c9RMINOS<\/strong><\/span><\/p>\n<\/td>\n<\/tr>\n<tr>\n<td style=\"background-color: #91b4d9;\" width=\"130\"><span style=\"color: #000000;\"><strong>\u00a0<\/strong><\/span><\/p>\n<p><span style=\"color: #000000;\"><strong>Representaci\u00f3n Federal<\/strong><\/span><\/td>\n<td style=\"background-color: #91b4d9;\" width=\"603\">&nbsp;<\/p>\n<p>&nbsp;<\/p>\n<p><span style=\"color: #000000;\">Coordinaci\u00f3n\u00a0 Estatal del Programa Fortalecimiento a la Atenci\u00f3n M\u00e9dica en Sinaloa<\/span><\/p>\n<p>&nbsp;<\/td>\n<\/tr>\n<tr>\n<td style=\"background-color: #91b4d9;\" width=\"130\"><span style=\"color: #000000;\"><strong>\u00a0<\/strong><\/span><\/p>\n<p><span style=\"color: #000000;\"><strong>CLUES<\/strong><\/span><\/td>\n<td style=\"background-color: #91b4d9;\" width=\"603\">&nbsp;<\/p>\n<p><span style=\"color: #000000;\">Clave \u00fanica de establecimientos de salud.<\/span><\/td>\n<\/tr>\n<tr>\n<td style=\"background-color: #91b4d9;\" width=\"130\"><span style=\"color: #000000;\"><strong>\u00a0<\/strong><\/span><\/p>\n<p><span style=\"color: #000000;\"><strong>Comit\u00e9 de Contralor\u00eda Social (CSS)<\/strong><\/span><\/td>\n<td style=\"background-color: #91b4d9;\" width=\"603\">&nbsp;<\/p>\n<p><span style=\"color: #000000;\">Son las formas de organizaci\u00f3n social constituidos por los beneficiarios directos del <strong>programa<\/strong>, conforme se establece en el art\u00edculo 67 del Reglamento de la Ley General de Desarrollo Social.<\/span><\/td>\n<\/tr>\n<tr>\n<td style=\"background-color: #91b4d9;\" width=\"130\"><span style=\"color: #000000;\"><strong>\u00a0<\/strong><\/span><\/p>\n<p><span style=\"color: #000000;\"><strong>Comit\u00e9 Local de Salud<\/strong><\/span><\/td>\n<td style=\"background-color: #91b4d9;\" width=\"603\">&nbsp;<\/p>\n<p><span style=\"color: #000000;\">Son la instancia de participaci\u00f3n comunitaria que auxilian directamente al equipo de salud Itinerante para la prestaci\u00f3n de los servicios de salud, los comit\u00e9s tienen la tarea de concertar apoyos log\u00edsticos para fortalecer la operaci\u00f3n del Programa en la localidad.<\/span><\/td>\n<\/tr>\n<tr>\n<td style=\"background-color: #91b4d9;\" width=\"130\"><span style=\"color: #000000;\"><strong>\u00a0<\/strong><\/span><\/p>\n<p><span style=\"color: #000000;\"><strong>\u00a0<\/strong><\/span><\/p>\n<p><span style=\"color: #000000;\"><strong>CPFAM<\/strong><\/span><\/td>\n<td style=\"background-color: #91b4d9;\" width=\"603\">&nbsp;<\/p>\n<p>&nbsp;<\/p>\n<p><span style=\"color: #000000;\">Coordinaci\u00f3n del Programa Fortalecimiento a la Atenci\u00f3n M\u00e9dica S200 (<strong>Representaci\u00f3n Federal<\/strong>).<\/span><\/p>\n<p>&nbsp;<\/td>\n<\/tr>\n<tr>\n<td style=\"background-color: #91b4d9;\" width=\"130\"><span style=\"color: #000000;\"><strong>\u00a0<\/strong><\/span><\/p>\n<p><span style=\"color: #000000;\"><strong>Contralores Sociales<\/strong><\/span><\/td>\n<td style=\"background-color: #91b4d9;\" width=\"603\">&nbsp;<\/p>\n<p><span style=\"color: #000000;\">Beneficiarios directos del <strong>P<em>rograma<\/em><\/strong>, constituidos en Comit\u00e9s de Contralor\u00eda Social (<strong>CSS<\/strong>).<\/span><\/td>\n<\/tr>\n<tr>\n<td style=\"background-color: #91b4d9;\" width=\"130\"><span style=\"color: #000000;\"><strong>\u00a0<\/strong><\/span><\/p>\n<p><span style=\"color: #000000;\"><strong>\u00a0<\/strong><\/span><\/p>\n<p><span style=\"color: #000000;\"><strong>\u00a0<\/strong><\/span><\/p>\n<p><span style=\"color: #000000;\"><strong>Denuncia<\/strong><\/span><\/td>\n<td style=\"background-color: #91b4d9;\" width=\"603\">&nbsp;<\/p>\n<p><span style=\"color: #000000;\">Manifestaciones de hechos o acciones presuntamente irregulares, presentadas por los beneficiarios del <strong>programa<\/strong>, respecto de las acciones de promoci\u00f3n, prevenci\u00f3n y servicios de salud que otorgan las <strong>UMM<\/strong> del <strong>programa<\/strong>. Dichas irregularidades se canalizan a trav\u00e9s de buzones y de los comit\u00e9s de contralor\u00eda social; se presentan junto con la informaci\u00f3n recopilada a la Representaci\u00f3n Federal o, en su caso, a la instancia ejecutora del programa federal, a efecto de que se tomen las medidas correspondientes.<\/span><\/td>\n<\/tr>\n<tr>\n<td style=\"background-color: #91b4d9;\" width=\"130\"><span style=\"color: #000000;\"><strong>\u00a0<\/strong><\/span><\/p>\n<p><span style=\"color: #000000;\"><strong>DGPLADES<\/strong><\/span><\/td>\n<td style=\"background-color: #91b4d9;\" width=\"603\">&nbsp;<\/p>\n<p><span style=\"color: #000000;\">Direcci\u00f3n General de Planeaci\u00f3n y Desarrollo en Salud.<\/span><\/td>\n<\/tr>\n<tr>\n<td style=\"background-color: #91b4d9;\" width=\"130\"><span style=\"color: #000000;\"><strong>\u00a0<\/strong><\/span><\/p>\n<p><span style=\"color: #000000;\"><strong>\u00a0<\/strong><\/span><\/p>\n<p><span style=\"color: #000000;\"><strong>Ejecutoras Estatales<\/strong><\/span><\/td>\n<td style=\"background-color: #91b4d9;\" width=\"603\">&nbsp;<\/p>\n<p><span style=\"color: #000000;\">Servicios Estatales de Salud (por sus siglas <strong>SES<\/strong>) en cada entidad federativa, son los responsables de la ejecuci\u00f3n, transparencia y rendici\u00f3n de cuentas del P<em>rograma<\/em> <strong>FAM; <\/strong>dado que est\u00e1n a cargo del ejercicio de los recursos federales y a los que se le otorga la responsabilidad de operar el <strong>Programa<\/strong>, a trav\u00e9s de los Convenios Espec\u00edficos de Colaboraci\u00f3n en Materia de Transferencia de Recursos Presupuestarios Federales con Car\u00e1cter de Subsidios, que celebran el Ejecutivo Federal a trav\u00e9s de la Secretar\u00eda de Salud con los Servicios Estatales de Salud.<\/span><\/td>\n<\/tr>\n<tr>\n<td style=\"background-color: #91b4d9;\" width=\"130\"><span style=\"color: #000000;\"><strong>\u00a0<\/strong><\/span><\/p>\n<p><span style=\"color: #000000;\"><strong>\u00a0<\/strong><\/span><\/p>\n<p><span style=\"color: #000000;\"><strong>Estrategia M<\/strong><strong>arco<\/strong><\/span><\/td>\n<td style=\"background-color: #91b4d9;\" width=\"603\">&nbsp;<\/p>\n<table style=\"width: 100%; height: 24px;\" width=\"100%\">\n<tbody>\n<tr style=\"height: 24px;\">\n<td style=\"height: 24px;\"><span style=\"color: #0000ff;\"><a style=\"color: #0000ff;\" href=\"http:\/\/sitios.dif.gob.mx\/contraloria_social\/wpcontent\/uploads\/2019\/07\/E040_Estrategia-Marco.pdf\"><em>http:\/\/sitios.dif.gob.mx\/contraloria_social\/wpcontent\/uploads\/2019\/07\/E040_Estrategia-Marco.pdf<\/em><\/a><\/span><\/td>\n<\/tr>\n<\/tbody>\n<\/table>\n<p><span style=\"color: #000000;\">Documento elaborado por la Unidad de Operaci\u00f3n Regional y Contralor\u00eda Social en el que se establecen los criterios, metodolog\u00edas y herramientas para la elaboraci\u00f3n de las estrategias y procedimientos de cada programa federal.<\/span><\/p>\n<p>&nbsp;<\/td>\n<\/tr>\n<tr>\n<td style=\"background-color: #91b4d9;\" width=\"130\"><span style=\"color: #000000;\"><strong>\u00a0<\/strong><\/span><\/p>\n<p><span style=\"color: #000000;\"><strong>Equipo de Salud Itinerante (ESI)<\/strong><\/span><\/td>\n<td style=\"background-color: #91b4d9;\" width=\"603\">&nbsp;<\/p>\n<p><span style=\"color: #000000;\">Grupo de profesionales en el campo de la salud, conformados por un m\u00e9dico general, un cirujano dentista, un(a) enfermero (a), un promotor de la salud que cuenten con t\u00edtulo profesional o certificado legalmente expedido y registrado por la autoridad educativa competente.<\/span><\/td>\n<\/tr>\n<tr>\n<td style=\"background-color: #91b4d9;\" width=\"130\"><span style=\"color: #000000;\"><strong>\u00a0<\/strong><\/span><\/p>\n<p><span style=\"color: #000000;\"><strong>\u00a0<\/strong><\/span><\/p>\n<p><span style=\"color: #000000;\"><strong>Instancia Normativa (IN)<\/strong><\/span><\/td>\n<td style=\"background-color: #91b4d9;\" width=\"603\">&nbsp;<\/p>\n<p><span style=\"color: #000000;\"><strong>DGPLADES<\/strong>, tiene a su cargo la rector\u00eda del <em>Programa<\/em><strong> FAM<\/strong> y es responsable de definir y establecer la metodolog\u00eda operativa de los procesos de planeaci\u00f3n, promoci\u00f3n, capacitaci\u00f3n, difusi\u00f3n y seguimiento del programa de la Contralor\u00eda Social.<\/span><\/p>\n<p>&nbsp;<\/td>\n<\/tr>\n<tr>\n<td style=\"background-color: #91b4d9;\" width=\"130\"><span style=\"color: #000000;\"><strong>\u00a0<\/strong><\/span><\/p>\n<p><span style=\"color: #000000;\"><strong>\u00a0<\/strong><\/span><\/p>\n<p><span style=\"color: #000000;\"><strong>Localidad Atendida<\/strong><\/span><\/td>\n<td style=\"background-color: #91b4d9;\" width=\"603\">&nbsp;<\/p>\n<p><span style=\"color: #000000;\">Aqu\u00e9lla en la que el Equipo de Salud Itinerante y la UMM proporcionan peri\u00f3dicamente la atenci\u00f3n primaria a la salud y que se encuentra incorporada en el anexo 5 del Convenio Espec\u00edfico.<\/span><\/p>\n<p><span style=\"color: #0000ff;\"><a style=\"color: #0000ff;\" href=\"https:\/\/www.gob.mx\/cms\/uploads\/attachment\/file\/526512\/ROP_FAM_2020__28_DIC_19_.pdf\"><em>https:\/\/www.gob.mx\/cms\/uploads\/attachment\/file\/526512\/ROP_FAM_2020__28_DIC_19_.pdf<\/em><\/a><\/span><\/td>\n<\/tr>\n<tr>\n<td style=\"background-color: #91b4d9;\" width=\"130\"><span style=\"color: #000000;\"><strong>\u00a0<\/strong><\/span><\/p>\n<p><span style=\"color: #000000;\"><strong>\u00a0<\/strong><\/span><\/p>\n<p><span style=\"color: #000000;\"><strong>OEC<\/strong><\/span><\/td>\n<td style=\"background-color: #91b4d9;\" width=\"603\">&nbsp;<\/p>\n<p><span style=\"color: #000000;\">Dependencias de la administraci\u00f3n p\u00fablica de los gobiernos estatales y de la Ciudad de M\u00e9xico, que tienen a su cargo las atribuciones en materia de control y fiscalizaci\u00f3n de la gesti\u00f3n p\u00fablica<\/span><\/p>\n<p><span style=\"color: #0000ff;\"><a style=\"color: #0000ff;\" href=\"https:\/\/www.gob.mx\/cms\/uploads\/attachment\/file\/159454\/2016_10_28_MAT_sfp_Lineamientos_CS.pdf\"><em>https:\/\/www.gob.mx\/cms\/uploads\/attachment\/file\/159454\/2016_10_28_MAT_sfp_Lineamientos_CS.pdf<\/em><\/a><\/span><\/p>\n<p><span style=\"color: #000000;\"><em><u>\u00a0<\/u><\/em><\/span><\/p>\n<p>&nbsp;<\/td>\n<\/tr>\n<tr>\n<td style=\"background-color: #91b4d9;\" width=\"130\"><span style=\"color: #000000;\"><strong>\u00a0<\/strong><\/span><\/p>\n<p><span style=\"color: #000000;\"><strong>\u00a0<\/strong><\/span><\/p>\n<p><span style=\"color: #000000;\"><strong>PATCS<\/strong><\/span><\/td>\n<td style=\"background-color: #91b4d9;\" width=\"603\">&nbsp;<\/p>\n<p><span style=\"color: #000000;\">Programa Anual de Trabajo de Contralor\u00eda Social a cargo de la <strong>Instancia Normativa<\/strong>, en el que se establecen las actividades, los responsables, las metas, la unidad de medida y el calendario de ejecuci\u00f3n para desarrollar la Contralor\u00eda Social.<\/span><\/td>\n<\/tr>\n<tr>\n<td style=\"background-color: #91b4d9;\" width=\"130\"><span style=\"color: #000000;\"><strong>\u00a0<\/strong><\/span><\/p>\n<p><span style=\"color: #000000;\"><strong>\u00a0<\/strong><\/span><\/p>\n<p><span style=\"color: #000000;\"><strong>PETCS<\/strong><\/span><\/td>\n<td style=\"background-color: #91b4d9;\" width=\"603\">&nbsp;<\/p>\n<p><span style=\"color: #000000;\">Programa Estatal de Trabajo de Contralor\u00eda Social, a cargo de los <strong>SES<\/strong>, en el que se establecen las actividades, los responsables, las metas, la unidad de medida y el calendario de ejecuci\u00f3n de la Contralor\u00eda Social<\/span><\/p>\n<p>&nbsp;<\/td>\n<\/tr>\n<tr>\n<td style=\"background-color: #91b4d9;\" width=\"130\"><span style=\"color: #000000;\"><strong>\u00a0<\/strong><\/span><\/p>\n<p><span style=\"color: #000000;\"><strong>\u00a0<\/strong><\/span><\/p>\n<p><span style=\"color: #000000;\"><strong>\u00a0<\/strong><\/span><\/p>\n<p><span style=\"color: #000000;\"><strong>Programa FAM <\/strong><\/span><\/td>\n<td style=\"background-color: #91b4d9;\" width=\"603\"><span style=\"color: #000000;\"><em>\u00a0<\/em><\/span><\/p>\n<p><span style=\"color: #000000;\">Programa Fortalecimiento a la Atenci\u00f3n M\u00e9dica acerca los servicios de salud a la poblaci\u00f3n que habita en zonas marginadas, con alta dispersi\u00f3n y dif\u00edciles condiciones de acceso debido a su ubicaci\u00f3n geogr\u00e1fica.<\/span><\/p>\n<p><span style=\"color: #0000ff;\"><a style=\"color: #0000ff;\" href=\"https:\/\/www.gob.mx\/salud\/acciones-y-programas\/programa-fortalecimiento-a-la-atencion-medica-antes-unidades-medicas-moviles?state=published\"><em>https:\/\/www.gob.mx\/salud\/acciones-y-programas\/programa-fortalecimiento-a-la-atencion-medica-antes-unidades-medicas-moviles?state=published<\/em><\/a><\/span><\/p>\n<p><span style=\"color: #000000;\"><em><u>\u00a0<\/u><\/em><\/span><\/td>\n<\/tr>\n<tr>\n<td style=\"background-color: #91b4d9;\" width=\"130\"><span style=\"color: #000000;\"><strong>\u00a0<\/strong><\/span><\/p>\n<p><span style=\"color: #000000;\"><strong>Representaciones Federales (RF)<\/strong><\/span><\/td>\n<td style=\"background-color: #91b4d9;\" width=\"603\">&nbsp;<\/p>\n<p><span style=\"color: #000000;\">Son las Coordinaciones del <em>Programa<\/em><strong> FAM<\/strong>, adscritas a los <strong>SES<\/strong> en las entidades federativas y son las encargadas de ejecutar los procesos de planeaci\u00f3n, promoci\u00f3n, capacitaci\u00f3n, difusi\u00f3n y seguimiento de la Contralor\u00eda Social.<\/span><\/p>\n<p>&nbsp;<\/td>\n<\/tr>\n<tr>\n<td style=\"background-color: #91b4d9;\" width=\"130\"><span style=\"color: #000000;\"><strong>\u00a0<\/strong><\/span><\/p>\n<p><span style=\"color: #000000;\"><strong>\u00a0<\/strong><\/span><\/p>\n<p><span style=\"color: #000000;\"><strong>\u00a0<\/strong><\/span><\/p>\n<p><span style=\"color: #000000;\"><strong>Queja<\/strong><\/span><\/td>\n<td style=\"background-color: #91b4d9;\" width=\"603\">&nbsp;<\/p>\n<p><span style=\"color: #000000;\">Manifestaci\u00f3n escrita, de los beneficiarios, de disgusto que sienten afectaci\u00f3n en sus derechos respecto de la aplicaci\u00f3n y ejecuci\u00f3n de los programas, o donde se encuentren involucrados servidores p\u00fablicos en ejercicio de sus funciones, y en su caso en contra de personas que manejen o apliquen recursos p\u00fablicos federales. Se presentan a trav\u00e9s de buzones y de los Comit\u00e9s de Contralor\u00eda Social.<\/span><\/p>\n<p><span style=\"color: #0000ff;\"><a style=\"color: #0000ff;\" href=\"https:\/\/www.gob.mx\/cms\/uploads\/attachment\/file\/159454\/2016_10_28_MAT_sfp_Lineamientos_CS.pdf\"><em>https:\/\/www.gob.mx\/cms\/uploads\/attachment\/file\/159454\/2016_10_28_MAT_sfp_Lineamientos_CS.pdf<\/em><\/a><\/span><\/p>\n<p>&nbsp;<\/td>\n<\/tr>\n<tr>\n<td style=\"background-color: #91b4d9;\" width=\"130\"><span style=\"color: #000000;\"><strong>\u00a0<\/strong><\/span><\/p>\n<p><span style=\"color: #000000;\"><strong>SES<\/strong><\/span><\/td>\n<td style=\"background-color: #91b4d9;\" width=\"603\">&nbsp;<\/p>\n<p><span style=\"color: #000000;\">Servicios Estatales de Salud Comprende a las Secretar\u00edas de Salud y a los Organismos Descentralizados en cada una de las 32 Entidades Federativas.<\/span><\/p>\n<p>&nbsp;<\/td>\n<\/tr>\n<tr>\n<td style=\"background-color: #91b4d9;\" width=\"130\"><span style=\"color: #000000;\"><strong>\u00a0<\/strong><\/span><\/p>\n<p><span style=\"color: #000000;\"><strong>SFP<\/strong><\/span><\/td>\n<td style=\"background-color: #91b4d9;\" width=\"603\"><span style=\"color: #000000;\">Secretar\u00eda de la Funci\u00f3n P\u00fablica. Dise\u00f1a, planea y ejecuta las pol\u00edticas p\u00fablicas en materia de control interno y la evaluaci\u00f3n de la gesti\u00f3n gubernamental; vigila el cumplimiento de los planes, programas, y proyectos gubernamentales de todas las \u00e1reas de la Administraci\u00f3n P\u00fablica Federal<\/span><\/p>\n<p><span style=\"color: #0000ff;\"><a style=\"color: #0000ff;\" href=\"https:\/\/es.wikipedia.org\/wiki\/Secretar%C3%ADa_de_la_Funci%C3%B3n_P%C3%BAblica\"><em>https:\/\/es.wikipedia.org\/wiki\/Secretar%C3%ADa_de_la_Funci%C3%B3n_P%C3%BAblica<\/em><\/a><\/span><\/p>\n<p><span style=\"color: #000000;\">.<\/span><\/td>\n<\/tr>\n<tr>\n<td style=\"background-color: #91b4d9;\" width=\"130\"><span style=\"color: #000000;\"><strong>\u00a0<\/strong><\/span><\/p>\n<p><span style=\"color: #000000;\"><strong>\u00a0<\/strong><\/span><\/p>\n<p><span style=\"color: #000000;\"><strong>SICS<\/strong><\/span><\/td>\n<td style=\"background-color: #91b4d9;\" width=\"603\">&nbsp;<\/p>\n<p><span style=\"color: #000000;\">Sistema Inform\u00e1tico de Contralor\u00eda Social, plataforma inform\u00e1tica administrada por la Secretar\u00eda de la Funci\u00f3n P\u00fablica para el registra, control y seguimiento a las actividades que desarrollan los programas federales de desarrollo social.<\/span><\/p>\n<p><span style=\"color: #000000;\"><strong>\u00a0<\/strong><\/span><\/td>\n<\/tr>\n<tr>\n<td style=\"background-color: #91b4d9;\" width=\"130\"><span style=\"color: #000000;\"><strong>\u00a0<\/strong><\/span><\/p>\n<p><span style=\"color: #000000;\"><strong>\u00a0<\/strong><\/span><\/p>\n<p><span style=\"color: #000000;\"><strong>UORCS<\/strong><\/span><\/p>\n<p><span style=\"color: #000000;\"><strong>\u00a0<\/strong><\/span><\/td>\n<td style=\"background-color: #91b4d9;\" width=\"603\">&nbsp;<\/p>\n<p><span style=\"color: #000000;\">Unidad de Operaci\u00f3n Regional y Contralor\u00eda Social, Unidad Administrativa de la Subsecretar\u00eda de Control y Auditor\u00eda de la Gesti\u00f3n P\u00fablica, de la SFP.<\/span><\/p>\n<p><span style=\"color: #0000ff;\"><a style=\"color: #0000ff;\" href=\"http:\/\/pcop.funcionpublica.gob.mx\/index.php\/ua\/scagp\/uorcs.html\"><em>http:\/\/pcop.funcionpublica.gob.mx\/index.php\/ua\/scagp\/uorcs.html<\/em><\/a><\/span><\/p>\n<p>&nbsp;<\/td>\n<\/tr>\n<tr>\n<td style=\"background-color: #91b4d9;\" width=\"130\"><span style=\"color: #000000;\"><strong>\u00a0<\/strong><\/span><\/p>\n<p><span style=\"color: #000000;\"><strong>\u00a0<\/strong><\/span><\/p>\n<p><span style=\"color: #000000;\"><strong>UMM<\/strong><\/span><\/p>\n<p><span style=\"color: #000000;\"><strong>\u00a0<\/strong><\/span><\/td>\n<td style=\"background-color: #91b4d9;\" width=\"603\">&nbsp;<\/p>\n<p><span style=\"color: #000000;\">Unidades M\u00e9dicas M\u00f3viles, los veh\u00edculos automotores propiedad de la Federaci\u00f3n dotados de diferente Capacidad Resolutiva que se otorgan en comodato a las Entidades Federativas, as\u00ed como de aquellas cuya propiedad haya sido transferida a la entidad para el desarrollo del Programa, y que funcionan como establecimientos de salud m\u00f3viles.<\/span><\/p>\n<p><span style=\"color: #0000ff;\"><a style=\"color: #0000ff;\" href=\"https:\/\/www.gob.mx\/cms\/uploads\/attachment\/file\/526512\/ROP_FAM_2020__28_DIC_19_.pdf\"><em>https:\/\/www.gob.mx\/cms\/uploads\/attachment\/file\/526512\/ROP_FAM_2020__28_DIC_19_.pdf<\/em><\/a><\/span><\/p>\n<p>&nbsp;<\/td>\n<\/tr>\n<\/tbody>\n<\/table>\n<p>&nbsp;<\/p>\n<table style=\"width: 100.111%; height: 649px;\" width=\"720\">\n<tbody>\n<tr>\n<td width=\"720\"><strong>\u00a0<\/strong><\/p>\n<p style=\"text-align: center;\"><span style=\"color: #000000;\"><strong>ANEXOS DE LA GU\u00cdA OPERATIVA<\/strong><\/span><\/p>\n<\/td>\n<\/tr>\n<tr>\n<td style=\"background-color: #91b4d9; width: 720px;\" width=\"720\"><span style=\"color: #000000;\"><strong>Anexo-1:<\/strong> Acta constitutiva del Comit\u00e9 de Contralor\u00eda Social.<\/span><\/p>\n<p><span style=\"color: #000000;\"><strong>Anexo-2:<\/strong> Informe del Comit\u00e9 de Contralor\u00eda Social.<\/span><\/p>\n<p><span style=\"color: #000000;\"><strong>Anexo-3<\/strong>: Lista de asistencia de capacitaci\u00f3n.<\/span><\/p>\n<p><span style=\"color: #000000;\"><strong>Anexo-4:<\/strong> Informe estatal de capacitaci\u00f3n.<\/span><\/p>\n<p><span style=\"color: #000000;\"><strong>Anexo-5:<\/strong> Servicios de salud que proporcionan las UMM.<\/span><\/p>\n<p><span style=\"color: #000000;\"><strong>Anexo-6:<\/strong> Plan de capacitaci\u00f3n.<\/span><\/p>\n<p><span style=\"color: #000000;\"><strong>Anexo-7:<\/strong> Funciones de los Comit\u00e9s de Contralor\u00eda Social.<\/span><\/p>\n<p><span style=\"color: #000000;\"><strong>Anexo-8:<\/strong> Cronograma de visitas por UMM.<\/span><\/p>\n<p><span style=\"color: #000000;\"><strong>Anexo-9:<\/strong> Quejas y Denuncias.<\/span><\/p>\n<p><span style=\"color: #000000;\"><strong>Anexo-10:<\/strong> Minuta de reuni\u00f3n.<\/span><\/p>\n<p><span style=\"color: #000000;\"><strong>Anexo-11: <\/strong>Informe de resultados del Comit\u00e9 de Contralor\u00eda Social a los beneficiarios.<\/span><\/p>\n<p><span style=\"color: #000000;\"><strong>Anexo-12:<\/strong> Derechos y obligaciones de los beneficiarios.<\/span><\/p>\n<p><strong>\u00a0<\/strong><\/td>\n<\/tr>\n<\/tbody>\n<\/table>\n<p>&nbsp;<\/p>\n<p>&nbsp;<\/p>\n<p>&nbsp;<\/p>\n<table style=\"width: 0%; height: 744px;\" width=\"100%\">\n<tbody>\n<tr style=\"height: 24px;\">\n<td style=\"background-color: #91b4d9; height: 24px;\" width=\"17%\"><span style=\"color: #000000;\">Programa:<\/span><\/td>\n<td style=\"background-color: #91b4d9; height: 24px;\" width=\"82%\"><span style=\"color: #000000;\"><strong>Programa Fortalecimiento a la Atenci\u00f3n M\u00e9dica S200 (FAM)<\/strong><\/span><\/td>\n<\/tr>\n<tr style=\"height: 24px;\">\n<td style=\"height: 24px; background-color: #ffffff;\" width=\"17%\"><\/td>\n<td style=\"height: 24px; background-color: #ffffff;\" width=\"82%\"><\/td>\n<\/tr>\n<tr style=\"height: 72px;\">\n<td style=\"background-color: #91b4d9; height: 72px;\" width=\"17%\"><span style=\"color: #000000;\">Objetivo General:<\/span><\/td>\n<td style=\"background-color: #91b4d9; height: 72px;\" width=\"82%\"><span style=\"color: #000000;\">Contribuir con las Entidades Federativas para brindar de forma efectiva acceso y prestaci\u00f3n de los servicios de atenci\u00f3n primaria a la salud en localidades menores a 2,500 personas, carentes de servicios de salud, mediante la transferencia de recursos federales, personal m\u00e9dico y UMM de diferente capacidad resolutiva.<\/span><\/td>\n<\/tr>\n<tr style=\"height: 24px;\">\n<td style=\"background-color: #ffffff; height: 24px;\" width=\"17%\"><\/td>\n<td style=\"background-color: #ffffff; height: 24px;\" width=\"82%\"><\/td>\n<\/tr>\n<tr style=\"height: 192px;\">\n<td style=\"background-color: #91b4d9; height: 192px;\" width=\"17%\"><span style=\"color: #000000;\">1. Presupuesto Autorizado:<\/span><\/td>\n<td style=\"background-color: #91b4d9; height: 192px;\" width=\"82%\"><span style=\"color: #000000;\"><strong>$11,766,892.08 (Once millones setecientos sesenta y seis mil ochocientos noventa y dos pesos 08\/100 M.N.)<\/strong><\/span><\/p>\n<p><span style=\"color: #000000;\">El presupuesto autorizado al Programa puede sufrir modificaciones (ampliaciones y\/o reducciones) durante el ejercicio fiscal, sujeto a la formalizaci\u00f3n de los Convenios Espec\u00edficos de Colaboraci\u00f3n en Materia de Transferencia de Recursos Presupuestarios Federales con Car\u00e1cter de Subsidios, que celebran el Ejecutivo Federal a trav\u00e9s de la Secretar\u00eda de Salud con los Servicios Estatales de Salud de Sinaloa.<\/span><\/td>\n<\/tr>\n<tr style=\"height: 24px;\">\n<td style=\"height: 24px; background-color: #ffffff;\" width=\"17%\"><\/td>\n<td style=\"height: 24px; background-color: #ffffff;\" width=\"82%\"><\/td>\n<\/tr>\n<tr style=\"height: 192px;\">\n<td style=\"background-color: #91b4d9; height: 192px;\" width=\"17%\"><span style=\"color: #000000;\">2. Presupuesto a vigilar:<\/span><\/td>\n<td style=\"background-color: #91b4d9; height: 192px;\" width=\"82%\"><span style=\"color: #000000;\"><strong>$11,766,892.08 (Once millones setecientos sesenta y seis mil ochocientos noventa y dos pesos 08\/100 M.N.)<\/strong><\/span><\/p>\n<p><span style=\"color: #000000;\">El presupuesto autorizado al Programa puede sufrir modificaciones (ampliaciones y\/o reducciones) durante el ejercicio fiscal, sujeto a la formalizaci\u00f3n de los Convenios Espec\u00edficos de Colaboraci\u00f3n en Materia de Transferencia de Recursos Presupuestarios Federales con Car\u00e1cter de Subsidios, que celebran el Ejecutivo Federal a trav\u00e9s de la Secretar\u00eda de Salud con los Servicios Estatales de Salud de Sinaloa.<\/span><\/td>\n<\/tr>\n<tr style=\"height: 24px;\">\n<td style=\"height: 24px; background-color: #ffffff;\" width=\"17%\"><\/td>\n<td style=\"height: 24px; background-color: #ffffff;\" width=\"82%\"><\/td>\n<\/tr>\n<tr style=\"height: 48px;\">\n<td style=\"background-color: #91b4d9; height: 48px;\" width=\"17%\"><span style=\"color: #000000;\">3. Cobertura:<\/span><\/td>\n<td style=\"background-color: #91b4d9; height: 48px;\" width=\"82%\"><span style=\"color: #000000;\"><strong>21<\/strong> rutas, 11 Municipios, 329 Localidades, 50,462 personas como Poblaci\u00f3n Objetivo. (CONFORME AL ANEXO 5 DEL CONVENIO 2020)<\/span><\/td>\n<\/tr>\n<tr style=\"height: 24px;\">\n<td style=\"height: 24px; background-color: #ffffff;\" width=\"17%\"><\/td>\n<td style=\"height: 24px; background-color: #ffffff;\" width=\"82%\"><\/td>\n<\/tr>\n<tr style=\"height: 96px;\">\n<td style=\"background-color: #91b4d9; height: 96px;\" width=\"17%\"><span style=\"color: #000000;\">4. Cobertura de Contralor\u00eda Social:<\/span><\/td>\n<td style=\"background-color: #91b4d9; height: 96px;\" width=\"82%\"><span style=\"color: #000000;\">\u00a01 Entidad Federativa<\/span><\/p>\n<p><span style=\"color: #000000;\">21 Comit\u00e9s de Contralor\u00eda Social (meta estatal 2020)<\/span><\/td>\n<\/tr>\n<\/tbody>\n<\/table>\n<p><strong>\u00a0<\/strong><strong><em>\u00a0<\/em><\/strong><\/p>\n<p><strong>\u00a0<\/strong><strong>Sinaloa<\/strong><\/p>\n<p><strong> <img decoding=\"async\" class=\"size-full wp-image-10966 aligncenter\" src=\"http:\/\/saludsinaloa.gob.mx\/wp-content\/uploads\/2020\/09\/sinaloa_dat.jpg\" alt=\"\" width=\"805\" height=\"477\" srcset=\"https:\/\/saludsinaloa.gob.mx\/wp-content\/uploads\/2020\/09\/sinaloa_dat.jpg 805w, https:\/\/saludsinaloa.gob.mx\/wp-content\/uploads\/2020\/09\/sinaloa_dat-300x178.jpg 300w, https:\/\/saludsinaloa.gob.mx\/wp-content\/uploads\/2020\/09\/sinaloa_dat-768x455.jpg 768w\" sizes=\"(max-width: 805px) 100vw, 805px\" \/><\/strong><\/p>\n<p><strong>\u00a0<\/strong><\/p>\n<p><strong>\u00a0<\/strong><strong>\u00a0<\/strong><\/p>\n<p><strong>\u00a0<\/strong><strong>\u00a0<\/strong><\/p>\n<table style=\"width: 100.029%; height: 1043px;\" width=\"737\">\n<tbody>\n<tr>\n<td style=\"width: 97.7337%; background-color: #f2aa2e; text-align: center;\" colspan=\"10\" width=\"737\"><span style=\"color: #000000;\"><strong>META PROGRAMADA DE COMIT\u00c9S DE CONTRALOR\u00cdA SOCIAL<\/strong><\/span><\/td>\n<\/tr>\n<tr>\n<td style=\"width: 97.7337%; background-color: #f7c634; text-align: center;\" colspan=\"10\" width=\"737\"><span style=\"color: #000000;\"><strong><u>2.83%<\/u><\/strong> <strong>CONTRIBUYE<\/strong><strong> SINALOA <\/strong><strong>\u00a0<\/strong><strong>A LA META NACIONAL DE COMIT\u00c9S DE CONTRALOR\u00cdA SOCIAL,<\/strong> <strong>2020<\/strong><\/span><\/td>\n<\/tr>\n<tr>\n<td style=\"text-align: center; width: 6.42115%; background-color: #f5ca76;\" width=\"41\"><span style=\"color: #000000;\"><strong>No. <\/strong><\/span><\/td>\n<td style=\"text-align: center; width: 12.3702%; background-color: #f5ca76;\" width=\"99\"><span style=\"color: #000000;\"><strong>CLUES<\/strong><\/span><\/td>\n<td style=\"text-align: center; width: 5.19358%; background-color: #f5ca76;\" width=\"39\"><span style=\"color: #000000;\"><strong>Tipo UMM<\/strong><\/span><\/td>\n<td style=\"text-align: center; width: 10.7649%; background-color: #f5ca76;\" width=\"67\"><span style=\"color: #000000;\"><strong>CLAVE MUNICIPIO<\/strong><\/span><\/td>\n<td style=\"text-align: center; width: 14.0699%; background-color: #f5ca76;\" width=\"94\"><span style=\"color: #000000;\"><strong>Nombre MUNICIPIO<\/strong><\/span><\/td>\n<td style=\"text-align: center; width: 8.8763%; background-color: #f5ca76;\" width=\"67\"><span style=\"color: #000000;\"><strong>CLAVE Localidad<\/strong><\/span><\/td>\n<td style=\"text-align: center; width: 13.1256%; background-color: #f5ca76;\" width=\"103\"><span style=\"color: #000000;\"><strong>Nombre Localidad<\/strong><\/span><\/td>\n<td style=\"text-align: center; width: 7.74315%; background-color: #f5ca76;\" width=\"62\"><span style=\"color: #000000;\"><strong>COMIT\u00c9 CS<\/strong><\/span><\/td>\n<td style=\"text-align: center; width: 9.82059%; background-color: #f5ca76;\" width=\"91\"><span style=\"color: #000000;\"><strong>No. Total HAB. HOMBRES<\/strong><\/span><\/td>\n<td style=\"text-align: center; width: 9.34844%; background-color: #f5ca76;\" width=\"73\"><span style=\"color: #000000;\"><strong>No. Total HAB. MUJERES<\/strong><\/span><\/td>\n<\/tr>\n<tr>\n<td style=\"text-align: center; width: 6.42115%; background-color: #f7c634;\" width=\"41\"><span style=\"color: #000000;\"><strong>1<\/strong><\/span><\/td>\n<td style=\"text-align: center; width: 12.3702%; background-color: #f7c634;\" width=\"99\"><span style=\"color: #000000;\"><strong>SLSSA017850<\/strong><\/span><\/td>\n<td style=\"text-align: center; width: 5.19358%; background-color: #f7c634;\" width=\"39\"><span style=\"color: #000000;\"><strong>2<\/strong><\/span><\/td>\n<td style=\"text-align: center; width: 10.7649%; background-color: #f7c634;\" width=\"67\"><span style=\"color: #000000;\"><strong>007<\/strong><\/span><\/td>\n<td style=\"text-align: center; width: 14.0699%; background-color: #f7c634;\" width=\"94\"><span style=\"color: #000000;\"><strong>CHOIX<\/strong><\/span><\/td>\n<td style=\"text-align: center; width: 8.8763%; background-color: #f7c634;\" width=\"67\"><span style=\"color: #000000;\"><strong>0187<\/strong><\/span><\/td>\n<td style=\"text-align: center; width: 13.1256%; background-color: #f7c634;\" width=\"103\"><span style=\"color: #000000;\"><strong>EL REPARO<\/strong><\/span><\/td>\n<td style=\"text-align: center; width: 7.74315%; background-color: #f7c634;\" width=\"62\"><span style=\"color: #000000;\"><strong>SI<\/strong><\/span><\/td>\n<td style=\"text-align: center; width: 9.82059%; background-color: #f7c634;\" width=\"91\"><span style=\"color: #000000;\"><strong>123<\/strong><\/span><\/td>\n<td style=\"text-align: center; width: 9.34844%; background-color: #f7c634;\" width=\"73\"><span style=\"color: #000000;\"><strong>111<\/strong><\/span><\/td>\n<\/tr>\n<tr>\n<td style=\"text-align: center; width: 6.42115%; background-color: #f5ca76;\" width=\"41\"><span style=\"color: #000000;\"><strong>2<\/strong><\/span><\/td>\n<td style=\"text-align: center; width: 12.3702%; background-color: #f5ca76;\" width=\"99\"><span style=\"color: #000000;\"><strong>SLSSA017973<\/strong><\/span><\/td>\n<td style=\"text-align: center; width: 5.19358%; background-color: #f5ca76;\" width=\"39\"><span style=\"color: #000000;\"><strong>3<\/strong><\/span><\/td>\n<td style=\"text-align: center; width: 10.7649%; background-color: #f5ca76;\" width=\"67\"><span style=\"color: #000000;\"><strong>017<\/strong><\/span><\/td>\n<td style=\"text-align: center; width: 14.0699%; background-color: #f5ca76;\" width=\"94\"><span style=\"color: #000000;\"><strong>SINALOA<\/strong><\/span><\/td>\n<td style=\"text-align: center; width: 8.8763%; background-color: #f5ca76;\" width=\"67\"><span style=\"color: #000000;\"><strong>0363<\/strong><\/span><\/td>\n<td style=\"text-align: center; width: 13.1256%; background-color: #f5ca76;\" width=\"103\"><span style=\"color: #000000;\"><strong>SARABIA<\/strong><\/span><\/td>\n<td style=\"text-align: center; width: 7.74315%; background-color: #f5ca76;\" width=\"62\"><span style=\"color: #000000;\"><strong>SI<\/strong><\/span><\/td>\n<td style=\"text-align: center; width: 9.82059%; background-color: #f5ca76;\" width=\"91\"><span style=\"color: #000000;\"><strong>231<\/strong><\/span><\/td>\n<td style=\"text-align: center; width: 9.34844%; background-color: #f5ca76;\" width=\"73\"><span style=\"color: #000000;\"><strong>206<\/strong><\/span><\/td>\n<\/tr>\n<tr>\n<td style=\"text-align: center; width: 6.42115%; background-color: #f7c634;\" width=\"41\"><span style=\"color: #000000;\"><strong>3<\/strong><\/span><\/td>\n<td style=\"text-align: center; width: 12.3702%; background-color: #f7c634;\" width=\"99\"><span style=\"color: #000000;\"><strong>SLSSA017985<\/strong><\/span><\/td>\n<td style=\"text-align: center; width: 5.19358%; background-color: #f7c634;\" width=\"39\"><span style=\"color: #000000;\"><strong>0<\/strong><\/span><\/td>\n<td style=\"text-align: center; width: 10.7649%; background-color: #f7c634;\" width=\"67\"><span style=\"color: #000000;\"><strong>010<\/strong><\/span><\/td>\n<td style=\"text-align: center; width: 14.0699%; background-color: #f7c634;\" width=\"94\"><span style=\"color: #000000;\"><strong>EL FUERTE<\/strong><\/span><\/td>\n<td style=\"text-align: center; width: 8.8763%; background-color: #f7c634;\" width=\"67\"><span style=\"color: #000000;\"><strong>0482<\/strong><\/span><\/td>\n<td style=\"text-align: center; width: 13.1256%; background-color: #f7c634;\" width=\"103\"><span style=\"color: #000000;\"><strong>JAHUARA PRIMERO<\/strong><\/span><\/td>\n<td style=\"text-align: center; width: 7.74315%; background-color: #f7c634;\" width=\"62\"><span style=\"color: #000000;\"><strong>SI<\/strong><\/span><\/td>\n<td style=\"text-align: center; width: 9.82059%; background-color: #f7c634;\" width=\"91\"><span style=\"color: #000000;\"><strong>286<\/strong><\/span><\/td>\n<td style=\"text-align: center; width: 9.34844%; background-color: #f7c634;\" width=\"73\"><span style=\"color: #000000;\"><strong>246<\/strong><\/span><\/td>\n<\/tr>\n<tr>\n<td style=\"text-align: center; width: 6.42115%; background-color: #f5ca76;\" width=\"41\"><span style=\"color: #000000;\"><strong>4<\/strong><\/span><\/td>\n<td style=\"text-align: center; width: 12.3702%; background-color: #f5ca76;\" width=\"99\"><span style=\"color: #000000;\"><strong>SLSSA018002<\/strong><\/span><\/td>\n<td style=\"text-align: center; width: 5.19358%; background-color: #f5ca76;\" width=\"39\"><span style=\"color: #000000;\"><strong>0<\/strong><\/span><\/td>\n<td style=\"text-align: center; width: 10.7649%; background-color: #f5ca76;\" width=\"67\"><span style=\"color: #000000;\"><strong>010<\/strong><\/span><\/td>\n<td style=\"text-align: center; width: 14.0699%; background-color: #f5ca76;\" width=\"94\"><span style=\"color: #000000;\"><strong>EL FUERTE<\/strong><\/span><\/td>\n<td style=\"text-align: center; width: 8.8763%; background-color: #f5ca76;\" width=\"67\"><span style=\"color: #000000;\"><strong>0569<\/strong><\/span><\/td>\n<td style=\"text-align: center; width: 13.1256%; background-color: #f5ca76;\" width=\"103\"><span style=\"color: #000000;\"><strong>JUPARE (EL MEZQUITAL)<\/strong><\/span><\/td>\n<td style=\"text-align: center; width: 7.74315%; background-color: #f5ca76;\" width=\"62\"><span style=\"color: #000000;\"><strong>SI<\/strong><\/span><\/td>\n<td style=\"text-align: center; width: 9.82059%; background-color: #f5ca76;\" width=\"91\"><span style=\"color: #000000;\"><strong>74<\/strong><\/span><\/td>\n<td style=\"text-align: center; width: 9.34844%; background-color: #f5ca76;\" width=\"73\"><span style=\"color: #000000;\"><strong>75<\/strong><\/span><\/td>\n<\/tr>\n<tr>\n<td style=\"text-align: center; width: 6.42115%; background-color: #f7c634;\" width=\"41\"><span style=\"color: #000000;\"><strong>5<\/strong><\/span><\/td>\n<td style=\"text-align: center; width: 12.3702%; background-color: #f7c634;\" width=\"99\"><span style=\"color: #000000;\"><strong>SLSSA018014<\/strong><\/span><\/td>\n<td style=\"text-align: center; width: 5.19358%; background-color: #f7c634;\" width=\"39\"><span style=\"color: #000000;\"><strong>0<\/strong><\/span><\/td>\n<td style=\"text-align: center; width: 10.7649%; background-color: #f7c634;\" width=\"67\"><span style=\"color: #000000;\"><strong>017<\/strong><\/span><\/td>\n<td style=\"text-align: center; width: 14.0699%; background-color: #f7c634;\" width=\"94\"><span style=\"color: #000000;\"><strong>SINALOA<\/strong><\/span><\/td>\n<td style=\"text-align: center; width: 8.8763%; background-color: #f7c634;\" width=\"67\"><span style=\"color: #000000;\"><strong>0581<\/strong><\/span><\/td>\n<td style=\"text-align: center; width: 13.1256%; background-color: #f7c634;\" width=\"103\"><span style=\"color: #000000;\"><strong>CAMPO SEIS<\/strong><\/span><\/td>\n<td style=\"text-align: center; width: 7.74315%; background-color: #f7c634;\" width=\"62\"><span style=\"color: #000000;\"><strong>SI<\/strong><\/span><\/td>\n<td style=\"text-align: center; width: 9.82059%; background-color: #f7c634;\" width=\"91\"><span style=\"color: #000000;\"><strong>125<\/strong><\/span><\/td>\n<td style=\"text-align: center; width: 9.34844%; background-color: #f7c634;\" width=\"73\"><span style=\"color: #000000;\"><strong>144<\/strong><\/span><\/td>\n<\/tr>\n<tr>\n<td style=\"text-align: center; width: 6.42115%; background-color: #f5ca76;\" width=\"41\"><span style=\"color: #000000;\"><strong>6<\/strong><\/span><\/td>\n<td style=\"text-align: center; width: 12.3702%; background-color: #f5ca76;\" width=\"99\"><span style=\"color: #000000;\"><strong>SLSSA018026<\/strong><\/span><\/td>\n<td style=\"text-align: center; width: 5.19358%; background-color: #f5ca76;\" width=\"39\"><span style=\"color: #000000;\"><strong>0<\/strong><\/span><\/td>\n<td style=\"text-align: center; width: 10.7649%; background-color: #f5ca76;\" width=\"67\"><span style=\"color: #000000;\"><strong>017<\/strong><\/span><\/td>\n<td style=\"text-align: center; width: 14.0699%; background-color: #f5ca76;\" width=\"94\"><span style=\"color: #000000;\"><strong>SINALOA<\/strong><\/span><\/td>\n<td style=\"text-align: center; width: 8.8763%; background-color: #f5ca76;\" width=\"67\"><span style=\"color: #000000;\"><strong>0568<\/strong><\/span><\/td>\n<td style=\"text-align: center; width: 13.1256%; background-color: #f5ca76;\" width=\"103\"><span style=\"color: #000000;\"><strong>SAN JOAUIN NUEVO<\/strong><\/span><\/td>\n<td style=\"text-align: center; width: 7.74315%; background-color: #f5ca76;\" width=\"62\"><span style=\"color: #000000;\"><strong>SI<\/strong><\/span><\/td>\n<td style=\"text-align: center; width: 9.82059%; background-color: #f5ca76;\" width=\"91\"><span style=\"color: #000000;\"><strong>291<\/strong><\/span><\/td>\n<td style=\"text-align: center; width: 9.34844%; background-color: #f5ca76;\" width=\"73\"><span style=\"color: #000000;\"><strong>272<\/strong><\/span><\/td>\n<\/tr>\n<tr>\n<td style=\"text-align: center; width: 6.42115%; background-color: #f7c634;\" width=\"41\"><span style=\"color: #000000;\"><strong>7<\/strong><\/span><\/td>\n<td style=\"text-align: center; width: 12.3702%; background-color: #f7c634;\" width=\"99\"><span style=\"color: #000000;\"><strong>SLSSA017862<\/strong><\/span><\/td>\n<td style=\"text-align: center; width: 5.19358%; background-color: #f7c634;\" width=\"39\"><span style=\"color: #000000;\"><strong>2<\/strong><\/span><\/td>\n<td style=\"text-align: center; width: 10.7649%; background-color: #f7c634;\" width=\"67\"><span style=\"color: #000000;\"><strong>017<\/strong><\/span><\/td>\n<td style=\"text-align: center; width: 14.0699%; background-color: #f7c634;\" width=\"94\"><span style=\"color: #000000;\"><strong>SINALOA<\/strong><\/span><\/td>\n<td style=\"text-align: center; width: 8.8763%; background-color: #f7c634;\" width=\"67\"><span style=\"color: #000000;\"><strong>0271<\/strong><\/span><\/td>\n<td style=\"text-align: center; width: 13.1256%; background-color: #f7c634;\" width=\"103\"><span style=\"color: #000000;\"><strong>SANTA ANA<\/strong><\/span><\/td>\n<td style=\"text-align: center; width: 7.74315%; background-color: #f7c634;\" width=\"62\"><span style=\"color: #000000;\"><strong>SI<\/strong><\/span><\/td>\n<td style=\"text-align: center; width: 9.82059%; background-color: #f7c634;\" width=\"91\"><span style=\"color: #000000;\"><strong>209<\/strong><\/span><\/td>\n<td style=\"text-align: center; width: 9.34844%; background-color: #f7c634;\" width=\"73\"><span style=\"color: #000000;\"><strong>172<\/strong><\/span><\/td>\n<\/tr>\n<tr>\n<td style=\"text-align: center; width: 6.42115%; background-color: #f5ca76;\" width=\"41\"><span style=\"color: #000000;\"><strong>8<\/strong><\/span><\/td>\n<td style=\"text-align: center; width: 12.3702%; background-color: #f5ca76;\" width=\"99\"><span style=\"color: #000000;\"><strong>SLSSA018031<\/strong><\/span><\/td>\n<td style=\"text-align: center; width: 5.19358%; background-color: #f5ca76;\" width=\"39\"><span style=\"color: #000000;\"><strong>0<\/strong><\/span><\/td>\n<td style=\"text-align: center; width: 10.7649%; background-color: #f5ca76;\" width=\"67\"><span style=\"color: #000000;\"><strong>017<\/strong><\/span><\/td>\n<td style=\"text-align: center; width: 14.0699%; background-color: #f5ca76;\" width=\"94\"><span style=\"color: #000000;\"><strong>SINALOA<\/strong><\/span><\/td>\n<td style=\"text-align: center; width: 8.8763%; background-color: #f5ca76;\" width=\"67\"><span style=\"color: #000000;\"><strong>0131<\/strong><\/span><\/td>\n<td style=\"text-align: center; width: 13.1256%; background-color: #f5ca76;\" width=\"103\"><span style=\"color: #000000;\"><strong>IRIPA<\/strong><\/span><\/td>\n<td style=\"text-align: center; width: 7.74315%; background-color: #f5ca76;\" width=\"62\"><span style=\"color: #000000;\"><strong>SI<\/strong><\/span><\/td>\n<td style=\"text-align: center; width: 9.82059%; background-color: #f5ca76;\" width=\"91\"><span style=\"color: #000000;\"><strong>57<\/strong><\/span><\/td>\n<td style=\"text-align: center; width: 9.34844%; background-color: #f5ca76;\" width=\"73\"><span style=\"color: #000000;\"><strong>57<\/strong><\/span><\/td>\n<\/tr>\n<tr>\n<td style=\"text-align: center; width: 6.42115%; background-color: #f7c634;\" width=\"41\"><span style=\"color: #000000;\"><strong>9<\/strong><\/span><\/td>\n<td style=\"text-align: center; width: 12.3702%; background-color: #f7c634;\" width=\"99\"><span style=\"color: #000000;\"><strong>SLSSA018043<\/strong><\/span><\/td>\n<td style=\"text-align: center; width: 5.19358%; background-color: #f7c634;\" width=\"39\"><span style=\"color: #000000;\"><strong>1<\/strong><\/span><\/td>\n<td style=\"text-align: center; width: 10.7649%; background-color: #f7c634;\" width=\"67\"><span style=\"color: #000000;\"><strong>011<\/strong><\/span><\/td>\n<td style=\"text-align: center; width: 14.0699%; background-color: #f7c634;\" width=\"94\"><span style=\"color: #000000;\"><strong>GUASAVE<\/strong><\/span><\/td>\n<td style=\"text-align: center; width: 8.8763%; background-color: #f7c634;\" width=\"67\"><span style=\"color: #000000;\"><strong>0042<\/strong><\/span><\/td>\n<td style=\"text-align: center; width: 13.1256%; background-color: #f7c634;\" width=\"103\"><span style=\"color: #000000;\"><strong>ALAMITO Y CAIMANERO<\/strong><\/span><\/td>\n<td style=\"text-align: center; width: 7.74315%; background-color: #f7c634;\" width=\"62\"><span style=\"color: #000000;\"><strong>SI<\/strong><\/span><\/td>\n<td style=\"text-align: center; width: 9.82059%; background-color: #f7c634;\" width=\"91\"><span style=\"color: #000000;\"><strong>181<\/strong><\/span><\/td>\n<td style=\"text-align: center; width: 9.34844%; background-color: #f7c634;\" width=\"73\"><span style=\"color: #000000;\"><strong>166<\/strong><\/span><\/td>\n<\/tr>\n<tr>\n<td style=\"text-align: center; width: 6.42115%; background-color: #f5ca76;\" width=\"41\"><span style=\"color: #000000;\"><strong>10<\/strong><\/span><\/td>\n<td style=\"text-align: center; width: 12.3702%; background-color: #f5ca76;\" width=\"99\"><span style=\"color: #000000;\"><strong>SLSSA017845<\/strong><\/span><\/td>\n<td style=\"text-align: center; width: 5.19358%; background-color: #f5ca76;\" width=\"39\"><span style=\"color: #000000;\"><strong>1<\/strong><\/span><\/td>\n<td style=\"text-align: center; width: 10.7649%; background-color: #f5ca76;\" width=\"67\"><span style=\"color: #000000;\"><strong>011<\/strong><\/span><\/td>\n<td style=\"text-align: center; width: 14.0699%; background-color: #f5ca76;\" width=\"94\"><span style=\"color: #000000;\"><strong>GUASAVE<\/strong><\/span><\/td>\n<td style=\"text-align: center; width: 8.8763%; background-color: #f5ca76;\" width=\"67\"><span style=\"color: #000000;\"><strong>0723<\/strong><\/span><\/td>\n<td style=\"text-align: center; width: 13.1256%; background-color: #f5ca76;\" width=\"103\"><span style=\"color: #000000;\"><strong>LAS CULEBRAS<\/strong><\/span><\/td>\n<td style=\"text-align: center; width: 7.74315%; background-color: #f5ca76;\" width=\"62\"><span style=\"color: #000000;\"><strong>SI<\/strong><\/span><\/td>\n<td style=\"text-align: center; width: 9.82059%; background-color: #f5ca76;\" width=\"91\"><span style=\"color: #000000;\"><strong>263<\/strong><\/span><\/td>\n<td style=\"text-align: center; width: 9.34844%; background-color: #f5ca76;\" width=\"73\"><span style=\"color: #000000;\"><strong>232<\/strong><\/span><\/td>\n<\/tr>\n<tr>\n<td style=\"text-align: center; width: 6.42115%; background-color: #f7c634;\" width=\"41\"><span style=\"color: #000000;\"><strong>11<\/strong><\/span><\/td>\n<td style=\"text-align: center; width: 12.3702%; background-color: #f7c634;\" width=\"99\"><span style=\"color: #000000;\"><strong>SLSSA018055<\/strong><\/span><\/td>\n<td style=\"text-align: center; width: 5.19358%; background-color: #f7c634;\" width=\"39\"><span style=\"color: #000000;\"><strong>0<\/strong><\/span><\/td>\n<td style=\"text-align: center; width: 10.7649%; background-color: #f7c634;\" width=\"67\"><span style=\"color: #000000;\"><strong>013<\/strong><\/span><\/td>\n<td style=\"text-align: center; width: 14.0699%; background-color: #f7c634;\" width=\"94\"><span style=\"color: #000000;\"><strong>MOCORITO<\/strong><\/span><\/td>\n<td style=\"text-align: center; width: 8.8763%; background-color: #f7c634;\" width=\"67\"><span style=\"color: #000000;\"><strong>0184<\/strong><\/span><\/td>\n<td style=\"text-align: center; width: 13.1256%; background-color: #f7c634;\" width=\"103\"><span style=\"color: #000000;\"><strong>EL MEZQUITE<\/strong><\/span><\/td>\n<td style=\"text-align: center; width: 7.74315%; background-color: #f7c634;\" width=\"62\"><span style=\"color: #000000;\"><strong>SI<\/strong><\/span><\/td>\n<td style=\"text-align: center; width: 9.82059%; background-color: #f7c634;\" width=\"91\"><span style=\"color: #000000;\"><strong>329<\/strong><\/span><\/td>\n<td style=\"text-align: center; width: 9.34844%; background-color: #f7c634;\" width=\"73\"><span style=\"color: #000000;\"><strong>292<\/strong><\/span><\/td>\n<\/tr>\n<tr>\n<td style=\"text-align: center; width: 6.42115%; background-color: #f5ca76;\" width=\"41\"><span style=\"color: #000000;\"><strong>12<\/strong><\/span><\/td>\n<td style=\"text-align: center; width: 12.3702%; background-color: #f5ca76;\" width=\"99\"><span style=\"color: #000000;\"><strong>SLSSA017886<\/strong><\/span><\/td>\n<td style=\"text-align: center; width: 5.19358%; background-color: #f5ca76;\" width=\"39\"><span style=\"color: #000000;\"><strong>2<\/strong><\/span><\/td>\n<td style=\"text-align: center; width: 10.7649%; background-color: #f5ca76;\" width=\"67\"><span style=\"color: #000000;\"><strong>003<\/strong><\/span><\/td>\n<td style=\"text-align: center; width: 14.0699%; background-color: #f5ca76;\" width=\"94\"><span style=\"color: #000000;\"><strong>BADIRAGUATO<\/strong><\/span><\/td>\n<td style=\"text-align: center; width: 8.8763%; background-color: #f5ca76;\" width=\"67\"><span style=\"color: #000000;\"><strong>0730<\/strong><\/span><\/td>\n<td style=\"text-align: center; width: 13.1256%; background-color: #f5ca76;\" width=\"103\"><span style=\"color: #000000;\"><strong>LA HIGUERITA<\/strong><\/span><\/td>\n<td style=\"text-align: center; width: 7.74315%; background-color: #f5ca76;\" width=\"62\"><span style=\"color: #000000;\"><strong>SI<\/strong><\/span><\/td>\n<td style=\"text-align: center; width: 9.82059%; background-color: #f5ca76;\" width=\"91\"><span style=\"color: #000000;\"><strong>86<\/strong><\/span><\/td>\n<td style=\"text-align: center; width: 9.34844%; background-color: #f5ca76;\" width=\"73\"><span style=\"color: #000000;\"><strong>81<\/strong><\/span><\/td>\n<\/tr>\n<tr>\n<td style=\"text-align: center; width: 6.42115%; background-color: #f7c634;\" width=\"41\"><span style=\"color: #000000;\"><strong>13<\/strong><\/span><\/td>\n<td style=\"text-align: center; width: 12.3702%; background-color: #f7c634;\" width=\"99\"><span style=\"color: #000000;\"><strong>SLSSA018060<\/strong><\/span><\/td>\n<td style=\"text-align: center; width: 5.19358%; background-color: #f7c634;\" width=\"39\"><span style=\"color: #000000;\"><strong>2<\/strong><\/span><\/td>\n<td style=\"text-align: center; width: 10.7649%; background-color: #f7c634;\" width=\"67\"><span style=\"color: #000000;\"><strong>003<\/strong><\/span><\/td>\n<td style=\"text-align: center; width: 14.0699%; background-color: #f7c634;\" width=\"94\"><span style=\"color: #000000;\"><strong>BADIRAGUATO<\/strong><\/span><\/td>\n<td style=\"text-align: center; width: 8.8763%; background-color: #f7c634;\" width=\"67\"><span style=\"color: #000000;\"><strong>0568<\/strong><\/span><\/td>\n<td style=\"text-align: center; width: 13.1256%; background-color: #f7c634;\" width=\"103\"><span style=\"color: #000000;\"><strong>LA VAINILLA<\/strong><\/span><\/td>\n<td style=\"text-align: center; width: 7.74315%; background-color: #f7c634;\" width=\"62\"><span style=\"color: #000000;\"><strong>SI<\/strong><\/span><\/td>\n<td style=\"text-align: center; width: 9.82059%; background-color: #f7c634;\" width=\"91\"><span style=\"color: #000000;\"><strong>23<\/strong><\/span><\/td>\n<td style=\"text-align: center; width: 9.34844%; background-color: #f7c634;\" width=\"73\"><span style=\"color: #000000;\"><strong>27<\/strong><\/span><\/td>\n<\/tr>\n<tr>\n<td style=\"text-align: center; width: 6.42115%; background-color: #f5ca76;\" width=\"41\"><span style=\"color: #000000;\"><strong>14<\/strong><\/span><\/td>\n<td style=\"text-align: center; width: 12.3702%; background-color: #f5ca76;\" width=\"99\"><span style=\"color: #000000;\"><strong>SLSSA017874<\/strong><\/span><\/td>\n<td style=\"text-align: center; width: 5.19358%; background-color: #f5ca76;\" width=\"39\"><span style=\"color: #000000;\"><strong>0<\/strong><\/span><\/td>\n<td style=\"text-align: center; width: 10.7649%; background-color: #f5ca76;\" width=\"67\"><span style=\"color: #000000;\"><strong>018<\/strong><\/span><\/td>\n<td style=\"text-align: center; width: 14.0699%; background-color: #f5ca76;\" width=\"94\"><span style=\"color: #000000;\"><strong>NAVOLATO<\/strong><\/span><\/td>\n<td style=\"text-align: center; width: 8.8763%; background-color: #f5ca76;\" width=\"67\"><span style=\"color: #000000;\"><strong>0131<\/strong><\/span><\/td>\n<td style=\"text-align: center; width: 13.1256%; background-color: #f5ca76;\" width=\"103\"><span style=\"color: #000000;\"><strong>AGUAMITAS<\/strong><\/span><\/td>\n<td style=\"text-align: center; width: 7.74315%; background-color: #f5ca76;\" width=\"62\"><span style=\"color: #000000;\"><strong>SI<\/strong><\/span><\/td>\n<td style=\"text-align: center; width: 9.82059%; background-color: #f5ca76;\" width=\"91\"><span style=\"color: #000000;\"><strong>862<\/strong><\/span><\/td>\n<td style=\"text-align: center; width: 9.34844%; background-color: #f5ca76;\" width=\"73\"><span style=\"color: #000000;\"><strong>767<\/strong><\/span><\/td>\n<\/tr>\n<tr>\n<td style=\"text-align: center; width: 6.42115%; background-color: #f7c634;\" width=\"41\"><span style=\"color: #000000;\"><strong>15<\/strong><\/span><\/td>\n<td style=\"text-align: center; width: 12.3702%; background-color: #f7c634;\" width=\"99\"><span style=\"color: #000000;\"><strong>SLSSA018072<\/strong><\/span><\/td>\n<td style=\"text-align: center; width: 5.19358%; background-color: #f7c634;\" width=\"39\"><span style=\"color: #000000;\"><strong>0<\/strong><\/span><\/td>\n<td style=\"text-align: center; width: 10.7649%; background-color: #f7c634;\" width=\"67\"><span style=\"color: #000000;\"><strong>005<\/strong><\/span><\/td>\n<td style=\"text-align: center; width: 14.0699%; background-color: #f7c634;\" width=\"94\"><span style=\"color: #000000;\"><strong>COSALA<\/strong><\/span><\/td>\n<td style=\"text-align: center; width: 8.8763%; background-color: #f7c634;\" width=\"67\"><span style=\"color: #000000;\"><strong>0119<\/strong><\/span><\/td>\n<td style=\"text-align: center; width: 13.1256%; background-color: #f7c634;\" width=\"103\"><span style=\"color: #000000;\"><strong>EL RANCHITO<\/strong><\/span><\/td>\n<td style=\"text-align: center; width: 7.74315%; background-color: #f7c634;\" width=\"62\"><span style=\"color: #000000;\"><strong>SI<\/strong><\/span><\/td>\n<td style=\"text-align: center; width: 9.82059%; background-color: #f7c634;\" width=\"91\"><span style=\"color: #000000;\"><strong>151<\/strong><\/span><\/td>\n<td style=\"text-align: center; width: 9.34844%; background-color: #f7c634;\" width=\"73\"><span style=\"color: #000000;\"><strong>131<\/strong><\/span><\/td>\n<\/tr>\n<tr>\n<td style=\"text-align: center; width: 6.42115%; background-color: #f5ca76;\" width=\"41\"><span style=\"color: #000000;\"><strong>16<\/strong><\/span><\/td>\n<td style=\"text-align: center; width: 12.3702%; background-color: #f5ca76;\" width=\"99\"><span style=\"color: #000000;\"><strong>SLSSA018096<\/strong><\/span><\/td>\n<td style=\"text-align: center; width: 5.19358%; background-color: #f5ca76;\" width=\"39\"><span style=\"color: #000000;\"><strong>0<\/strong><\/span><\/td>\n<td style=\"text-align: center; width: 10.7649%; background-color: #f5ca76;\" width=\"67\"><span style=\"color: #000000;\"><strong>004<\/strong><\/span><\/td>\n<td style=\"text-align: center; width: 14.0699%; background-color: #f5ca76;\" width=\"94\"><span style=\"color: #000000;\"><strong>CONCORDIA<\/strong><\/span><\/td>\n<td style=\"text-align: center; width: 8.8763%; background-color: #f5ca76;\" width=\"67\"><span style=\"color: #000000;\"><strong>0142<\/strong><\/span><\/td>\n<td style=\"text-align: center; width: 13.1256%; background-color: #f5ca76;\" width=\"103\"><span style=\"color: #000000;\"><strong>SAN JUAN DE JACOBO<\/strong><\/span><\/td>\n<td style=\"text-align: center; width: 7.74315%; background-color: #f5ca76;\" width=\"62\"><span style=\"color: #000000;\"><strong>SI<\/strong><\/span><\/td>\n<td style=\"text-align: center; width: 9.82059%; background-color: #f5ca76;\" width=\"91\"><span style=\"color: #000000;\"><strong>151<\/strong><\/span><\/td>\n<td style=\"text-align: center; width: 9.34844%; background-color: #f5ca76;\" width=\"73\"><span style=\"color: #000000;\"><strong>137<\/strong><\/span><\/td>\n<\/tr>\n<tr>\n<td style=\"text-align: center; width: 6.42115%; background-color: #f7c634;\" width=\"41\"><span style=\"color: #000000;\"><strong>17<\/strong><\/span><\/td>\n<td style=\"text-align: center; width: 12.3702%; background-color: #f7c634;\" width=\"99\"><span style=\"color: #000000;\"><strong>SLSSA018101<\/strong><\/span><\/td>\n<td style=\"text-align: center; width: 5.19358%; background-color: #f7c634;\" width=\"39\"><span style=\"color: #000000;\"><strong>3<\/strong><\/span><\/td>\n<td style=\"text-align: center; width: 10.7649%; background-color: #f7c634;\" width=\"67\"><span style=\"color: #000000;\"><strong>004<\/strong><\/span><\/td>\n<td style=\"text-align: center; width: 14.0699%; background-color: #f7c634;\" width=\"94\"><span style=\"color: #000000;\"><strong>CONCORDIA<\/strong><\/span><\/td>\n<td style=\"text-align: center; width: 8.8763%; background-color: #f7c634;\" width=\"67\"><span style=\"color: #000000;\"><strong>0067<\/strong><\/span><\/td>\n<td style=\"text-align: center; width: 13.1256%; background-color: #f7c634;\" width=\"103\"><span style=\"color: #000000;\"><strong>EL DURANGUITO<\/strong><\/span><\/td>\n<td style=\"text-align: center; width: 7.74315%; background-color: #f7c634;\" width=\"62\"><span style=\"color: #000000;\"><strong>SI<\/strong><\/span><\/td>\n<td style=\"text-align: center; width: 9.82059%; background-color: #f7c634;\" width=\"91\"><span style=\"color: #000000;\"><strong>288<\/strong><\/span><\/td>\n<td style=\"text-align: center; width: 9.34844%; background-color: #f7c634;\" width=\"73\"><span style=\"color: #000000;\"><strong>280<\/strong><\/span><\/td>\n<\/tr>\n<tr>\n<td style=\"text-align: center; width: 6.42115%; background-color: #f5ca76;\" width=\"41\"><span style=\"color: #000000;\"><strong>18<\/strong><\/span><\/td>\n<td style=\"text-align: center; width: 12.3702%; background-color: #f5ca76;\" width=\"99\"><span style=\"color: #000000;\"><strong>SLSSA017990<\/strong><\/span><\/td>\n<td style=\"text-align: center; width: 5.19358%; background-color: #f5ca76;\" width=\"39\"><span style=\"color: #000000;\"><strong>0<\/strong><\/span><\/td>\n<td style=\"text-align: center; width: 10.7649%; background-color: #f5ca76;\" width=\"67\"><span style=\"color: #000000;\"><strong>010<\/strong><\/span><\/td>\n<td style=\"text-align: center; width: 14.0699%; background-color: #f5ca76;\" width=\"94\"><span style=\"color: #000000;\"><strong>EL FUERTE<\/strong><\/span><\/td>\n<td style=\"text-align: center; width: 8.8763%; background-color: #f5ca76;\" width=\"67\"><span style=\"color: #000000;\"><strong>0386<\/strong><\/span><\/td>\n<td style=\"text-align: center; width: 13.1256%; background-color: #f5ca76;\" width=\"103\"><span style=\"color: #000000;\"><strong>CARRICITO<\/strong><\/span><\/td>\n<td style=\"text-align: center; width: 7.74315%; background-color: #f5ca76;\" width=\"62\"><span style=\"color: #000000;\"><strong>SI<\/strong><\/span><\/td>\n<td style=\"text-align: center; width: 9.82059%; background-color: #f5ca76;\" width=\"91\"><span style=\"color: #000000;\"><strong>529<\/strong><\/span><\/td>\n<td style=\"text-align: center; width: 9.34844%; background-color: #f5ca76;\" width=\"73\"><span style=\"color: #000000;\"><strong>507<\/strong><\/span><\/td>\n<\/tr>\n<tr>\n<td style=\"text-align: center; width: 6.42115%; background-color: #f7c634;\" width=\"41\"><span style=\"color: #000000;\"><strong>19<\/strong><\/span><\/td>\n<td style=\"text-align: center; width: 12.3702%; background-color: #f7c634;\" width=\"99\"><span style=\"color: #000000;\"><strong>SLSSA018084<\/strong><\/span><\/td>\n<td style=\"text-align: center; width: 5.19358%; background-color: #f7c634;\" width=\"39\"><span style=\"color: #000000;\"><strong>0<\/strong><\/span><\/td>\n<td style=\"text-align: center; width: 10.7649%; background-color: #f7c634;\" width=\"67\"><span style=\"color: #000000;\"><strong>006<\/strong><\/span><\/td>\n<td style=\"text-align: center; width: 14.0699%; background-color: #f7c634;\" width=\"94\"><span style=\"color: #000000;\"><strong>CULIACAN<\/strong><\/span><\/td>\n<td style=\"text-align: center; width: 8.8763%; background-color: #f7c634;\" width=\"67\"><span style=\"color: #000000;\"><strong>0132<\/strong><\/span><\/td>\n<td style=\"text-align: center; width: 13.1256%; background-color: #f7c634;\" width=\"103\"><span style=\"color: #000000;\"><strong>LA ANONA<\/strong><\/span><\/td>\n<td style=\"text-align: center; width: 7.74315%; background-color: #f7c634;\" width=\"62\"><span style=\"color: #000000;\"><strong>SI<\/strong><\/span><\/td>\n<td style=\"text-align: center; width: 9.82059%; background-color: #f7c634;\" width=\"91\"><span style=\"color: #000000;\"><strong>239<\/strong><\/span><\/td>\n<td style=\"text-align: center; width: 9.34844%; background-color: #f7c634;\" width=\"73\"><span style=\"color: #000000;\"><strong>190<\/strong><\/span><\/td>\n<\/tr>\n<tr>\n<td style=\"text-align: center; width: 6.42115%; background-color: #f5ca76;\" width=\"41\"><span style=\"color: #000000;\"><strong>20<\/strong><\/span><\/td>\n<td style=\"text-align: center; width: 12.3702%; background-color: #f5ca76;\" width=\"99\"><span style=\"color: #000000;\"><strong>SLSSA017891<\/strong><\/span><\/td>\n<td style=\"text-align: center; width: 5.19358%; background-color: #f5ca76;\" width=\"39\"><span style=\"color: #000000;\"><strong>2<\/strong><\/span><\/td>\n<td style=\"text-align: center; width: 10.7649%; background-color: #f5ca76;\" width=\"67\"><span style=\"color: #000000;\"><strong>006<\/strong><\/span><\/td>\n<td style=\"text-align: center; width: 14.0699%; background-color: #f5ca76;\" width=\"94\"><span style=\"color: #000000;\"><strong>CULIACAN<\/strong><\/span><\/td>\n<td style=\"text-align: center; width: 8.8763%; background-color: #f5ca76;\" width=\"67\"><span style=\"color: #000000;\"><strong>0360<\/strong><\/span><\/td>\n<td style=\"text-align: center; width: 13.1256%; background-color: #f5ca76;\" width=\"103\"><span style=\"color: #000000;\"><strong>EJIDO LA FLOR<\/strong><\/span><\/td>\n<td style=\"text-align: center; width: 7.74315%; background-color: #f5ca76;\" width=\"62\"><span style=\"color: #000000;\"><strong>SI<\/strong><\/span><\/td>\n<td style=\"text-align: center; width: 9.82059%; background-color: #f5ca76;\" width=\"91\"><span style=\"color: #000000;\"><strong>328<\/strong><\/span><\/td>\n<td style=\"text-align: center; width: 9.34844%; background-color: #f5ca76;\" width=\"73\"><span style=\"color: #000000;\"><strong>357<\/strong><\/span><\/td>\n<\/tr>\n<tr>\n<td style=\"text-align: center; width: 6.42115%; background-color: #f7c634;\" width=\"41\"><span style=\"color: #000000;\"><strong>21<\/strong><\/span><\/td>\n<td style=\"text-align: center; width: 12.3702%; background-color: #f7c634;\" width=\"99\"><span style=\"color: #000000;\"><strong>SLSSA017833<\/strong><\/span><\/td>\n<td style=\"text-align: center; width: 5.19358%; background-color: #f7c634;\" width=\"39\"><span style=\"color: #000000;\"><strong>1<\/strong><\/span><\/td>\n<td style=\"text-align: center; width: 10.7649%; background-color: #f7c634;\" width=\"67\"><span style=\"color: #000000;\"><strong>008<\/strong><\/span><\/td>\n<td style=\"text-align: center; width: 14.0699%; background-color: #f7c634;\" width=\"94\"><span style=\"color: #000000;\"><strong>ELOTA<\/strong><\/span><\/td>\n<td style=\"text-align: center; width: 8.8763%; background-color: #f7c634;\" width=\"67\"><span style=\"color: #000000;\"><strong>0028<\/strong><\/span><\/td>\n<td style=\"text-align: center; width: 13.1256%; background-color: #f7c634;\" width=\"103\"><span style=\"color: #000000;\"><strong>EJIDO CULIACAN<\/strong><\/span><\/td>\n<td style=\"text-align: center; width: 7.74315%; background-color: #f7c634;\" width=\"62\"><span style=\"color: #000000;\"><strong>SI<\/strong><\/span><\/td>\n<td style=\"text-align: center; width: 9.82059%; background-color: #f7c634;\" width=\"91\"><span style=\"color: #000000;\"><strong>329<\/strong><\/span><\/td>\n<td style=\"text-align: center; width: 9.34844%; background-color: #f7c634;\" width=\"73\"><span style=\"color: #000000;\"><strong>333<\/strong><\/span><\/td>\n<\/tr>\n<tr>\n<td style=\"text-align: center; width: 6.42115%; background-color: #f5ca76;\" width=\"41\"><span style=\"color: #000000;\"><strong>TOTAL<\/strong><\/span><\/td>\n<td style=\"text-align: center; width: 12.3702%; background-color: #f5ca76;\" width=\"99\"><span style=\"color: #000000;\"><strong>21<\/strong><\/span><\/td>\n<td style=\"text-align: center; width: 5.19358%; background-color: #f5ca76;\" width=\"39\"><span style=\"color: #000000;\"><strong>21<\/strong><\/span><\/td>\n<td style=\"text-align: center; width: 10.7649%; background-color: #f5ca76;\" width=\"67\"><span style=\"color: #000000;\"><strong>11<\/strong><\/span><\/td>\n<td style=\"text-align: center; width: 14.0699%; background-color: #f5ca76;\" width=\"94\"><span style=\"color: #000000;\"><strong>11<\/strong><\/span><\/td>\n<td style=\"text-align: center; width: 8.8763%; background-color: #f5ca76;\" width=\"67\"><span style=\"color: #000000;\"><strong>21<\/strong><\/span><\/td>\n<td style=\"text-align: center; width: 13.1256%; background-color: #f5ca76;\" width=\"103\"><span style=\"color: #000000;\"><strong>21<\/strong><\/span><\/td>\n<td style=\"text-align: center; width: 7.74315%; background-color: #f5ca76;\" width=\"62\"><span style=\"color: #000000;\"><strong>21<\/strong><\/span><\/td>\n<td style=\"text-align: center; width: 9.82059%; background-color: #f5ca76;\" width=\"91\"><span style=\"color: #000000;\"><strong>5155<\/strong><\/span><\/td>\n<td style=\"text-align: center; width: 9.34844%; background-color: #f5ca76;\" width=\"73\"><span style=\"color: #000000;\"><strong>4783<\/strong><\/span><\/td>\n<\/tr>\n<\/tbody>\n<\/table>\n<p><strong>\u00a0<\/strong><\/p>\n<p><em>Fuente:<\/em> DGPLADES. Anexo 5 Convenio Espec\u00edfico de Colaboraci\u00f3n en Materia de Transferencia de Recursos Presupuestarios Federales con Car\u00e1cter de Subsidios 2020.<\/p>\n<p>&nbsp;<\/p>\n<table style=\"width: 100.571%; height: 5135px;\" width=\"728\">\n<tbody>\n<tr>\n<td style=\"background-color: #91b4d9; width: 24.6575%;\" colspan=\"3\" width=\"132\"><span style=\"color: #000000;\"><strong><br \/>\n<\/strong>5. Estructura:<\/span><\/td>\n<td style=\"background-color: #91b4d9; width: 127.123%;\" colspan=\"5\" width=\"595\">&nbsp;<\/p>\n<p><span style=\"color: #000000;\"><strong>Instancia Normativa: <\/strong>Direcci\u00f3n General de Planeaci\u00f3n y Desarrollo en Salud <strong>DGPLADES<\/strong>, tiene a su cargo la rector\u00eda del programa de desarrollo social y es responsable de la promoci\u00f3n, planeaci\u00f3n de acciones estrat\u00e9gicas y definici\u00f3n de la metodolog\u00eda operativa de la Contralor\u00eda Social.<\/span><\/p>\n<p>&nbsp;<\/p>\n<p><span style=\"color: #000000;\"><strong>Ejecutoras Estatales<\/strong>: Servicios Estatales de Salud (por sus siglas <strong>SES<\/strong>) en cada entidad federativa, son los responsables de la ejecuci\u00f3n, transparencia y rendici\u00f3n de cuentas de las acciones del <em>Programa<\/em> <strong>FAM <\/strong>y de la Contralor\u00eda Social en el marco de los comit\u00e9s locales de salud.<\/span><\/p>\n<p><span style=\"color: #000000;\"><strong>Representaciones Federales: <\/strong>Coordinaciones del <em>Programa<\/em> <strong>FAM<\/strong>, adscritas a los <strong>SES<\/strong> en las entidades federativas, son las responsables de ejecutar el programa federal, en el \u00e1mbito de sus competencias y atribuciones.<\/span><\/td>\n<\/tr>\n<tr>\n<td style=\"width: 24.6575%;\" colspan=\"3\" width=\"132\"><\/td>\n<td style=\"width: 127.123%;\" colspan=\"5\" width=\"595\"><\/td>\n<\/tr>\n<tr>\n<td style=\"background-color: #91b4d9; width: 24.6575%;\" colspan=\"3\" width=\"132\"><span style=\"color: #000000;\">6. Poblaci\u00f3n Objetivo:<\/span><\/td>\n<td style=\"background-color: #91b4d9; width: 127.123%;\" colspan=\"5\" width=\"595\"><span style=\"color: #000000;\">Los <strong>SES<\/strong> definir\u00e1n las \u00e1reas geogr\u00e1ficas que integran las \u00c1reas de Enfoque para el Programa; cuyas caracter\u00edsticas corresponden a tener una poblaci\u00f3n menor a 2,500 personas y que no tengan acceso a servicios de salud por falta de Infraestructura, carentes de recursos para otorgar atenci\u00f3n permanente a la poblaci\u00f3n.<\/span><\/td>\n<\/tr>\n<tr>\n<td style=\"width: 24.6575%;\" colspan=\"3\" width=\"132\"><\/td>\n<td style=\"width: 127.123%;\" colspan=\"5\" width=\"595\"><\/td>\n<\/tr>\n<tr>\n<td style=\"background-color: #91b4d9; width: 24.6575%;\" colspan=\"3\" width=\"132\"><span style=\"color: #000000;\">7. Beneficiarios:<\/span><\/p>\n<p>&nbsp;<\/td>\n<td style=\"background-color: #91b4d9; width: 127.123%;\" colspan=\"5\" width=\"595\"><span style=\"color: #000000;\">7.1.\u00a0\u00a0\u00a0\u00a0\u00a0\u00a0\u00a0 Para la <strong>DGPLADES<\/strong>, en tanto <strong>Instancia Normativa<\/strong>, se reconocen como beneficiarios del Programa, a las Entidades Federativas reconocidas por el art\u00edculo 43 de la Constituci\u00f3n Pol\u00edtica de los Estados Unidos Mexicanos, que reciben la transferencia de recursos presupuestarios federales con car\u00e1cter de subsidios a trav\u00e9s de los Convenios para la operaci\u00f3n del Programa.<\/span><\/p>\n<p><span style=\"color: #000000;\">7.2.\u00a0\u00a0\u00a0\u00a0\u00a0\u00a0\u00a0 Para los <strong>Servicios Estatales de Salud<\/strong>, en tanto <strong>Instancias Ejecutoras<\/strong>, son las personas de las \u00e1reas de enfoque en que opera el Programa.<\/span><\/td>\n<\/tr>\n<tr>\n<td style=\"width: 24.6575%;\" colspan=\"3\" width=\"132\"><\/td>\n<td style=\"width: 127.123%;\" colspan=\"5\" width=\"595\"><\/td>\n<\/tr>\n<tr>\n<td style=\"background-color: #91b4d9; width: 24.6575%;\" colspan=\"3\" width=\"132\"><span style=\"color: #000000;\">8. Comit\u00e9s de Contralor\u00eda Social:<\/span><\/td>\n<td style=\"background-color: #91b4d9; width: 127.123%;\" colspan=\"5\" width=\"595\"><span style=\"color: #000000;\">Los Comit\u00e9s de Contralor\u00eda Social se conformar\u00e1n por miembros de la comunidad, incluidos integrantes de otros Comit\u00e9s, como los Comit\u00e9s Locales de Salud o instancias asociativas de beneficiarios de otros programas p\u00fablicos, constituidos en las localidades <strong>Subsede<\/strong> de las rutas del <strong>Programa<\/strong>.<\/span><\/p>\n<p><span style=\"color: #000000;\">Los Comit\u00e9s de Contralor\u00eda Social son mecanismos de incorporaci\u00f3n y participaci\u00f3n social directa de los beneficiarios en la vigilancia de las acciones del <strong>Programa.<\/strong><\/span><\/p>\n<p><span style=\"color: #000000;\">La actuaci\u00f3n de los Comit\u00e9s de Contralor\u00eda Social permitir\u00e1 efectuar la vigilancia integral que implica la observaci\u00f3n y evaluaci\u00f3n continua de las acciones de los equipos de salud itinerantes de las unidades m\u00e9dicas m\u00f3viles del <strong>Programa<\/strong> en las localidades Subsede.<\/span><\/td>\n<\/tr>\n<tr>\n<td style=\"width: 24.6575%;\" colspan=\"3\" width=\"132\"><\/td>\n<td style=\"width: 127.123%;\" colspan=\"5\" width=\"595\"><\/td>\n<\/tr>\n<tr>\n<td style=\"width: 24.6575%; background-color: #91b4d9;\" colspan=\"3\" width=\"132\"><span style=\"color: #000000;\">9. Caracter\u00edsticas de los<\/span><\/p>\n<p><span style=\"color: #000000;\">servicios que proporciona el Programa:<\/span><\/td>\n<td style=\"width: 127.123%; background-color: #91b4d9;\" colspan=\"5\" width=\"595\">&nbsp;<\/p>\n<p><span style=\"color: #000000;\">El Programa prev\u00e9 la organizaci\u00f3n y operaci\u00f3n efectiva de Equipos de Salud Itinerantes que brindan servicios de Atenci\u00f3n Primaria a la Salud, en UMM de diferente capacidad resolutiva, que son parte de la RISS conformada por los establecimientos de salud fijos y m\u00f3viles. Como lo establecen las Reglas de Operaci\u00f3n publicadas en el DOF el 28 de diciembre de 2019.<\/span><\/td>\n<\/tr>\n<tr>\n<td style=\"width: 24.6575%;\" colspan=\"3\" width=\"132\"><\/td>\n<td style=\"width: 127.123%;\" colspan=\"5\" width=\"595\"><\/td>\n<\/tr>\n<tr>\n<td style=\"width: 24.6575%; background-color: #91b4d9;\" colspan=\"3\" width=\"132\"><span style=\"color: #000000;\">10.\u00a0\u00a0\u00a0\u00a0 El monto presupuestal a vigilar por los Comit\u00e9s:<\/span><\/td>\n<td style=\"width: 127.123%; background-color: #91b4d9;\" colspan=\"5\" width=\"595\"><span style=\"color: #000000;\">Es el presupuesto autorizado que se transfiere a las Entidades Federativas reconocidas por el art\u00edculo 43 de la Constituci\u00f3n Pol\u00edtica de los Estados Unidos Mexicanos, que reciben la transferencia de recursos presupuestarios federales con car\u00e1cter de subsidios a trav\u00e9s de los Convenios para la operaci\u00f3n del <strong>Programa.<\/strong><\/span><\/td>\n<\/tr>\n<tr>\n<td style=\"width: 24.6575%; background-color: #91b4d9;\" colspan=\"3\" width=\"132\"><span style=\"color: #000000;\">11.\u00a0\u00a0\u00a0\u00a0 Captura la informaci\u00f3n en el <strong>SICS<\/strong>:<\/span><\/td>\n<td style=\"width: 127.123%; background-color: #91b4d9;\" colspan=\"5\" width=\"595\">&nbsp;<\/p>\n<p><span style=\"color: #000000;\">A partir del segundo trimestre del a\u00f1o, una vez Validados los Documentos B\u00e1sicos de la Instancia Normativa, por parte de la <strong>UORCS<\/strong> y conforme al Programa Estatal de Trabajo de Contralor\u00eda Social (<strong>PETCS<\/strong>) de las <strong>Representaciones Federales<\/strong>.<\/span><\/p>\n<p>&nbsp;<\/td>\n<\/tr>\n<tr>\n<td style=\"width: 151.781%;\" colspan=\"8\" width=\"728\"><\/td>\n<\/tr>\n<tr>\n<td style=\"width: 151.781%; background-color: #91b4d9;\" colspan=\"8\" width=\"728\"><span style=\"color: #000000;\">12.\u00a0\u00a0\u00a0\u00a0 Estructura operativa del Programa:<\/span><\/td>\n<\/tr>\n<tr>\n<td style=\"width: 24.6575%;\" colspan=\"3\" width=\"132\"><strong>Tipo<\/strong><\/td>\n<td style=\"width: 76.1644%;\" colspan=\"2\" width=\"123\"><strong>Responsabilidades<\/strong><\/td>\n<td style=\"width: 21.0959%;\" width=\"189\"><strong>Tareas<\/strong><\/td>\n<td style=\"width: 18.4932%;\" width=\"208\"><strong>Captura en SICS<\/strong><\/td>\n<td style=\"width: 11.3699%;\" width=\"76\"><strong>Tiempos de captura<\/strong><\/td>\n<\/tr>\n<tr>\n<td style=\"width: 21.6438%;\" colspan=\"2\" width=\"76\"><strong>Instancia Normativa<\/strong><\/td>\n<td style=\"width: 77.8082%;\" colspan=\"2\" width=\"142\">Promoci\u00f3n, Planeaci\u00f3n de acciones estrat\u00e9gicas y definici\u00f3n de la metodolog\u00eda operativa de la Contralor\u00eda Social.<\/p>\n<p>&nbsp;<\/td>\n<td style=\"width: 22.4658%;\" colspan=\"2\" width=\"227\">&#8211; Define las metas y objetivos de la Contralor\u00eda Social, en sus fases de planeaci\u00f3n, promoci\u00f3n, capacitaci\u00f3n y difusi\u00f3n.<\/p>\n<p>&#8211; Proporciona capacitaci\u00f3n y asesor\u00eda continuas a las <strong>RF<\/strong>.<\/p>\n<p>&#8211; Efect\u00faa el seguimiento por medios electr\u00f3nicos y del monitoreo del <strong>SICS<\/strong>.<\/p>\n<p>&#8211; Eval\u00faa el desempe\u00f1o de las <strong>RF.<\/strong><\/td>\n<td style=\"width: 18.4932%;\" width=\"208\">&#8211; Las Ejecutoras Estatales.<\/p>\n<p>&#8211; La Gu\u00eda operativa y sus anexos; el <strong>PATCS.<\/strong><\/p>\n<p>&#8211; Los datos de generales del <em>Programa<\/em> <strong>FAM<\/strong>.<\/p>\n<p>&#8211; \u00a0Las metas de planeaci\u00f3n, promoci\u00f3n, capacitaci\u00f3n y difusi\u00f3n.<\/td>\n<td style=\"width: 11.3699%;\" width=\"76\">Dentro de los diez d\u00edas h\u00e1biles a partir de la recepci\u00f3n del oficio de validaci\u00f3n por la <strong>UORCS<\/strong>.<\/td>\n<\/tr>\n<tr>\n<td style=\"width: 21.6438%; background-color: #91b4d9;\" colspan=\"2\" width=\"76\"><span style=\"color: #000000;\"><strong>Ejecutoras Estatales:<\/strong><\/span><\/p>\n<p><span style=\"color: #000000;\">Servicios Estatales de Salud.<\/span><\/td>\n<td style=\"width: 77.8082%; background-color: #91b4d9;\" colspan=\"2\" width=\"142\"><span style=\"color: #000000;\">Ejecuci\u00f3n de las acciones estrat\u00e9gicas en apego a la metodolog\u00eda operativa definida por la IN y validada por la <strong>UORCS<\/strong>.<\/span><\/td>\n<td style=\"width: 22.4658%; background-color: #91b4d9;\" colspan=\"2\" width=\"227\"><span style=\"color: #000000;\">&#8211; Garantizar la ejecuci\u00f3n,\u00a0transparencia y rendici\u00f3n de cuentas del Programa de la Contralor\u00eda Social.<\/span><\/p>\n<p><span style=\"color: #000000;\">&#8211; Publicar en su p\u00e1gina web los documentos b\u00e1sicos de la Contralor\u00eda Social, validados por la <strong>IN<\/strong>.<\/span><\/td>\n<td style=\"width: 18.4932%; background-color: #91b4d9;\" width=\"208\"><span style=\"color: #000000;\">&#8211; Promueve la coordinaci\u00f3n de acciones de contralor\u00eda social con los OEC.<\/span><\/p>\n<p><span style=\"color: #000000;\">&#8211; Promueve la participaci\u00f3n de los OIC en las acciones de seguimiento y control del cumplimiento de las metas y objetivos establecidos.<\/span><\/td>\n<td style=\"width: 11.3699%; background-color: #91b4d9;\" width=\"76\"><span style=\"color: #000000;\">Enero-Diciembre.<\/span><\/td>\n<\/tr>\n<tr>\n<td style=\"width: 20.6849%;\" width=\"66\"><strong>Ejecutoras Estatales:<\/strong><\/p>\n<p><strong>Representaciones Federales<\/strong>.<\/td>\n<td style=\"width: 78.7671%;\" colspan=\"3\" width=\"151\">Cumplimiento de las metas y objetivos establecidos en los <strong>PETCS<\/strong>.<\/p>\n<p>&nbsp;<\/td>\n<td style=\"width: 22.4658%;\" colspan=\"2\" width=\"227\">\u00a0<u>Planeaci\u00f3n:<\/u><\/p>\n<p>&#8211; Promover la constituci\u00f3n de <strong>CCS<\/strong>.<\/p>\n<p>&#8211; Efectuar la coordinaci\u00f3n de acciones con los <strong>OEC<\/strong>.<\/p>\n<p><u>Promoci\u00f3n<\/u>:<\/p>\n<p>&#8211; Capacitar y asesorar a integrantes de <strong>CCS<\/strong>, as\u00ed como a equipos de salud itinerantes de las <strong>UMM<\/strong>.<\/p>\n<p><u>Difusi\u00f3n<\/u>:<\/p>\n<p>&#8211; Distribuir el material de difusi\u00f3n proporcionado por la <strong>IN<\/strong> u <strong>OEC<\/strong>.<\/p>\n<p><u>Seguimiento<\/u>:<\/p>\n<p>&#8211; Recopilaci\u00f3n de informes de CCS.<\/p>\n<p>&#8211; Promover la vinculaci\u00f3n del seguimiento de las actividades y de los resultados de Contralor\u00eda Social con los mecanismos de denuncia existentes.<\/p>\n<p>&#8211; Canalizar a los <strong>OEC<\/strong> y <strong>OIC<\/strong> las quejas y denuncias provenientes de buzones y CCS del <em>Programa <\/em><strong>FAM<\/strong>.<\/p>\n<p>&#8211; Remitir mediante oficio dirigido a la <strong>IN<\/strong> Informe cuatrimestral respecto al estatus que guarda la presentaci\u00f3n, atenci\u00f3n y seguimiento de las quejas y denuncias hacia la operaci\u00f3n del Programa.<\/td>\n<td style=\"width: 18.4932%;\" width=\"208\">&#8211; Los Apoyos (servicios por CLUES) en Convenio.<\/p>\n<p>&#8211; Presupuesto por UMM (CLUES) en Convenio.<\/p>\n<p>&#8211; CCS constituidos.<\/p>\n<p>&#8211; CCS capacitados.<\/p>\n<p>&#8211; Reuniones con CCS u otros beneficiarios.<\/p>\n<p>&#8211; Acciones de Promoci\u00f3n.<\/p>\n<p>&#8211; Acciones de difusi\u00f3n.<\/p>\n<p>&#8211; Acciones de seguimiento.<\/p>\n<p>&#8211; Informes de CCS.<\/td>\n<td style=\"width: 11.3699%;\" width=\"76\">Enero-Diciembre.<\/td>\n<\/tr>\n<tr>\n<td style=\"width: 21.6438%; background-color: #91b4d9;\" colspan=\"2\" width=\"76\"><span style=\"color: #000000;\"><strong>Contralores Sociales<\/strong><\/span><\/p>\n<p><span style=\"color: #000000;\"><strong>\u00a0<\/strong><\/span><\/td>\n<td style=\"width: 77.8082%; background-color: #91b4d9;\" colspan=\"2\" width=\"142\"><span style=\"color: #000000;\">Vigilan y eval\u00faan las acciones de promoci\u00f3n, prevenci\u00f3n y servicios de salud que les otorgan las UMM del <em>Programa <\/em><strong>FAM<\/strong>.<\/span><\/p>\n<p>&nbsp;<\/td>\n<td style=\"width: 22.4658%; background-color: #91b4d9;\" colspan=\"2\" width=\"227\"><span style=\"color: #000000;\">&#8211; Constituci\u00f3n de <strong>CCS<\/strong>.<\/span><\/p>\n<p><span style=\"color: #000000;\">&#8211; Participar en las capacitaciones que realicen las <strong>RF<\/strong> u <strong>OEC<\/strong>.<\/span><\/p>\n<p><span style=\"color: #000000;\">&#8211; Conocer sus derechos y obligaciones como beneficiarios del <em>Programa<\/em> <strong>FAM<\/strong> y contralores sociales.<\/span><\/p>\n<p><span style=\"color: #000000;\">&#8211; Vigilar las acciones de promoci\u00f3n, prevenci\u00f3n y servicios de salud que proporcionan las <strong>UMM<\/strong>.<\/span><\/p>\n<p><span style=\"color: #000000;\">&#8211; Elaborar informes de vigilancia y eveluaci\u00f3n de las acciones de promoci\u00f3n, prevenci\u00f3n y servicios de salud que proporcionan las <strong>UMM<\/strong>.<\/span><\/p>\n<p><span style=\"color: #000000;\">&#8211; Entregar sus informes a la <strong>RF<\/strong>, para su registro en el <strong>SICS<\/strong>.<\/span><\/p>\n<p><span style=\"color: #000000;\">&#8211; Presentar y dar seguimiento a las quejas y denuncias expresadas por los beneficiarios del <em>Programa<\/em> <strong>FAM<\/strong>.<\/span><\/p>\n<p><span style=\"color: #000000;\">&#8211; Informar a su comunidad, los resultados de la Contralor\u00eda Social.<\/span><\/td>\n<td style=\"width: 18.4932%; background-color: #91b4d9;\" width=\"208\"><span style=\"color: #000000;\">Sus informes son registrados en el <strong>SICS<\/strong> por medio de las <strong>RF<\/strong>.<\/span><\/p>\n<p>&nbsp;<\/td>\n<td style=\"width: 11.3699%; background-color: #91b4d9;\" width=\"76\"><span style=\"color: #000000;\">Enero-Diciembre.<\/span><\/td>\n<\/tr>\n<\/tbody>\n<\/table>\n<p><strong>\u00a0<\/strong><\/p>\n<p><strong>\u00a0<\/strong><\/p>\n<p style=\"text-align: center;\"><strong>Programa Estatal de Trabajo de Contralor\u00eda Social (PETCS)<\/strong><\/p>\n<p><strong>\u00a0<\/strong><\/p>\n<p><strong>\u00a0<\/strong><\/p>\n<p>El <strong>PETCS<\/strong> de los <strong>SES<\/strong> a trav\u00e9s de la <strong>Representaci\u00f3n Federal<\/strong> se constituye de los siguientes procesos:<\/p>\n<p>&nbsp;<\/p>\n<p>I.-Planeaci\u00f3n.<\/p>\n<p>II.-Promoci\u00f3n.<\/p>\n<p>III.-Seguimiento.<\/p>\n<p>&nbsp;<\/p>\n<p>En el <strong>PETCS<\/strong> se identifican actividades de planeaci\u00f3n, promoci\u00f3n y seguimiento de Contralor\u00eda Social, as\u00ed como el responsable de las actividades, unidad de medida, metas y calendarizaci\u00f3n de ejecuci\u00f3n.<\/p>\n<ol>\n<li><strong>Planeaci\u00f3n<\/strong><\/li>\n<\/ol>\n<p><strong>\u00a0<\/strong><\/p>\n<ol>\n<li>Los <strong>SES<\/strong> en Sinaloa enviar\u00e1, en el periodo de <strong>febrero-marzo<\/strong>, a la <strong>DGPLADES<\/strong> el oficio con el nombramiento de los Enlaces del Programa de Contralor\u00eda Social, funcionario p\u00fablico estatal inmediato superior del Coordinador del <em>Programa<\/em> <strong>FAM<\/strong>, as\u00ed como la ratificaci\u00f3n o designaci\u00f3n del Coordinador del <em>Programa<\/em> <strong>FAM<\/strong>, como los responsables de los procesos de planeaci\u00f3n, promoci\u00f3n y seguimiento de la Contralor\u00eda Social.<\/li>\n<li>Los <strong>SES<\/strong> a trav\u00e9s de la <strong>Representaci\u00f3n Federal<\/strong> en el periodo de <strong>febrero-marzo<\/strong>, actualizar\u00e1 la Gu\u00eda Operativa y el <strong>PETCS<\/strong>, para su env\u00edo a trav\u00e9s de medios electr\u00f3nicos a la <strong>DGPLADES<\/strong> para su revisi\u00f3n y validaci\u00f3n.<\/li>\n<li>Los <strong>SES<\/strong> a trav\u00e9s de la<strong> Representaci\u00f3n Federal<\/strong> atender\u00e1 a partir del mes de <strong>mayo<\/strong> la convocatoria de la <strong>DGPLADES <\/strong>para la capacitaci\u00f3n presencial en materia de Contralor\u00eda Social.<\/li>\n<li>Los <strong>SES<\/strong> a trav\u00e9s de la<strong> Representaci\u00f3n Federal<\/strong> definir\u00e1 el programa de capacitaci\u00f3n a Comit\u00e9s de Contralor\u00eda Social, equipos de salud Itinerantes de las unidades m\u00e9dicas m\u00f3viles y dem\u00e1s personal que consideren necesario, con respecto a los procedimientos y objetivos de la Contralor\u00eda Social.<\/li>\n<li>Los <strong>SES<\/strong> a trav\u00e9s de la<strong> Representaci\u00f3n Federal<\/strong> capacitar\u00e1 a los Comit\u00e9s de Contralor\u00eda Social, utilizando la <strong>Gu\u00eda para Integrantes del Comit\u00e9 de Contralor\u00eda Social<\/strong>, proporcionada en medio electr\u00f3nico por la\n<ol>\n<li>Considerando la entrega a los integrantes de los Comit\u00e9s de Contralor\u00eda Social del <strong>Anexo-5<\/strong> <strong>(Ficha informativa de Servicios<\/strong> <strong>de Salud<\/strong> que proporcionan las Unidades M\u00e9dicas M\u00f3viles<strong>)<\/strong> y el <strong>Anexo-7<\/strong> <strong>(Funciones del Comit\u00e9 de Contralor\u00eda Social).<\/strong><\/li>\n<li>Enfatizar\u00e1n la conveniencia de que los Comit\u00e9s sean integrados de <strong>manera equitativa<\/strong> tanto por hombres y mujeres, as\u00ed como el hecho de que deben efectuar al menos <strong>una reuni\u00f3n informativa a su comunidad respecto a los resultados de la Contralor\u00eda Social<\/strong> <strong>(Anexo-11 Informe de Resultados del Comit\u00e9 de Contralor\u00eda Social a los beneficiarios).<\/strong><\/li>\n<\/ol>\n<\/li>\n<li>Los <strong>SES<\/strong> a trav\u00e9s de los <strong>Enlaces de Contralor\u00eda Social<\/strong> (funcionario p\u00fablico estatal inmediato superior del Coordinador del <em>Programa<\/em> <strong>FAM<\/strong> y Coordinador del <em>Programa<\/em> <strong>FAM<\/strong>), a partir del mes de febrero proceder\u00e1n a coordinarse con el<strong> OEC,<\/strong> para llevar a cabo actividades de capacitaci\u00f3n, promoci\u00f3n, difusi\u00f3n y seguimiento, de la Contralor\u00eda Social.<\/li>\n<\/ol>\n<p><strong>\u00a0<\/strong><\/p>\n<ol>\n<li><strong>Promoci\u00f3n <\/strong><\/li>\n<\/ol>\n<p>&nbsp;<\/p>\n<ol>\n<li>Los <strong>SES<\/strong> en Sinaloa a trav\u00e9s de la <strong>Representaci\u00f3n Federal <\/strong>a partir de enero realizan reuniones en las localidades Subsede por el Programa FAM, para promover la constituci\u00f3n de Comit\u00e9s de Contralor\u00eda Social.<\/li>\n<li>Para la constituci\u00f3n y registro de los Comit\u00e9s, los <strong>SES<\/strong> a trav\u00e9s la<strong> Representaci\u00f3n Federal<\/strong> promueve la realizaci\u00f3n de una reuni\u00f3n al inicio de la ejecuci\u00f3n del <em>Programa<\/em> <strong>FAM<\/strong>, en la cual est\u00e9n presentes los beneficiarios y los servidores p\u00fablicos de la entidad, encargados de la ejecuci\u00f3n del <em>Programa<\/em> <strong>FAM<\/strong> y el <strong>OEC<\/strong> Dicha reuni\u00f3n tendr\u00e1 como objeto lo siguiente:\n<ol>\n<li>Acordar la constituci\u00f3n del Comit\u00e9 y elegir por mayor\u00eda de votos de los beneficiarios presentes en la reuni\u00f3n, a los integrantes del mismo, lo cual deber\u00e1 hacerse constar por escrito en el (Anexo-1).<\/li>\n<li>En el Acta Constitutiva (<strong>Anexo-1<\/strong>) se deber\u00e1 expresar <strong>la voluntad libre de los beneficiarios<\/strong> que hayan sido elegidos como Comit\u00e9 de Contralor\u00eda Social para ser considerados como <strong>\u201cel Comit\u00e9 del Servicio\u201d<\/strong> correspondiente. Adicionalmente el Acta deber\u00e1 contener como m\u00ednimo obligatorio:<\/li>\n<\/ol>\n<\/li>\n<\/ol>\n<p>&nbsp;<\/p>\n<ul>\n<li>Nombre oficial del Programa (Fortalecimiento a la Atenci\u00f3n M\u00e9dica S200).<\/li>\n<li>Vigencia del Comit\u00e9 (ejercicio fiscal 2020).<\/li>\n<li>Fecha de constituci\u00f3n.<\/li>\n<li>Nombres de los beneficiarios que acordaron la constituci\u00f3n del Comit\u00e9 <strong>(lista de asistencia de los beneficiarios presentes en la reuni\u00f3n).<\/strong><\/li>\n<li>Circunscripci\u00f3n (Estado, Municipio y Localidad) a la que representar\u00e1 el Comit\u00e9 de Contralor\u00eda Social.<\/li>\n<li>Mencionar que se promovi\u00f3 que la integraci\u00f3n del Comit\u00e9 fuera de manera <strong>equitativa <\/strong>entre hombres y mujeres.<\/li>\n<li>Datos de identificaci\u00f3n de los beneficiarios elegidos como integrantes del Comit\u00e9 de Contralor\u00eda Social.<\/li>\n<li>Domicilio legal de Comit\u00e9 de Contralor\u00eda Social.<\/li>\n<li>Mecanismos e instrumentos que utilizar\u00e1 el Comit\u00e9 de Contralor\u00eda Social para el ejercicio de sus actividades.<\/li>\n<\/ul>\n<p>&nbsp;<\/p>\n<ul>\n<li>Los <strong>SES<\/strong> a trav\u00e9s de la<strong> Representaci\u00f3n Federal<\/strong> verificara que los integrantes del Comit\u00e9 sean beneficiarios del Programa.<a href=\"#_ftn3\" name=\"_ftnref3\">[3]<\/a> Se apoyar\u00e1n en la credencial de elector (emitida por el Instituto Nacional Electoral) para anotar la <strong>CURP<\/strong>; en ning\u00fan caso solicitar\u00e1n copia de la credencial de elector.<\/li>\n<\/ul>\n<p>&nbsp;<\/p>\n<ol>\n<li>Los <strong>SES<\/strong> a trav\u00e9s de la<strong> Representaci\u00f3n Federal <\/strong>dar\u00e1n asesor\u00eda a los Comit\u00e9s de Contralor\u00eda Social para la ejecuci\u00f3n de sus actividades y responsabilidades y le proporcionan la informaci\u00f3n sobre la operaci\u00f3n del <em>Programa<\/em> <strong>FAM<\/strong>, as\u00ed como entregar en el periodo de <strong>febrero-mayo<\/strong> los Cronogramas de Visitas de las Unidades M\u00e9dicas M\u00f3viles UMM <strong>(Anexo-8).<\/strong> Las asesor\u00edas se capturan conforme a los plazos y metas establecidas en los <strong>PETCS.<\/strong><\/li>\n<li>Los <strong>SES<\/strong> a trav\u00e9s de la<strong> Representaci\u00f3n Federal <\/strong>a partir de <strong>mayo<\/strong> distribuyen en las localidades Subsede del <em>Programa<\/em> <strong>FAM<\/strong> el material de difusi\u00f3n (carteles) elaborado y proporcionado por la <strong>DGPLADES.<\/strong><\/li>\n<li>Los <strong>SES<\/strong> a trav\u00e9s de la<strong> Representaci\u00f3n Federal <\/strong>juntamente con los <strong>OEC<\/strong> promueven la instalaci\u00f3n de buzones de quejas y denuncias en las localidades Subsede del <em>Programa<\/em> <strong>FAM <\/strong>y enviar\u00e1n a la <strong>DGPLADES <\/strong>por medios electr\u00f3nicos la evidencia de su instalaci\u00f3n y operaci\u00f3n.<\/li>\n<\/ol>\n<ul>\n<li>Los <strong>SES<\/strong> a trav\u00e9s de la<strong> Representaci\u00f3n Federal <\/strong>conjuntamente con los <strong>OEC<\/strong> proporcionan asesor\u00eda respecto al funcionamiento y operaci\u00f3n de la Contralor\u00eda Social a beneficiarios e integrantes de los Comit\u00e9s de Contralor\u00eda Social de cada una de las localidades Subsede del <em>Programa<\/em> <strong>FAM<\/strong>.<\/li>\n<li>Los <strong>SES<\/strong> a trav\u00e9s de la<strong> Representaci\u00f3n Federal <\/strong>realizar\u00e1 reuniones con los beneficiarios del <em>Programa<\/em> <strong>FAM<\/strong>, con la participaci\u00f3n de integrantes de los Comit\u00e9s de Contralor\u00eda Social, para enterarse del estado que guarden las quejas y denuncias presentadas, as\u00ed como dem\u00e1s acciones que contribuyan a mejorar la operaci\u00f3n del <em>Programa<\/em> <strong>FAM<\/strong>.<\/li>\n<\/ul>\n<ol>\n<li>Los <strong>SES<\/strong> a trav\u00e9s de la<strong> Representaci\u00f3n Federal <\/strong>elabora, integran y <strong>resguardan<\/strong> las <strong>minutas<\/strong> de todas las reuniones que se realicen durante el ejercicio fiscal con beneficiarios del <em>Programa<\/em> <strong>FAM,<\/strong> con la participaci\u00f3n de integrantes de los Comit\u00e9s de Contralor\u00eda Social, conforme al formato del <strong>(Anexo-10)<\/strong>. Las minutas ser\u00e1n firmadas al menos por un servidor p\u00fablico de la <strong>Representaci\u00f3n Federal<\/strong>, un integrante del Comit\u00e9 de Contralor\u00eda Social y un Beneficiario.<\/li>\n<\/ol>\n<p>&nbsp;<\/p>\n<p>&nbsp;<\/p>\n<p><strong>II.A.\u00a0\u00a0\u00a0 Constituci\u00f3n de Comit\u00e9s de Contralor\u00eda Social<\/strong><\/p>\n<p>&nbsp;<\/p>\n<p>Para el <em>Programa<\/em> <strong>FAM<\/strong> es indispensable el establecimiento de mecanismos de participaci\u00f3n social de los beneficiarios directos, tal y como se establece en las Reglas de Operaci\u00f3n vigentes a trav\u00e9s de Comit\u00e9s de Contralor\u00eda Social.<\/p>\n<p>&nbsp;<\/p>\n<p>Por lo anterior, la Contralor\u00eda Social la realizan los beneficiarios directos del <em>Programa<\/em> <strong>FAM<\/strong>, constituidos en Comit\u00e9s de Contralor\u00eda Social, por tanto, se constituir\u00e1 un Comit\u00e9 por unidad m\u00e9dica m\u00f3vil, de acuerdo al n\u00famero de UMM que conforman el Convenio Espec\u00edfico de Colaboraci\u00f3n en Materia de Transferencia de Recursos Presupuestarios Federales con el Car\u00e1cter de Subsidios, para desarrollar el Programa de Fortalecimiento a la Atenci\u00f3n M\u00e9dica.<\/p>\n<p>&nbsp;<\/p>\n<ol>\n<li>Los <strong>SES<\/strong> a trav\u00e9s de los Enlaces de Contralor\u00eda Social son responsables de ejecutar y documentar la estrategia de Contralor\u00eda Social del <em>Programa<\/em><strong> FAM<\/strong> ejercida por los <strong>Comit\u00e9s locales de salud.<\/strong><\/li>\n<li>Los <strong>SES<\/strong> a trav\u00e9s de la<strong> Representaci\u00f3n Federal <\/strong>a partir de <strong>febrero<\/strong> realiza reuniones de sensibilizaci\u00f3n con las autoridades de las localidades participantes, a fin de promover la instalaci\u00f3n, organizaci\u00f3n y capacitaci\u00f3n de los <strong>Comit\u00e9s de Contralor\u00eda Social.<\/strong><\/li>\n<li>Los <strong>SES<\/strong> a trav\u00e9s de la<strong> Representaci\u00f3n Federal <\/strong>impulsa, respetando las formas de organizaci\u00f3n de las comunidades, la realizaci\u00f3n de reuniones de beneficiarios del <em>Programa<\/em><strong> FAM <\/strong>para dar a conocer los objetivos de la Contralor\u00eda Social e invitarlos a instalar Comit\u00e9s promoviendo la integraci\u00f3n equitativa entre hombres y mujeres.<\/li>\n<li>Los <strong>SES<\/strong> a trav\u00e9s de la<strong> Representaci\u00f3n Federal <\/strong>debe asistir a las <strong>reuniones de instalaci\u00f3n de Comit\u00e9s de Contralor\u00eda Social<\/strong> e integrar y recopilar las <strong>minutas de dichas reuniones (Anexo-10).<\/strong><\/li>\n<li>Los <strong>SES<\/strong> a trav\u00e9s de la<strong> Representaci\u00f3n Federal <\/strong>apoyara a los integrantes de los Comit\u00e9s en las dudas del llenado y recolecci\u00f3n de firmas del Acta Constitutiva (Acta de Asamblea) <strong>(Anexo-1)<\/strong> <strong>los asesorar\u00e1n en el llenado del Escrito Libre<\/strong> y asientan en la misma el conteo de la <strong>elecci\u00f3n por mayor\u00eda<\/strong> de los integrantes de los Comit\u00e9s <strong>con la lista de asistencia de los beneficiarios<\/strong> presentes en la reuni\u00f3n.<\/li>\n<li>Los <strong>SES<\/strong> a trav\u00e9s de la<strong> Representaci\u00f3n Federal <\/strong>en un plazo no mayor a <strong>diez d\u00edas h\u00e1biles posteriores a la habilitaci\u00f3n del SICS,<\/strong> deben registrar las actas constitutivas de los Comit\u00e9s para otorgarles <strong>la constancia de registro<\/strong> que emite el sistema como Comit\u00e9s de Contralor\u00eda Social del <em>Programa<\/em> <strong>FAM<\/strong>.<\/li>\n<\/ol>\n<p>&nbsp;<\/p>\n<ol>\n<li>El <em>Programa<\/em><strong> FAM<\/strong> no abarca m\u00e1s de un ejercicio fiscal, por lo tanto, la <strong>vigencia de las constancias de registro es anual<\/strong>.<\/li>\n<\/ol>\n<ol>\n<li>Los <strong>SES<\/strong> a trav\u00e9s de la <strong>Representaci\u00f3n Federal <\/strong>entrega a los integrantes de los Comit\u00e9s de Contralor\u00eda Social las <strong>Constancias de Registro<\/strong> que emite el <strong>SICS,<\/strong> dentro de un <strong>plazo m\u00e1ximo de 30 d\u00edas h\u00e1biles<\/strong>, contados a partir de la fecha expedici\u00f3n de la constancia.<\/li>\n<li>Los <strong>SES<\/strong> trav\u00e9s de la <strong>Representaci\u00f3n Federal <\/strong>verifica que los <strong>Comit\u00e9s <\/strong>permanezcan debidamente integrados durante todo el ejercicio fiscal considerando lo siguiente:<\/li>\n<\/ol>\n<p>&nbsp;<\/p>\n<ol>\n<li><strong>La condici\u00f3n de integrante de un Comit\u00e9 se pierde por las siguientes causas<\/strong>:<\/li>\n<\/ol>\n<ul>\n<li>Muerte del integrante;<\/li>\n<li>Separaci\u00f3n voluntaria, mediante escrito dirigido a los miembros del Comit\u00e9;<\/li>\n<li>Acuerdo del Comit\u00e9 tomado por mayor\u00eda de votos;<\/li>\n<li>Acuerdo de la mayor\u00eda de los beneficiarios del <em>Programa<\/em> <strong>FAM<\/strong>, y<\/li>\n<li>P\u00e9rdida del car\u00e1cter de beneficiario.<\/li>\n<\/ul>\n<p>&nbsp;<\/p>\n<ol>\n<li>En los casos se\u00f1alados, el Comit\u00e9 designar\u00e1 de entre los beneficiarios del <em>Programa<\/em> <strong>FAM<\/strong> al integrante sustituto y lo har\u00e1 del conocimiento por escrito a la <strong>Representaci\u00f3n Federal,<\/strong> para que \u00e9sta verifique su calidad de beneficiario y, de ser procedente, lo registre como miembro del Comit\u00e9, debiendo capturar los cambios respectivos en el <strong>SICS<\/strong> y expedir la constancia de registro con la actualizaci\u00f3n correspondiente.<\/li>\n<li>Los <strong>SES<\/strong> a trav\u00e9s de la <strong>Representaci\u00f3n Federal <\/strong>establecer\u00e1 los mecanismos para la recopilaci\u00f3n de los <strong><em>Informes <\/em>de Contralor\u00eda Social<em>, <\/em>(Anexo-2) <\/strong>e <strong>Informe de Resultados del Comit\u00e9 de Contralor\u00eda Social a los Beneficiarios (Anexo-11) <\/strong>elaborados por los <strong>Comit\u00e9s de Contralor\u00eda Social<\/strong>.<\/li>\n<\/ol>\n<p><strong>\u00a0<\/strong><\/p>\n<p><strong>II.B Actividades de Difusi\u00f3n <\/strong><\/p>\n<p>&nbsp;<\/p>\n<p>A partir de la difusi\u00f3n de la oferta de servicios que otorga el <em>Programa<\/em> <strong>FAM<\/strong>, se promover\u00e1 fomentar la corresponsabilidad de los beneficiarios en el ejercicio de sus derechos y obligaciones del <em>Programa<\/em> <strong>FAM<\/strong>.<\/p>\n<p>&nbsp;<\/p>\n<p>Las Actividades de Difusi\u00f3n comprenden:<\/p>\n<p>&nbsp;<\/p>\n<ol>\n<li>Caracter\u00edsticas generales de la operaci\u00f3n del <em>Programa<\/em> <strong>FAM<\/strong> en las localidades Subsede.<\/li>\n<li>Las Actividades de Difusi\u00f3n deber\u00e1n por lo menos integrar la siguiente informaci\u00f3n:<\/li>\n<\/ol>\n<ul>\n<li>Caracter\u00edsticas generales del servicio que otorga el <strong>Programa<\/strong> (tipo, monto, per\u00edodo de ejecuci\u00f3n y fecha de entrega);<\/li>\n<li>Requisitos para la entrega de servicios;<\/li>\n<li>Derechos y obligaciones de los beneficiarios<a href=\"#_ftn4\" name=\"_ftnref4\">[4]<\/a>;<\/li>\n<li>Poblaci\u00f3n a la que va dirigido el servicio del <strong>Programa<\/strong>;<\/li>\n<li>Instancia Normativa, Instancia Ejecutora del <em>Programa<\/em><strong> FAM<\/strong>, as\u00ed como informaci\u00f3n para su contacto;<\/li>\n<li>Medios institucionales para presentar quejas y denuncias;<\/li>\n<li>Procedimientos para realizar las actividades de Contralor\u00eda Social, y;<\/li>\n<li>Medidas para promover la equidad entre mujeres y hombres en la integraci\u00f3n de los Comit\u00e9s de Contralor\u00eda Social<\/li>\n<\/ul>\n<ol>\n<li>Difusi\u00f3n de la Contralor\u00eda Social sobre la prestaci\u00f3n de servicios del <em>Programa<\/em> <strong>FAM<\/strong> en el marco de los Comit\u00e9s Locales de Salud.<\/li>\n<li>Los <strong>SES<\/strong> a trav\u00e9s de la <strong>Representaci\u00f3n Federal <\/strong>desarrollara la campa\u00f1a de difusi\u00f3n del Programa <strong>FAM<\/strong> que involucra las siguientes acciones de comunicaci\u00f3n educativa:<\/li>\n<li>Reproducci\u00f3n y distribuci\u00f3n de medios impresos (carteles) para difundir las caracter\u00edsticas y acciones del <em>Programa<\/em> <strong>FAM, <\/strong>adecuando la informaci\u00f3n a las caracter\u00edsticas propias de cada entidad federativa:<\/li>\n<\/ol>\n<p>&nbsp;<\/p>\n<ul>\n<li>El <em>Programa<\/em> <strong>FAM<\/strong> es iniciativa del Gobierno Federal y los <strong>SES<\/strong> son los responsables de su ejecuci\u00f3n y del ejercicio de los recursos federales, por lo que cualquier anomal\u00eda debe ser reportada a sus respectivos \u00f3rganos de control (<strong>OIC<\/strong>), (<strong>OEC<\/strong>) y fiscalizaci\u00f3n del servicio p\u00fablico para su atenci\u00f3n.<\/li>\n<\/ul>\n<p>&nbsp;<\/p>\n<ul>\n<li>Los beneficiarios del <em>Programa<\/em> <strong>FAM<\/strong> pueden expresar sus quejas y denuncias, sin ser limitativo, a trav\u00e9s de buzones, Comit\u00e9s de Contralor\u00eda Social, <strong>OEC<\/strong>, <strong>OIC<\/strong> y cualquier instituci\u00f3n relacionada con la vigilancia y control del ejercicio de los recursos federales, destinados para la operaci\u00f3n del <strong>Programa<\/strong>.<\/li>\n<\/ul>\n<p>&nbsp;<\/p>\n<ul>\n<li>Los <strong>SES<\/strong> a trav\u00e9s de la <strong>Representaci\u00f3n Federal <\/strong>junto con el <strong>OEC<\/strong> son los responsables de capacitar a los beneficiarios directos del <em>Programa<\/em> <strong>FAM<\/strong>, para que puedan realizar las actividades de Contralor\u00eda Social.<\/li>\n<\/ul>\n<p>&nbsp;<\/p>\n<ul>\n<li>Los <strong>SES<\/strong> a trav\u00e9s de la <strong>Representaci\u00f3n Federal <\/strong>y el <strong>OEC<\/strong> en las capacitaciones que realicen a los Comit\u00e9s, promueven que la integraci\u00f3n de los Comit\u00e9s sea <strong>equitativa por hombres y mujeres<\/strong>.<\/li>\n<\/ul>\n<p>&nbsp;<\/p>\n<ol>\n<li>Los equipos de salud itinerante otorgan entre otros servicios:\n<ul>\n<li>Vacunaci\u00f3n,<\/li>\n<li>Prevenci\u00f3n, atenci\u00f3n y control de enfermedades,<\/li>\n<li>Control del embarazo,<\/li>\n<li>Orientaci\u00f3n alimentaria,<\/li>\n<li>Autocuidado de la Salud.<\/li>\n<\/ul>\n<\/li>\n<\/ol>\n<p>&nbsp;<\/p>\n<ul>\n<li>Los equipos de salud itinerante otorgan sus servicios de forma gratuita con recursos p\u00fablicos federales de forma concurrente con los<\/li>\n<\/ul>\n<p>&nbsp;<\/p>\n<ul>\n<li>Los equipos de salud itinerante de las <strong>UMM<\/strong> laboran de enero a diciembre, de acuerdo al Cronograma de visitas <strong>(Anexo-8),<\/strong> que se puede consultar con los Comit\u00e9s de Contralor\u00eda Social.<\/li>\n<\/ul>\n<p>&nbsp;<\/p>\n<ol>\n<li>Los <strong>SES<\/strong> a trav\u00e9s de la <strong>Representaci\u00f3n Federal <\/strong>apoya la realizaci\u00f3n de la Contralor\u00eda Social en las localidades Subsede de las rutas del <em>Programa<\/em> <strong>FAM <\/strong>a fin de asegurar la vigilancia y transparencia en la prestaci\u00f3n de los servicios de salud.<\/li>\n<li>Los <strong>SES<\/strong> a trav\u00e9s de la <strong>Representaci\u00f3n Federal <\/strong>llevara a cabo acciones de difusi\u00f3n de materiales alusivos a la Contralor\u00eda Social con los <strong>OEC <\/strong>a trav\u00e9s de:<\/li>\n<\/ol>\n<p>&nbsp;<\/p>\n<ol>\n<li>Distribuci\u00f3n de carteles en los que se destacan las caracter\u00edsticas principales de la Contralor\u00eda Social.<\/li>\n<\/ol>\n<p>&nbsp;<\/p>\n<ol>\n<li>Distribuci\u00f3n del escrito de los derechos y obligaciones de los beneficiarios del <em>Programa<\/em> <strong>FAM (Anexo-12)<\/strong>.<\/li>\n<\/ol>\n<p>&nbsp;<\/p>\n<ol>\n<li>Los <strong>SES<\/strong> a trav\u00e9s de la <strong>Representaci\u00f3n Federal <\/strong>proporcionara en forma impresa a los Comit\u00e9s de Contralor\u00eda Social la informaci\u00f3n correspondiente a las Actividades de Difusi\u00f3n que incluye: la \u201c<strong>Gu\u00eda para integrantes del Comit\u00e9 de Contralor\u00eda Social\u201d<\/strong>, \u201cLas Funciones del Comit\u00e9 de Contralor\u00eda Social\u201d <strong>(Anexo-7)<\/strong> y el \u201cCronograma de Visitas de las Unidades M\u00e9dicas M\u00f3viles\u201d <strong>(Anexo-8)<\/strong> a efecto de que realicen las actividades concernientes a la Contralor\u00eda Social.<\/li>\n<\/ol>\n<p>&nbsp;<\/p>\n<ol>\n<li>Los <strong>SES<\/strong> a trav\u00e9s de la <strong>Representaci\u00f3n Federal <\/strong>conducir\u00e1 reuniones de trabajo con personal directivo de las <strong>Jurisdicciones Sanitarias<\/strong> en donde operan las <strong>UMM<\/strong> del <em>Programa<\/em><strong> FAM<\/strong>, para promover el apoyo a las acciones de Contralor\u00eda Social.<\/li>\n<\/ol>\n<p>&nbsp;<\/p>\n<ol>\n<li>Los <strong>SES<\/strong> a trav\u00e9s de la <strong>Representaci\u00f3n Federal <\/strong>reproducir\u00e1 y distribuir\u00e1 en las localidades Subsede del <em>Programa<\/em><strong> FAM,<\/strong> Las Funciones del Comit\u00e9 de Contralor\u00eda Social\u201d <strong>(Anexo-7)<\/strong>:<\/li>\n<li><strong>Son funciones del Comit\u00e9 de Contralor\u00eda Social<\/strong>:<\/li>\n<li>Solicitar a la <strong>Representaci\u00f3n Federal<\/strong>, la informaci\u00f3n p\u00fablica relacionada con la operaci\u00f3n del mismo.<\/li>\n<li>Vigilar que:<\/li>\n<\/ol>\n<ul>\n<li>Se difunda informaci\u00f3n suficiente, veraz y oportuna sobre la operaci\u00f3n del <strong>Programa<\/strong>.<\/li>\n<li>El ejercicio de los recursos p\u00fablicos para la prestaci\u00f3n de los servicios de salud sea oportunos, transparentes y con apego a lo establecido en las reglas de operaci\u00f3n y, en su caso, en la normatividad aplicable.<\/li>\n<li>Los beneficiarios del <strong>Programa<\/strong> cumplan con los requisitos de acuerdo a la normatividad aplicable.<\/li>\n<li>Se cumpla con los per\u00edodos de ejecuci\u00f3n de los servicios.<\/li>\n<li>Exista documentaci\u00f3n comprobatoria del ejercicio de los recursos p\u00fablicos y de la entrega de los servicios.<\/li>\n<li>El <strong>Programa<\/strong> no se utilice con fines pol\u00edticos, electorales, de lucro u otros distintos a su objetivo.<\/li>\n<li>El Programa se ejecute en un marco de igualdad entre mujeres y hombres.<\/li>\n<li>Las autoridades competentes den atenci\u00f3n a las quejas y denuncias relacionadas con la operaci\u00f3n del <strong>Programa<\/strong>.<\/li>\n<\/ul>\n<p>&nbsp;<\/p>\n<ul>\n<li>Registrar en los <strong>Informes<\/strong> <strong>(Anexo-2<\/strong>) los resultados de las actividades de Contralor\u00eda Social realizadas, as\u00ed como dar seguimiento, en su caso, a los mismos;<\/li>\n<li>Recibir las quejas y denuncias sobre la aplicaci\u00f3n y ejecuci\u00f3n del <strong>Programa<\/strong>, recabar la informaci\u00f3n de las mismas y, en su caso, presentarlas junto con la informaci\u00f3n recopilada a la <strong>Representaci\u00f3n Federal <\/strong>a efecto de que se tomen las medidas a que haya lugar, y<\/li>\n<li>Recibir las quejas y denuncias que puedan dar lugar al fincamiento de responsabilidades administrativas, civiles o penales, as\u00ed como turnarlas a las autoridades competentes para su atenci\u00f3n.<\/li>\n<li>Realizar el <strong>Informe de Resultados del Comit\u00e9 de Contralor\u00eda Social a los Beneficiarios (Anexo-11), <\/strong>para su entrega a la <strong>Representaci\u00f3n Federal<\/strong>.<\/li>\n<\/ul>\n<p>&nbsp;<\/p>\n<p><strong>II.B.1.\u00a0 Derechos y Obligaciones de los Beneficiarios <\/strong><\/p>\n<p>&nbsp;<\/p>\n<p>El dise\u00f1o del escrito sobre los <strong>Derechos y Obligaciones de los Beneficiarios<\/strong> <strong>(Anexo-12)<\/strong> del <em>Programa<\/em> <strong>FAM:<\/strong><\/p>\n<ol style=\"list-style-type: lower-alpha;\">\n<li><strong>Derechos<\/strong> de la poblaci\u00f3n beneficiaria del <em>Programa<\/em><strong> FAM<\/strong>:\n<ol style=\"list-style-type: lower-roman;\">\n<li>Recibir atenci\u00f3n m\u00e9dica gratuita;<\/li>\n<li>Recibir servicios de salud efectivos, seguros, sensibles a la diversidad cultural, con pleno respeto de las pr\u00e1cticas culturales de la comunidad, que respondan a sus expectativas;<\/li>\n<li>Recibir informaci\u00f3n precisa, clara, oportuna y veraz, sobre la atenci\u00f3n de su salud y riesgos de los procedimientos diagn\u00f3sticos, terap\u00e9uticos y quir\u00fargicos que se les indiquen o apliquen, as\u00ed como la orientaci\u00f3n necesaria acerca de alternativas de tratamiento;<\/li>\n<li>Decidir libremente sobre su atenci\u00f3n.<\/li>\n<li>Otorgar o no, su consentimiento informado para recibir tratamientos o procedimientos diagn\u00f3sticos y terap\u00e9uticos invasivos y\/o quir\u00fargicos;<\/li>\n<li>Solicitar una Segunda Opini\u00f3n, emitida por personal m\u00e9dico del Sistema Nacional de Salud, acerca del diagn\u00f3stico, pron\u00f3stico o tratamiento relacionados con su estado de salud;<\/li>\n<li>Contar con un expediente cl\u00ednico;<\/li>\n<li>Recibir los medicamentos necesarios;<\/li>\n<li>Recibir la atenci\u00f3n m\u00e9dica integral y ser tratado con dignidad, respeto y confidencialidad;<\/li>\n<li>Tener un acceso equitativo a la atenci\u00f3n;<\/li>\n<li>Ser referido a establecimientos de atenci\u00f3n m\u00e9dica con mayor Capacidad Resolutiva cuando as\u00ed lo requiera su estado de salud;<\/li>\n<li>Recibir informaci\u00f3n sobre mecanismos de acceso y obtenci\u00f3n de servicios de atenci\u00f3n m\u00e9dica en los establecimientos que para tal efecto se designen;<\/li>\n<li>Recibir los servicios que brindan las UMM, de acuerdo con la calendarizaci\u00f3n establecida en cada entidad federativa;<\/li>\n<li>Presentar quejas y denuncias por falta o inadecuada prestaci\u00f3n de los servicios, as\u00ed como recibir informaci\u00f3n acerca de los procedimientos, plazos y formas en que se atender\u00e1n las consultas, quejas y denuncias;<\/li>\n<li>Recibir la Cartilla de Salud que les corresponda, de acuerdo con su edad y sexo, y<\/li>\n<li>Conocer la informaci\u00f3n del Programa, conforme a las disposiciones jur\u00eddicas aplicables en materia de transparencia y acceso a la informaci\u00f3n p\u00fablica.<\/li>\n<\/ol>\n<\/li>\n<li><strong>Obligaciones <\/strong>de la poblaci\u00f3n beneficiaria del <strong>Programa:<\/strong>\n<ol style=\"list-style-type: lower-roman;\">\n<li>Adoptar conductas de promoci\u00f3n de la salud y prevenci\u00f3n de enfermedades;<\/li>\n<li>Colaborar con el equipo de salud, informando verazmente y con exactitud sobre sus antecedentes, necesidades y problemas de salud;<\/li>\n<li>Informarse acerca de los riesgos y alternativas de los procedimientos terap\u00e9uticos que se le indiquen o apliquen, as\u00ed como de los procedimientos de consultas, quejas y denuncias;<\/li>\n<li>Cumplir con las recomendaciones, prescripciones, tratamientos o procedimientos generales a los que haya aceptado someterse;<\/li>\n<li>Llevar a la pr\u00e1ctica las recomendaciones emitidas por el equipo de salud itinerante y el auxiliar de la salud;<\/li>\n<li>Ejercer la corresponsabilidad en el autocuidado de su salud;<\/li>\n<li>Dar un trato respetuoso al equipo de salud itinerante de las UMM, as\u00ed como a los otros usuarios y sus acompa\u00f1antes;<\/li>\n<li>Hacer uso responsable de los servicios de salud;<\/li>\n<li>Informarse sobre los procedimientos que rigen el funcionamiento de los establecimientos para el acceso y servicios de atenci\u00f3n m\u00e9dica;<\/li>\n<li>Asistir a las actividades de capacitaci\u00f3n para el autocuidado de la salud;<\/li>\n<li>Participar activamente en la identificaci\u00f3n de causas y soluciones a los problemas de salud de su comunidad, y<\/li>\n<li>Presentar la Cartilla Nacional de Salud correspondiente, al momento de solicitar atenci\u00f3n m\u00e9dica.<\/li>\n<\/ol>\n<\/li>\n<\/ol>\n<p>&nbsp;<\/p>\n<p><strong>II.C. Plan de Capacitaci\u00f3n<\/strong><\/p>\n<p>&nbsp;<\/p>\n<ol style=\"list-style-type: lower-alpha;\">\n<li>Los <strong>SES<\/strong> a trav\u00e9s de los Enlaces de Contralor\u00eda Social establecen contacto con el <strong>OEC <\/strong>para desarrollar las actividades de difusi\u00f3n, promoci\u00f3n, capacitaci\u00f3n, asesor\u00eda y seguimiento de Contralor\u00eda Social.\n<ol>\n<li>Los <strong>SES<\/strong> a trav\u00e9s de la <strong>Representaci\u00f3n Federal <\/strong>asistir\u00e1 a la capacitaci\u00f3n en materia de Contralor\u00eda Social a cargo de la <strong>DGPLADES<\/strong>.<\/li>\n<li>Los <strong>SES<\/strong> a trav\u00e9s de la <strong>Representaci\u00f3n Federal <\/strong>recibir\u00e1n materiales impresos y\/o electr\u00f3nicos proporcionados por la <strong>DGPLADES, <\/strong>para su reproducci\u00f3n y desarrollo de la capacitaci\u00f3n y difusi\u00f3n.<\/li>\n<\/ol>\n<\/li>\n<li>Los <strong>SES<\/strong> a trav\u00e9s de la <strong>Representaci\u00f3n Federal <\/strong>realizara la capacitaci\u00f3n a los <strong>Comit\u00e9s de Contralor\u00eda Social <\/strong>y a los Equipos de Salud Itinerantes (m\u00e9dicos, odont\u00f3logos, enfermeras y promotores de salud) de las <strong>UMM<\/strong> del <strong>Programa<\/strong>.<\/li>\n<li>Los <strong>SES<\/strong> a trav\u00e9s de la <strong>Representaci\u00f3n Federal <\/strong>coordinara las capacitaciones que se realicen en las localidades Subsede con el apoyo del <strong>OEC<\/strong> y de los <strong>Jefes Jurisdiccionales<\/strong>.<\/li>\n<li>Los <strong>SES<\/strong> a trav\u00e9s de la <strong>Representaci\u00f3n Federal <\/strong>levantara reportes de Participantes de los Cursos de Capacitaci\u00f3n sobre Contralor\u00eda Social <strong>(Anexo-3),<\/strong> con ellos se integra el Informe Estatal de Resultados de Capacitaci\u00f3n sobre Contralor\u00eda Social <strong>(Anexo-4).<\/strong><\/li>\n<li>Las capacitaciones que realicen los <strong>SES<\/strong> a trav\u00e9s de la <strong>Representaci\u00f3n Federal<\/strong> deber\u00e1 registrarse en el <strong>SICS<\/strong>, dentro de los diez d\u00edas h\u00e1biles a su realizaci\u00f3n; previa habilitaci\u00f3n del <strong>SICS<\/strong>.<\/li>\n<\/ol>\n<p><img loading=\"lazy\" decoding=\"async\" class=\"alignnone wp-image-10969 size-full\" src=\"http:\/\/saludsinaloa.gob.mx\/wp-content\/uploads\/2020\/09\/modulos_contra-e1599605993716.png\" alt=\"\" width=\"1177\" height=\"899\" srcset=\"https:\/\/saludsinaloa.gob.mx\/wp-content\/uploads\/2020\/09\/modulos_contra-e1599605993716.png 1177w, https:\/\/saludsinaloa.gob.mx\/wp-content\/uploads\/2020\/09\/modulos_contra-e1599605993716-300x229.png 300w, https:\/\/saludsinaloa.gob.mx\/wp-content\/uploads\/2020\/09\/modulos_contra-e1599605993716-1024x782.png 1024w, https:\/\/saludsinaloa.gob.mx\/wp-content\/uploads\/2020\/09\/modulos_contra-e1599605993716-768x587.png 768w\" sizes=\"(max-width: 1177px) 100vw, 1177px\" \/><\/p>\n<p>&nbsp;<\/p>\n<p><strong>II.C.1.\u00a0 Asesor\u00eda a Comit\u00e9s de Contralor\u00eda Social<\/strong><\/p>\n<p><strong>\u00a0<\/strong><\/p>\n<ol style=\"list-style-type: lower-alpha;\">\n<li>Las actividades de asesor\u00eda a Comit\u00e9s de Contralor\u00eda Social est\u00e1n a cargo de los <strong>SES<\/strong> a trav\u00e9s de la <strong>Representaci\u00f3n Federal<\/strong>.<\/li>\n<li>Los <strong>SES<\/strong> a trav\u00e9s de la <strong>Representaci\u00f3n Federal <\/strong>de <strong>febrero<\/strong> a <strong>diciembre<\/strong> se reunir\u00e1n con beneficiarios e integrantes de Comit\u00e9s de Contralor\u00eda Social, para <strong>promover la corresponsabilidad<\/strong> en la entrega de la oferta de servicios de salud que proporciona el <em>Programa<\/em><strong> FAM<\/strong>.<\/li>\n<li>Los <strong>SES<\/strong> a trav\u00e9s de la <strong>Representaci\u00f3n Federal <\/strong>llevara a cabo reuniones de asesor\u00eda a beneficiarios y Comit\u00e9s de Contralor\u00eda Social, las cuales pueden ser conjuntas con el <strong>OEC<\/strong>.<\/li>\n<li>Los <strong>SES<\/strong> a trav\u00e9s de la <strong>Representaci\u00f3n Federal <\/strong>levantara minutas <strong>(Anexo-10) <\/strong>de las reuniones con beneficiarios e integrantes de Comit\u00e9s de Contralor\u00eda Social y las registran en el <strong>SICS<\/strong>.<\/li>\n<li>Para facilitar el proceso de asesor\u00eda a beneficiarios e integrantes de Comit\u00e9s de Contralor\u00eda Social, los <strong>SES<\/strong> a trav\u00e9s de la <strong>Representaci\u00f3n Federal, <\/strong>en las capacitaciones entregar\u00e1n impresa la <strong>Gu\u00eda para integrantes del Comit\u00e9 de Contralor\u00eda Social<\/strong>.<\/li>\n<\/ol>\n<p>&nbsp;<\/p>\n<p><strong>III. Seguimiento<\/strong><\/p>\n<p style=\"padding-left: 40px;\"><strong>III.A. Procedimiento de atenci\u00f3n de quejas y denuncias<\/strong><\/p>\n<p style=\"padding-left: 40px;\">a. La <strong>Representaci\u00f3n Federal<\/strong> pone al alcance de los beneficiarios del <em>Programa<\/em> <strong>FAM<\/strong> los n\u00fameros telef\u00f3nicos y cuentas de correo electr\u00f3nico tanto propios como del <strong>OEC<\/strong>, para presentar quejas y dencias sobre las acciones de promoci\u00f3n, prevenci\u00f3n y prestaci\u00f3n de servicios de salud de las unidades m\u00e9dicas m\u00f3viles:<\/p>\n<p><strong><u>SINALOA<\/u><\/strong><\/p>\n<p><strong><u>SERVICIOS DE SALUD DE SINALOA<\/u><\/strong><\/p>\n<p><strong><u>Dr. H\u00e9ctor Alcantara G\u00f3mez<\/u><\/strong><\/p>\n<p><strong>Director de Atenci\u00f3n M\u00e9dica<\/strong><\/p>\n<p><strong><u>hector.alcantara@saludsinalao.gob.mx<\/u><\/strong><\/p>\n<p><strong>(667) 261 22 00<\/strong><\/p>\n<p><strong>\u00a0<\/strong><\/p>\n<p><strong><u>Dr. Joel Antonio Conde Guti\u00e9rrez<\/u><\/strong><\/p>\n<p><strong>Coordinador estatal del programa Fortalecimiento a la Atenci\u00f3n<\/strong><\/p>\n<p><strong>Medica<\/strong><\/p>\n<p><a href=\"mailto:famsinaloa2019@gmail.com\"><strong>famsinaloa2019@gmail.com<\/strong><\/a><\/p>\n<p><strong>(667) 261 22 00<\/strong><\/p>\n<p><strong>\u00a0<\/strong><\/p>\n<p><strong><u>Dr. Carlos Gabriel Terrazas Guerrero<\/u><\/strong><\/p>\n<p><strong>Supervisor Estatal del Programa Fortalecimiento a ala Atenci\u00f3n<\/strong><\/p>\n<p><strong>Medica<\/strong><\/p>\n<p><a href=\"mailto:cgterrazas@hotmail.com\"><strong>cgterrazas@hotmail.com<\/strong><\/a><\/p>\n<p><strong><u>DGPLADES<\/u><\/strong><\/p>\n<p><strong>Av. Marina Nacional 60 Mezzanine (Piso 1), Col. Tacuba, Alcald\u00eda <\/strong><\/p>\n<p><strong>Miguel Hidalgo, C.P. 11410, Ciudad de M\u00e9xico.<\/strong><\/p>\n<p><strong><em>Por Correo: <\/em><\/strong><\/p>\n<p><a href=\"mailto:gabriela.rodriguezh@salud.gob.mx\"><strong>gabriela.rodriguezh@salud.gob.mx<\/strong><\/a><\/p>\n<p><a href=\"mailto:gustavo.ortiz@salud.gob.mx\"><strong>gustavo.ortiz@salud.gob.mx<\/strong><\/a><\/p>\n<p><strong><em>Por V\u00eda Telef\u00f3nica:<\/em><\/strong><\/p>\n<p><strong>Tel: 01 (55) 5062-1600; 5062-1700 ext. 51206 y 51220.<\/strong><\/p>\n<p><strong>\u00a0<\/strong><\/p>\n<p><strong><u>SECRETAR\u00cdA LA FUNCI\u00d3N P\u00daBLICA<\/u><\/strong><\/p>\n<ul>\n<li><strong>Sistema Integral de Denuncias Ciudadanas (SIDEC):<\/strong> <a href=\"https:\/\/sidec.funcionpublica.gob.mx\/%23!\/\">https:\/\/sidec.funcionpublica.gob.mx\/#!\/<\/a><\/li>\n<li><strong>V\u00eda correspondencia<\/strong>: Env\u00eda tu escrito a la Direcci\u00f3n General de Denuncias e Investigaciones de la Secretar\u00eda de la Funci\u00f3n P\u00fablica en Insurgentes Sur No. 1735, Piso 2 Ala Norte, Guadalupe Inn, \u00c1lvaro Obreg\u00f3n, CP 01020, Ciudad de M\u00e9xico.<\/li>\n<li><strong>V\u00eda telef\u00f3nica<\/strong>: En el interior de la Rep\u00fablica al 01 800 11 28 700 y en la Ciudad de M\u00e9xico 2000 2000<\/li>\n<li><strong>Presencial<\/strong>: En el m\u00f3dulo 3 de la Secretar\u00eda de la Funci\u00f3n P\u00fablica ubicado en Insurgentes Sur 1735, PB, Guadalupe Inn, \u00c1lvaro Obreg\u00f3n, C\u00f3digo Postal 01020, Ciudad de M\u00e9xico.<\/li>\n<li><strong>V\u00eda chat<\/strong>: Apps para dispositivos m\u00f3viles &#8220;Denuncia la corrupci\u00f3n&#8221;<\/li>\n<li><strong>V\u00eda correo electr\u00f3nico<\/strong>: <a href=\"mailto:contraloriasocial@funcionpublica.gob.mx\">contraloriasocial@funcionpublica.gob.mx<\/a><\/li>\n<li><strong>Plataforma<\/strong>: para casos graves de corrupci\u00f3n y en los que se requiera anonimato, Ciudadanos Alertadores Internos y Externos de la Corrupci\u00f3n <a href=\"https:\/\/alertadores.funcionpublica.gob.mx\/\">https:\/\/alertadores.funcionpublica.gob.mx\/<\/a><\/li>\n<\/ul>\n<p style=\"padding-left: 40px;\">b. Los <strong>SES<\/strong> a trav\u00e9s de la <strong>Representaci\u00f3n Federal <\/strong>recopilara las quejas y denuncias que se capten en los buzones, para su canalizaci\u00f3n oficial al <strong>OEC<\/strong> u <strong>OIC<\/strong> o cualquier otra instancia de control y fiscalizaci\u00f3n del servicio p\u00fablico, para su atenci\u00f3n.<\/p>\n<ol>\n<li style=\"list-style-type: none;\">\n<ol style=\"list-style-type: lower-roman;\">\n<li>La <strong>Representaci\u00f3n Federal<\/strong> recopilara las quejas y denuncias presentadas por los beneficiarios del <strong>Programa<\/strong> o por los Comit\u00e9s de Contralor\u00eda Social a trav\u00e9s de los medios a su disposici\u00f3n como buzones, v\u00eda telef\u00f3nica, medios electr\u00f3nicos, etc., en el Formato de Quejas y denuncias <strong>(Anexo-9)<\/strong> para reportarlas a sus respectivos \u00f3rganos de control <strong>(OEC)<\/strong> y fiscalizaci\u00f3n del servicio p\u00fablico.<\/li>\n<li>La <strong>Representaci\u00f3n Federal<\/strong> al recopilara las quejas y denuncias de los Comit\u00e9s de Contralor\u00eda Social, <strong>les asignan un n\u00famero de registro para su control y seguimiento<\/strong> y elaboran la minuta de la reuni\u00f3n.<\/li>\n<\/ol>\n<\/li>\n<\/ol>\n<p>&nbsp;<\/p>\n<p style=\"padding-left: 40px;\">c. Los <strong>SES<\/strong> a trav\u00e9s de la <strong>Representaci\u00f3n Federal <\/strong>junto con los Comit\u00e9s de Contralor\u00eda Social, atienden el siguiente procedimiento, para la captaci\u00f3n y atenci\u00f3n de quejas y denuncias:<\/p>\n<p>&nbsp;<\/p>\n<ol>\n<li style=\"list-style-type: none;\">\n<ol style=\"list-style-type: lower-roman;\">\n<li>Solicitar a la persona que la presenta, describa detalladamente el asunto que se trata.<\/li>\n<li>Preguntar al quejoso o denunciante si tiene pruebas, y en caso afirmativo, debe solicitarlas para entregarlas junto con la queja<\/li>\n<li>Recibir la queja y dar un acuse al interesado.<\/li>\n<li>Leer la queja y la informaci\u00f3n que se incluya en la misma.<\/li>\n<li>En caso de que la queja est\u00e9 relacionada con la ejecuci\u00f3n del <em>Programa<\/em> <strong>FAM<\/strong>, el Comit\u00e9 debe:\n<ul>\n<li>Reunirse con la <strong>Representaci\u00f3n Federal<\/strong> y solicitar la soluci\u00f3n de la queja, adem\u00e1s de dejar constancia que la present\u00f3 formalmente.<\/li>\n<li>Informar al interesado sobre la soluci\u00f3n que se dio al asunto.<\/li>\n<\/ul>\n<\/li>\n<li>Si la queja puede dar lugar a responsabilidades administrativas, civiles o penales relacionadas con el <em>Programa<\/em> <strong>FAM<\/strong>, debe:\n<ul>\n<li>Presentarla con la informaci\u00f3n previamente recopilada, a la autoridad competente el n\u00famero de registro con el que le recibieron la queja o denuncia, as\u00ed como preguntar y escribir el nombre de la persona a quien se la entregaron.<\/li>\n<li>Acudir, en el plazo establecido por la autoridad competente, para dar seguimiento a la respuesta que se emita.<\/li>\n<li>Informar al interesado, y al final del a\u00f1o a su localidad en asamblea p\u00fablica sobre las respuestas que le hayan dado al respecto de la queja presentada.<\/li>\n<\/ul>\n<\/li>\n<\/ol>\n<\/li>\n<\/ol>\n<p style=\"padding-left: 40px;\">d. Los <strong>SES<\/strong> a trav\u00e9s de la <strong>Representaci\u00f3n Federal <\/strong>informara (a trav\u00e9s de escrito, asamblea comunitaria, medios electr\u00f3nicos) a los Comit\u00e9s de Contralor\u00eda Social las resoluciones de las quejas y denuncias presentadas.<\/p>\n<p>&nbsp;<\/p>\n<p><strong>III.B.\u00a0\u00a0 Registro de informaci\u00f3n en el SICS.<\/strong><\/p>\n<p><strong>\u00a0<\/strong><\/p>\n<ol style=\"list-style-type: lower-alpha;\">\n<li>El <strong>SICS<\/strong> est\u00e1 dise\u00f1ado para que la <strong>DGPLADES<\/strong> y los <strong>SES<\/strong> a trav\u00e9s de la <strong>Representaci\u00f3n Federal <\/strong>capture la informaci\u00f3n de su \u00e1mbito de competencia, a trav\u00e9s de los perfiles de usuarios establecidos por la <strong>SFP<\/strong>.<\/li>\n<li>Los <strong>SES<\/strong> a trav\u00e9s de la <strong>Representaci\u00f3n Federal <\/strong>registra las metas en el <strong>SICS<\/strong> de las acciones de Contralor\u00eda Social.<\/li>\n<li>Los Comit\u00e9s de Contralor\u00eda Social llenan un Informe (<strong>Anexo-2<\/strong>) por cada una de las <strong>UMM<\/strong> en el periodo octubre-noviembre y lo entregan a la <strong>Representaci\u00f3n Federal<\/strong>, para su registro en el <strong>SICS<\/strong>.<\/li>\n<li>Los <strong>SES<\/strong> a trav\u00e9s de la <strong>Representaci\u00f3n Federal <\/strong>recabara en las localidades Subsede, los Informes (<strong>Anexo-2<\/strong>) en el periodo octubre-noviembre para su registro en el <strong>SICS<\/strong>.<\/li>\n<li>Los Comit\u00e9s de Contralor\u00eda Social se apoya en el <strong>Informe<\/strong> <strong>(Anexo-2)<\/strong> para la elaboraci\u00f3n del Informe de Resultados del Comit\u00e9 de Contralor\u00eda Social a los Beneficiarios <strong>(Anexo-11).<\/strong><\/li>\n<li>Los <strong>SES<\/strong> a trav\u00e9s de la <strong>Representaci\u00f3n Federal <\/strong>recabara en el periodo noviembre-diciembre de los Comit\u00e9s de Contralor\u00eda Social el Informe de Resultados del Comit\u00e9 de Contralor\u00eda Social a los Beneficiarios (<strong>Anexo-11<\/strong>).<\/li>\n<li>Los <strong>SES<\/strong> a trav\u00e9s de la <strong>Representaci\u00f3n Federal <\/strong>registra el <strong>Anexo<\/strong>&#8211;<strong>11<\/strong> en el <strong>SICS<\/strong> dentro de los <strong>diez h\u00e1biles posteriores a su recopilaci\u00f3n<\/strong> <strong>en el apartado de Reuniones <\/strong>con Comit\u00e9s, adicionalmente informan a trav\u00e9s de un oficio al <strong>OEC<\/strong>, que en cumplimiento a los numerales vig\u00e9simo tercero, cuarto y quinto de los Lineamientos, que dichos informes han sido elaborados por los Comit\u00e9s y recopilados por la <strong>Representaci\u00f3n Federal<\/strong>.<\/li>\n<li>Los <strong>SES<\/strong> a trav\u00e9s de la <strong>Representaci\u00f3n Federal <\/strong>registra en el <strong>SICS<\/strong>:\n<ol style=\"list-style-type: lower-roman;\">\n<li>La informaci\u00f3n correspondiente a las <strong>UMM<\/strong> (Apoyos) del <em>Programa<\/em><strong> FAM.\u00a0<\/strong><\/li>\n<li>Las actividades de promoci\u00f3n.<\/li>\n<li>El registro de los Comit\u00e9s de Contralor\u00eda Social.<\/li>\n<li>Las minutas de reuniones con los Comit\u00e9s y beneficiarios.<\/li>\n<li>Las respuestas de los Informes de Contralor\u00eda Social.<\/li>\n<\/ol>\n<\/li>\n<li>En el SICS se registran por cada servicio (CLUES) las localidades en las que se encuentran los Comit\u00e9s de Contralor\u00eda Social, el resto de las localidades de la ruta se mencionan de forma cuantitativa en el cuadro de observaciones incluyendo n\u00famero total de localidades en ruta y municipios en cobertura; por tanto este mismo criterio de asignaci\u00f3n aplica para el registro de las capacitaciones, acciones de difusi\u00f3n, promoci\u00f3n e informes.<\/li>\n<li>El registro de informaci\u00f3n del <strong>PATCS<\/strong> validado por la <strong>UORCS<\/strong> y del <strong>PETCS<\/strong> validado por la <strong>DGPLADES<\/strong>, se describe a continuaci\u00f3n:<\/li>\n<\/ol>\n<p><strong>\u00a0<\/strong><\/p>\n<table style=\"width: 100.275%; height: 1449px;\" width=\"643\">\n<tbody>\n<tr style=\"height: 59px;\">\n<td style=\"text-align: center; background-color: #abc474; height: 59px;\" colspan=\"4\" width=\"643\"><span style=\"color: #000000;\"><strong>ACTIVIDADES A REGISTRAR EN EL SICS, 2020<\/strong><\/span><\/td>\n<\/tr>\n<tr style=\"height: 59px;\">\n<td style=\"text-align: center; background-color: #abc474; height: 59px;\" width=\"32\"><span style=\"color: #000000;\"><strong>N\u00b0<\/strong><\/span><\/td>\n<td style=\"text-align: center; background-color: #abc474; height: 59px;\" width=\"236\"><span style=\"color: #000000;\"><strong>Descripci\u00f3n<\/strong><\/span><\/td>\n<td style=\"text-align: center; background-color: #abc474; height: 59px;\" width=\"94\"><span style=\"color: #000000;\"><strong>Responsable<\/strong><\/span><\/td>\n<td style=\"text-align: center; background-color: #abc474; height: 59px;\" width=\"279\"><span style=\"color: #000000;\"><strong>Periodo<\/strong><\/span><\/td>\n<\/tr>\n<tr style=\"height: 107px;\">\n<td style=\"text-align: center; height: 107px;\" width=\"32\">1<\/td>\n<td style=\"text-align: center; height: 107px;\" width=\"236\">Capturar el <strong>PATCS.<\/strong><\/td>\n<td style=\"text-align: center; height: 107px;\" width=\"94\">Instancia Normativa<\/td>\n<td style=\"text-align: center; height: 107px;\" width=\"279\">Dentro de los diez d\u00edas h\u00e1biles a partir de la recepci\u00f3n de oficio de validaci\u00f3n y de la habilitaci\u00f3n del <strong>SICS<\/strong> por parte de la <strong>UORCS<\/strong> para la <strong>IN<\/strong> y <strong>SES<\/strong>.<\/td>\n<\/tr>\n<tr style=\"height: 107px;\">\n<td style=\"text-align: center; background-color: #cad4c1; height: 107px;\" width=\"32\">2<\/td>\n<td style=\"text-align: center; background-color: #cad4c1; height: 107px;\" width=\"236\">Capturar la <strong>Gu\u00eda Operativa.<\/strong><\/td>\n<td style=\"text-align: center; background-color: #cad4c1; height: 107px;\" width=\"94\">Instancia Normativa<\/td>\n<td style=\"text-align: center; background-color: #cad4c1; height: 107px;\" width=\"279\">Dentro de los diez d\u00edas h\u00e1biles a partir de la recepci\u00f3n de oficio de validaci\u00f3n y de la habilitaci\u00f3n del <strong>SICS<\/strong> por parte de la <strong>UORCS<\/strong> para la <strong>IN<\/strong> y <strong>SES<\/strong>.<\/td>\n<\/tr>\n<tr style=\"height: 107px;\">\n<td style=\"text-align: center; height: 107px;\" width=\"32\">3<\/td>\n<td style=\"text-align: center; height: 107px;\" width=\"236\">Capturar el <strong>Esquema Operativo.<\/strong><\/td>\n<td style=\"text-align: center; height: 107px;\" width=\"94\">Instancia Normativa<\/td>\n<td style=\"text-align: center; height: 107px;\" width=\"279\">Dentro de los diez d\u00edas h\u00e1biles a partir de la recepci\u00f3n de oficio de validaci\u00f3n y de la habilitaci\u00f3n del <strong>SICS<\/strong> por parte de la <strong>UORCS<\/strong> para la <strong>IN<\/strong> y <strong>SES<\/strong>.<\/td>\n<\/tr>\n<tr style=\"height: 107px;\">\n<td style=\"text-align: center; height: 107px;\" width=\"32\">4<\/td>\n<td style=\"text-align: center; height: 107px;\" width=\"236\">Capturar la distribuci\u00f3n de los formatos y dise\u00f1os de los materiales de difusi\u00f3n entregados a los <strong>SES<\/strong> a trav\u00e9s de las Representaciones Federales.<\/td>\n<td style=\"text-align: center; height: 107px;\" width=\"94\">Instancia Normativa<\/td>\n<td style=\"text-align: center; height: 107px;\" width=\"279\">Dentro de los diez d\u00edas h\u00e1biles a partir de la recepci\u00f3n de oficio de validaci\u00f3n y de la habilitaci\u00f3n del <strong>SICS<\/strong> por parte de la <strong>UORCS<\/strong> para la <strong>IN<\/strong> y <strong>SES<\/strong>.<\/td>\n<\/tr>\n<tr style=\"height: 83px;\">\n<td style=\"text-align: center; background-color: #cad4c1; height: 83px;\" width=\"32\">5<\/td>\n<td style=\"text-align: center; background-color: #cad4c1; height: 83px;\" width=\"236\">Capturar la distribuci\u00f3n de los materiales de capacitaci\u00f3n realizada.<\/td>\n<td style=\"text-align: center; background-color: #cad4c1; height: 83px;\" width=\"94\">Instancia Normativa<\/td>\n<td style=\"text-align: center; background-color: #cad4c1; height: 83px;\" width=\"279\">Al final de cada trimestre a partir de la habilitaci\u00f3n del <strong>SICS<\/strong> por parte de la <strong>UORCS<\/strong> para la <strong>IN<\/strong> y <strong>SES<\/strong>.<\/td>\n<\/tr>\n<tr style=\"height: 83px;\">\n<td style=\"text-align: center; background-color: #cad4c1; height: 83px;\" width=\"32\">6<\/td>\n<td style=\"text-align: center; background-color: #cad4c1; height: 83px;\" width=\"236\">Capturar el <strong>PETCS.<\/strong><\/td>\n<td style=\"text-align: center; background-color: #cad4c1; height: 83px;\" width=\"94\">Ejecutora Estatal (SES\/RF)<\/td>\n<td style=\"text-align: center; background-color: #cad4c1; height: 83px;\" width=\"279\">Junio-Julio* y de la habilitaci\u00f3n del <strong>SICS<\/strong> por parte de la <strong>UORCS<\/strong> para la <strong>IN<\/strong> y <strong>SES<\/strong>.<\/td>\n<\/tr>\n<tr style=\"height: 83px;\">\n<td style=\"text-align: center; height: 83px;\" width=\"32\">7<\/td>\n<td style=\"text-align: center; height: 83px;\" width=\"236\">Capturar las acciones de promoci\u00f3n de Contralor\u00eda Social.<\/td>\n<td style=\"text-align: center; height: 83px;\" width=\"94\">Ejecutora Estatal (SES\/RF)<\/td>\n<td style=\"text-align: center; height: 83px;\" width=\"279\">Junio-Diciembre* y de la habilitaci\u00f3n del <strong>SICS<\/strong> por parte de la <strong>UORCS<\/strong> para la <strong>IN<\/strong> y <strong>SES<\/strong>.<\/td>\n<\/tr>\n<tr style=\"height: 83px;\">\n<td style=\"text-align: center; background-color: #cad4c1; height: 83px;\" width=\"32\">8<\/td>\n<td style=\"text-align: center; background-color: #cad4c1; height: 83px;\" width=\"236\">Registrar la informaci\u00f3n de los <strong>Apoyos<\/strong> (<strong>CLUES<\/strong>) en ejecuci\u00f3n con presupuesto federal autorizado.<\/td>\n<td style=\"text-align: center; background-color: #cad4c1; height: 83px;\" width=\"94\">Ejecutora Estatal (SES\/RF)<\/td>\n<td style=\"text-align: center; background-color: #cad4c1; height: 83px;\" width=\"279\">Junio-Diciembre* y de la habilitaci\u00f3n del <strong>SICS<\/strong> por parte de la <strong>UORCS<\/strong> para la <strong>IN<\/strong> y <strong>SES<\/strong>.<\/td>\n<\/tr>\n<tr style=\"height: 107px;\">\n<td style=\"text-align: center; height: 107px;\" width=\"32\">9<\/td>\n<td style=\"text-align: center; height: 107px;\" width=\"236\">Capturar los Comit\u00e9s de Contralor\u00eda Social constituidos.<\/td>\n<td style=\"text-align: center; height: 107px;\" width=\"94\">Ejecutora Estatal (SES\/RF)<\/td>\n<td style=\"text-align: center; height: 107px;\" width=\"279\">En un plazo no mayor a diez d\u00edas h\u00e1biles posteriores a la fecha de su constituci\u00f3n y de la habilitaci\u00f3n del <strong>SICS<\/strong> por parte de la <strong>UORCS<\/strong> para la <strong>IN<\/strong> y <strong>SES<\/strong>.<\/td>\n<\/tr>\n<tr style=\"height: 83px;\">\n<td style=\"text-align: center; background-color: #cad4c1; height: 83px;\" width=\"32\">10<\/td>\n<td style=\"text-align: center; background-color: #cad4c1; height: 83px;\" width=\"236\">Generar las constancias de registro del <strong>SICS<\/strong> y entregarlas a los Comit\u00e9 de Contralor\u00eda Social.<\/td>\n<td style=\"text-align: center; background-color: #cad4c1; height: 83px;\" width=\"94\">Ejecutora Estatal (SES\/RF)<\/td>\n<td style=\"text-align: center; background-color: #cad4c1; height: 83px;\" width=\"279\">En un plazo m\u00e1ximo de 30 d\u00edas h\u00e1biles, contados a partir de la fecha expedici\u00f3n de la constancia.<\/td>\n<\/tr>\n<tr style=\"height: 107px;\">\n<td style=\"text-align: center; height: 107px;\" width=\"32\">11<\/td>\n<td style=\"text-align: center; height: 107px;\" width=\"236\">Capturar reuniones con los beneficiarios y\/o integrantes de Comit\u00e9s.<\/td>\n<td style=\"text-align: center; height: 107px;\" width=\"94\">Ejecutora Estatal (SES\/RF)<\/td>\n<td style=\"text-align: center; height: 107px;\" width=\"279\">Dentro de los 15 d\u00edas h\u00e1biles siguientes a su celebraci\u00f3n y de la habilitaci\u00f3n del <strong>SICS<\/strong> por parte de la <strong>UORCS<\/strong> para la <strong>IN<\/strong> y <strong>SES<\/strong>.<\/td>\n<\/tr>\n<tr style=\"height: 107px;\">\n<td style=\"text-align: center; background-color: #cad4c1; height: 107px;\" width=\"32\">12<\/td>\n<td style=\"text-align: center; background-color: #cad4c1; height: 107px;\" width=\"236\">Captura de las actividades de capacitaci\u00f3n.<\/td>\n<td style=\"text-align: center; background-color: #cad4c1; height: 107px;\" width=\"94\">Ejecutora Estatal (SES\/RF)<\/td>\n<td style=\"text-align: center; background-color: #cad4c1; height: 107px;\" width=\"279\">Dentro de los 20 d\u00edas h\u00e1biles posteriores a su ejecuci\u00f3n y de la habilitaci\u00f3n del <strong>SICS<\/strong> por parte de la <strong>UORCS<\/strong> para la <strong>IN<\/strong> y <strong>SES<\/strong>.<\/td>\n<\/tr>\n<tr style=\"height: 83px;\">\n<td style=\"text-align: center; background-color: #cad4c1; height: 83px;\" width=\"32\">13<\/td>\n<td style=\"text-align: center; background-color: #cad4c1; height: 83px;\" width=\"236\">Capturar los Informe de los Comit\u00e9s de Contralor\u00eda Social <strong>(Anexo-2).<\/strong><\/td>\n<td style=\"text-align: center; background-color: #cad4c1; height: 83px;\" width=\"94\">Ejecutora Estatal (SES\/RF)<\/td>\n<td style=\"text-align: center; background-color: #cad4c1; height: 83px;\" width=\"279\">Octubre-Noviembre<\/td>\n<\/tr>\n<tr style=\"height: 84px;\">\n<td style=\"text-align: center; background-color: #cad4c1; height: 84px;\" width=\"32\">14<\/td>\n<td style=\"text-align: center; background-color: #cad4c1; height: 84px;\" width=\"236\">Capturar los Informes de Resultados de los Comit\u00e9s de Contralor\u00eda Social <strong>(Anexo-11).<\/strong><\/td>\n<td style=\"text-align: center; background-color: #cad4c1; height: 84px;\" width=\"94\">Ejecutora Estatal (SES\/RF)<\/td>\n<td style=\"text-align: center; background-color: #cad4c1; height: 84px;\" width=\"279\">Noviembre-Diciembre<\/td>\n<\/tr>\n<\/tbody>\n<\/table>\n<p><strong>* Nota: <\/strong>Los periodos de ejecuci\u00f3n de las actividades pueden variar en atenci\u00f3n a los procesos electorales que se celebren (tanto federales como locales), con el objeto de cumplir las restricciones normativas en materia electoral.<\/p>\n<p><strong>\u00a0<\/strong><\/p>\n<p style=\"padding-left: 40px;\">k. Los <strong>SES<\/strong> a trav\u00e9s de los Enlaces de Contralor\u00eda Social (funcionario p\u00fablico estatal inmediato superior del Coordinador del Programa FAM y el Coordinador del Programa FAM) implementan las acciones del plan de mejora, a partir de los <strong>Informes<\/strong> de Contralor\u00eda Social.<\/p>\n<p><strong>\u00a0<\/strong><\/p>\n<p>&nbsp;<\/p>\n<p><strong>Fuentes:<\/strong> Fortalecimiento a la Atenci\u00f3n M\u00e9dica Agosto de 2020<br \/>\n<strong>Elabor\u00f3:<\/strong>\u00a0Coordinaci\u00f3n de Fortalecimiento a la Atenci\u00f3n M\u00e9dica \u2013 SERVICIOS DE SALUD DE SINALOA.<\/p>\n","protected":false},"excerpt":{"rendered":"<p>&nbsp; Programa Estatal de Trabajo de Contralor\u00eda Social (PETCS) 2020 &nbsp; La presente Gu\u00eda Operativa de Contralor\u00eda Social del Programa Fortalecimiento a la Atenci\u00f3n M\u00e9dica S200 en el marco de los Comit\u00e9s Locales de Salud, se elabora en apego y cumplimiento al Acuerdo por el que se establecen los Lineamientos para la promoci\u00f3n, operaci\u00f3n y [&hellip;]<\/p>\n","protected":false},"author":1,"featured_media":0,"parent":0,"menu_order":0,"comment_status":"closed","ping_status":"closed","template":"templates\/full-width-page.php","meta":{"footnotes":""},"class_list":["post-10957","page","type-page","status-publish","hentry"],"_links":{"self":[{"href":"https:\/\/saludsinaloa.gob.mx\/index.php\/wp-json\/wp\/v2\/pages\/10957","targetHints":{"allow":["GET"]}}],"collection":[{"href":"https:\/\/saludsinaloa.gob.mx\/index.php\/wp-json\/wp\/v2\/pages"}],"about":[{"href":"https:\/\/saludsinaloa.gob.mx\/index.php\/wp-json\/wp\/v2\/types\/page"}],"author":[{"embeddable":true,"href":"https:\/\/saludsinaloa.gob.mx\/index.php\/wp-json\/wp\/v2\/users\/1"}],"replies":[{"embeddable":true,"href":"https:\/\/saludsinaloa.gob.mx\/index.php\/wp-json\/wp\/v2\/comments?post=10957"}],"version-history":[{"count":18,"href":"https:\/\/saludsinaloa.gob.mx\/index.php\/wp-json\/wp\/v2\/pages\/10957\/revisions"}],"predecessor-version":[{"id":11014,"href":"https:\/\/saludsinaloa.gob.mx\/index.php\/wp-json\/wp\/v2\/pages\/10957\/revisions\/11014"}],"wp:attachment":[{"href":"https:\/\/saludsinaloa.gob.mx\/index.php\/wp-json\/wp\/v2\/media?parent=10957"}],"curies":[{"name":"wp","href":"https:\/\/api.w.org\/{rel}","templated":true}]}}